{"id":3983,"date":"2021-04-30T17:58:38","date_gmt":"2021-04-30T15:58:38","guid":{"rendered":"https:\/\/www.dpsg-ulm.de\/wordpress\/?page_id=3983"},"modified":"2022-02-13T09:20:47","modified_gmt":"2022-02-13T08:20:47","slug":"offroad-rollstuhl-projekt-medien","status":"publish","type":"page","link":"https:\/\/www.dpsg-ulm.de\/wordpress\/offroad-rollstuhl-projekt-medien\/","title":{"rendered":"Offroad-Rollstuhl-Projekt &#8211; Medien"},"content":{"rendered":"<p>&nbsp;<\/p>\n<h2>Alles multimediale: Texte, Bilder und Videos<\/h2>\n<p>Zum Offfroad-Rollstuhl-Projekt gibt es bereits einige Ver\u00f6ffentlichungen; sowohl seitens des Projekteams, als auch im Spiegel anderer Medien.<\/p>\n<p>Wegen Rechtsgr\u00fcnden k\u00f6nnen wir einige Berichte hier leider nicht pr\u00e4sentieren. Sie k\u00f6nnen jedoch bei berechtigtem Bedarf einzeln angefragt werden.<\/p>\n<p><a href=\"#PMitteilungen\">Pressemitteilungen<\/a> &#8211; <a href=\"#PFotos\">Pressefotos\/videos<\/a> &#8211; <a href=\"#HBilder\">Hintergrundbilder\/Endcards<\/a> &#8211; <a href=\"#PSpiegel\"> Pressespiegel<\/a> &#8211; <a href=\"#VDoku\">Videodokumentation<\/a><\/p>\n<div class='w3eden'><!-- WPDM Link Template: Default Template -->\n\n<div class=\"link-template-default card mb-2\">\n    <div class=\"card-body\">\n        <div class=\"media\">\n            <div class=\"mr-3 img-48\"><img decoding=\"async\" class=\"wpdm_icon\" alt=\"Icon\"   src=\"https:\/\/www.dpsg-ulm.de\/wordpress\/wp-content\/plugins\/download-manager\/assets\/file-type-icons\/zip.svg\" \/><\/div>\n            <div class=\"media-body\">\n                <h3 class=\"package-title\"><a href='https:\/\/www.dpsg-ulm.de\/wordpress\/download\/pressepackage-zum-offroad-rollstuhl-projekt-24-juli-2021\/'>Pressepackage zum Offroad-Rollstuhl-Projekt (24. Juli 2021)<\/a><\/h3>\n                <div class=\"text-muted text-small\"><i class=\"fas fa-copy\"><\/i> 1 Datei(en) <i class=\"fas fa-hdd ml-3\"><\/i> 128 MB<\/div>\n            <\/div>\n            <div class=\"ml-3\">\n                <a class='wpdm-download-link download-on-click btn btn-primary ' rel='nofollow' href='#' data-downloadurl=\"https:\/\/www.dpsg-ulm.de\/wordpress\/download\/pressepackage-zum-offroad-rollstuhl-projekt-24-juli-2021\/?wpdmdl=4052&refresh=69f38b8f5c5261777568655\">Download<\/a>\n            <\/div>\n        <\/div>\n    <\/div>\n<\/div>\n\n<\/div>\n<p><strong><a id=\"PMitteilungen\"><\/a>Pressemitteilungen:<\/strong><br \/>\n<div class='w3eden'><!-- WPDM Link Template: Default Template -->\n\n<div class=\"link-template-default card mb-2\">\n    <div class=\"card-body\">\n        <div class=\"media\">\n            <div class=\"mr-3 img-48\"><img decoding=\"async\" class=\"wpdm_icon\" alt=\"Icon\"   src=\"https:\/\/www.dpsg-ulm.de\/wordpress\/wp-content\/plugins\/download-manager\/assets\/file-type-icons\/pdf.png\" \/><\/div>\n            <div class=\"media-body\">\n                <h3 class=\"package-title\"><a href='https:\/\/www.dpsg-ulm.de\/wordpress\/download\/pressemitteilung-stamm-saint-saint-exupery-baut-offroad-rollstuhl-vom-18-november-2020\/'>Pressemitteilung \"Stamm Saint-Exup\u00e9ry baut Offroad-Rollstuhl\" vom 18. November 2020<\/a><\/h3>\n                <div class=\"text-muted text-small\"><i class=\"fas fa-copy\"><\/i> 1 Datei(en) <i class=\"fas fa-hdd ml-3\"><\/i> 90 kB<\/div>\n            <\/div>\n            <div class=\"ml-3\">\n                <a class='wpdm-download-link download-on-click btn btn-primary ' rel='nofollow' href='#' data-downloadurl=\"https:\/\/www.dpsg-ulm.de\/wordpress\/download\/pressemitteilung-stamm-saint-saint-exupery-baut-offroad-rollstuhl-vom-18-november-2020\/?wpdmdl=3895&refresh=69f38b8f5f94f1777568655\">Download<\/a>\n            <\/div>\n        <\/div>\n    <\/div>\n<\/div>\n\n<\/div>\n<p style=\"text-align: right;\"><a href=\"#top\">zum Seitenanfang-<\/a><\/p>\n<p><strong><a id=\"PFotos\"><\/a>Pressefotos\/videos:<\/strong><\/p>\n<p>Bei Verwendung erbitten wir ein kostenloses Belegexemplar an presse-oeffentlichkeitsarbeit bei der Domain dpsg-ulm.de (Bitte &#8222;bei der Domain&#8220; durch @ ersetzen &#8211; dient der Spam-Abwehr)<\/p>\n<p>Bitte jeweilige Copyrighthinweise in den EXIF-Daten der Fotos beachten!<\/p>\n<div class='w3eden'><!-- WPDM Link Template: Default Template -->\n\n<div class=\"link-template-default card mb-2\">\n    <div class=\"card-body\">\n        <div class=\"media\">\n            <div class=\"mr-3 img-48\"><img decoding=\"async\" class=\"wpdm_icon\" alt=\"Icon\"   src=\"https:\/\/www.dpsg-ulm.de\/wordpress\/wp-content\/plugins\/download-manager\/assets\/file-type-icons\/jpeg.png\" \/><\/div>\n            <div class=\"media-body\">\n                <h3 class=\"package-title\"><a href='https:\/\/www.dpsg-ulm.de\/wordpress\/download\/pressefoto-zur-pressemitteilung-offroad-rollstuhl-vom-18-november-2020-christian-p-und-silas-g-links-mit-verkehrshueten-bei-verwendung-bitte-quellenangabe-aus-der-exif-spezifikation-entneh\/'>Pressefoto zur Pressemitteilung \"Offroad-Rollstuhl\" vom 18. November 2020 - Christian P. und Silas G. (links) mit Verkehrsh\u00fcten (bei Verwendung bitte Quellenangabe aus der Exif-Spezifikation entnehmen)<\/a><\/h3>\n                <div class=\"text-muted text-small\"><i class=\"fas fa-copy\"><\/i> 1 Datei(en) <i class=\"fas fa-hdd ml-3\"><\/i> 2,6 MB<\/div>\n            <\/div>\n            <div class=\"ml-3\">\n                <a class='wpdm-download-link download-on-click btn btn-primary ' rel='nofollow' href='#' data-downloadurl=\"https:\/\/www.dpsg-ulm.de\/wordpress\/download\/pressefoto-zur-pressemitteilung-offroad-rollstuhl-vom-18-november-2020-christian-p-und-silas-g-links-mit-verkehrshueten-bei-verwendung-bitte-quellenangabe-aus-der-exif-spezifikation-entneh\/?wpdmdl=3888&refresh=69f38b8f620c01777568655\">Download<\/a>\n            <\/div>\n        <\/div>\n    <\/div>\n<\/div>\n\n<\/div>\n<div class='w3eden'><!-- WPDM Link Template: Default Template -->\n\n<div class=\"link-template-default card mb-2\">\n    <div class=\"card-body\">\n        <div class=\"media\">\n            <div class=\"mr-3 img-48\"><img decoding=\"async\" class=\"wpdm_icon\" alt=\"Icon\"   src=\"https:\/\/www.dpsg-ulm.de\/wordpress\/wp-content\/plugins\/download-manager\/assets\/file-type-icons\/jpeg.png\" \/><\/div>\n            <div class=\"media-body\">\n                <h3 class=\"package-title\"><a href='https:\/\/www.dpsg-ulm.de\/wordpress\/download\/pressefoto-zur-pressemitteilung-offroad-rollstuhl-vom-18-november-2020-christian-p-und-silas-g-links-vor-aufgang-des-fort-albeck-bei-verwendung-bitte-quellenangabe-aus-der-exif-spezifikati\/'>Pressefoto zur Pressemitteilung \"Offroad-Rollstuhl\" vom 18. November 2020 - Christian P. und Silas G. (links) vor Aufgang des Fort Albeck (bei Verwendung bitte Quellenangabe aus der Exif-Spezifikation entnehmen)<\/a><\/h3>\n                <div class=\"text-muted text-small\"><i class=\"fas fa-copy\"><\/i> 1 Datei(en) <i class=\"fas fa-hdd ml-3\"><\/i> 3,2 MB<\/div>\n            <\/div>\n            <div class=\"ml-3\">\n                <a class='wpdm-download-link download-on-click btn btn-primary ' rel='nofollow' href='#' data-downloadurl=\"https:\/\/www.dpsg-ulm.de\/wordpress\/download\/pressefoto-zur-pressemitteilung-offroad-rollstuhl-vom-18-november-2020-christian-p-und-silas-g-links-vor-aufgang-des-fort-albeck-bei-verwendung-bitte-quellenangabe-aus-der-exif-spezifikati\/?wpdmdl=3890&refresh=69f38b8f647751777568655\">Download<\/a>\n            <\/div>\n        <\/div>\n    <\/div>\n<\/div>\n\n<\/div>\n<div class='w3eden'><!-- WPDM Link Template: Default Template -->\n\n<div class=\"link-template-default card mb-2\">\n    <div class=\"card-body\">\n        <div class=\"media\">\n            <div class=\"mr-3 img-48\"><img decoding=\"async\" class=\"wpdm_icon\" alt=\"Icon\"   src=\"https:\/\/www.dpsg-ulm.de\/wordpress\/wp-content\/plugins\/download-manager\/assets\/file-type-icons\/jpeg.png\" \/><\/div>\n            <div class=\"media-body\">\n                <h3 class=\"package-title\"><a href='https:\/\/www.dpsg-ulm.de\/wordpress\/download\/pressefoto-zur-pressemitteilung-offroad-rollstuhl-vom-18-november-2020-offroad-stuhl-im-hof-des-fort-albeck-bei-verwendung-bitte-quellenangabe-aus-der-exif-spezifikation-entnehmen\/'>Pressefoto zur Pressemitteilung \"Offroad-Rollstuhl\" vom 18. November 2020 - Offroad-Stuhl im Hof des Fort Albeck (bei Verwendung bitte Quellenangabe aus der Exif-Spezifikation entnehmen)<\/a><\/h3>\n                <div class=\"text-muted text-small\"><i class=\"fas fa-copy\"><\/i> 1 Datei(en) <i class=\"fas fa-hdd ml-3\"><\/i> 8, 3 MB<\/div>\n            <\/div>\n            <div class=\"ml-3\">\n                <a class='wpdm-download-link download-on-click btn btn-primary ' rel='nofollow' href='#' data-downloadurl=\"https:\/\/www.dpsg-ulm.de\/wordpress\/download\/pressefoto-zur-pressemitteilung-offroad-rollstuhl-vom-18-november-2020-offroad-stuhl-im-hof-des-fort-albeck-bei-verwendung-bitte-quellenangabe-aus-der-exif-spezifikation-entnehmen\/?wpdmdl=3962&refresh=69f38b8f66e911777568655\">Download<\/a>\n            <\/div>\n        <\/div>\n    <\/div>\n<\/div>\n\n<\/div>\n<div class='w3eden'><!-- WPDM Link Template: Default Template -->\n\n<div class=\"link-template-default card mb-2\">\n    <div class=\"card-body\">\n        <div class=\"media\">\n            <div class=\"mr-3 img-48\"><img decoding=\"async\" class=\"wpdm_icon\" alt=\"Icon\"   src=\"https:\/\/www.dpsg-ulm.de\/wordpress\/wp-content\/plugins\/download-manager\/assets\/file-type-icons\/mp4.png\" \/><\/div>\n            <div class=\"media-body\">\n                <h3 class=\"package-title\"><a href='https:\/\/www.dpsg-ulm.de\/wordpress\/download\/drohnenaufnahmen-offroad-rollstuhl-projekt\/'>Drohnenaufnahmen Offroad-Rollstuhl-Projekt (zur freien Verf\u00fcgung in Berichten)<\/a><\/h3>\n                <div class=\"text-muted text-small\"><i class=\"fas fa-copy\"><\/i> 1 Datei(en) <i class=\"fas fa-hdd ml-3\"><\/i> 114 MB<\/div>\n            <\/div>\n            <div class=\"ml-3\">\n                <a class='wpdm-download-link download-on-click btn btn-primary ' rel='nofollow' href='#' data-downloadurl=\"https:\/\/www.dpsg-ulm.de\/wordpress\/download\/drohnenaufnahmen-offroad-rollstuhl-projekt\/?wpdmdl=4056&refresh=69f38b8f6947a1777568655\">Download<\/a>\n            <\/div>\n        <\/div>\n    <\/div>\n<\/div>\n\n<\/div>\n<p style=\"text-align: right;\"><a href=\"#top\">zum Seitenanfang-<\/a><\/p>\n<p><strong><a id=\"HBilder\"><\/a>Hintergrundbilder\/Endcards<\/strong><br \/>\n<div class='w3eden'><!-- WPDM Link Template: Default Template -->\n\n<div class=\"link-template-default card mb-2\">\n    <div class=\"card-body\">\n        <div class=\"media\">\n            <div class=\"mr-3 img-48\"><img decoding=\"async\" class=\"wpdm_icon\" alt=\"Icon\"   src=\"https:\/\/www.dpsg-ulm.de\/wordpress\/wp-content\/plugins\/download-manager\/assets\/file-type-icons\/jpeg.png\" \/><\/div>\n            <div class=\"media-body\">\n                <h3 class=\"package-title\"><a href='https:\/\/www.dpsg-ulm.de\/wordpress\/download\/hintergrundbild-zum-offroad-rollstuhl-projekt-kobold-mitte-kobold-gezeichnet-von-teresa-diehm\/'>Hintergrundbild zum Offroad-Rollstuhl-Projekt (Kobold mitte), Kobold gezeichnet von Teresa Diehm<\/a><\/h3>\n                <div class=\"text-muted text-small\"><i class=\"fas fa-copy\"><\/i> 1 Datei(en) <i class=\"fas fa-hdd ml-3\"><\/i> 11 MB<\/div>\n            <\/div>\n            <div class=\"ml-3\">\n                <a class='wpdm-download-link download-on-click btn btn-primary ' rel='nofollow' href='#' data-downloadurl=\"https:\/\/www.dpsg-ulm.de\/wordpress\/download\/hintergrundbild-zum-offroad-rollstuhl-projekt-kobold-mitte-kobold-gezeichnet-von-teresa-diehm\/?wpdmdl=4126&refresh=69f38b8f6b4841777568655\">Download<\/a>\n            <\/div>\n        <\/div>\n    <\/div>\n<\/div>\n\n<\/div>\n<div class='w3eden'><!-- WPDM Link Template: Default Template -->\n\n<div class=\"link-template-default card mb-2\">\n    <div class=\"card-body\">\n        <div class=\"media\">\n            <div class=\"mr-3 img-48\"><img decoding=\"async\" class=\"wpdm_icon\" alt=\"Icon\"   src=\"https:\/\/www.dpsg-ulm.de\/wordpress\/wp-content\/plugins\/download-manager\/assets\/file-type-icons\/jpeg.png\" \/><\/div>\n            <div class=\"media-body\">\n                <h3 class=\"package-title\"><a href='https:\/\/www.dpsg-ulm.de\/wordpress\/download\/hintergrundbild-zum-offroad-rollstuhl-projekt-kobold-links-dpsg-logo-rechts-kobold-gezeichnet-von-teresa-diehm\/'>Hintergrundbild zum Offroad-Rollstuhl-Projekt (Kobold links, DPSG-Logo rechts), Kobold gezeichnet von Teresa Diehm<\/a><\/h3>\n                <div class=\"text-muted text-small\"><i class=\"fas fa-copy\"><\/i> 1 Datei(en) <i class=\"fas fa-hdd ml-3\"><\/i> 11 MB<\/div>\n            <\/div>\n            <div class=\"ml-3\">\n                <a class='wpdm-download-link download-on-click btn btn-primary ' rel='nofollow' href='#' data-downloadurl=\"https:\/\/www.dpsg-ulm.de\/wordpress\/download\/hintergrundbild-zum-offroad-rollstuhl-projekt-kobold-links-dpsg-logo-rechts-kobold-gezeichnet-von-teresa-diehm\/?wpdmdl=4125&refresh=69f38b8f6d42c1777568655\">Download<\/a>\n            <\/div>\n        <\/div>\n    <\/div>\n<\/div>\n\n<\/div>\n<div class='w3eden'><!-- WPDM Link Template: Default Template -->\n\n<div class=\"link-template-default card mb-2\">\n    <div class=\"card-body\">\n        <div class=\"media\">\n            <div class=\"mr-3 img-48\"><img decoding=\"async\" class=\"wpdm_icon\" alt=\"Icon\"   src=\"https:\/\/www.dpsg-ulm.de\/wordpress\/wp-content\/plugins\/download-manager\/assets\/file-type-icons\/jpeg.png\" \/><\/div>\n            <div class=\"media-body\">\n                <h3 class=\"package-title\"><a href='https:\/\/www.dpsg-ulm.de\/wordpress\/download\/hintergrundbild-zum-offroad-rollstuhl-projekt-schriftverlauf-mit-dpsg-logo\/'>Hintergrundbild zum Offroad-Rollstuhl-Projekt (Schriftverlauf mit DPSG-Logo)<\/a><\/h3>\n                <div class=\"text-muted text-small\"><i class=\"fas fa-copy\"><\/i> 1 Datei(en) <i class=\"fas fa-hdd ml-3\"><\/i> 11 MB<\/div>\n            <\/div>\n            <div class=\"ml-3\">\n                <a class='wpdm-download-link download-on-click btn btn-primary ' rel='nofollow' href='#' data-downloadurl=\"https:\/\/www.dpsg-ulm.de\/wordpress\/download\/hintergrundbild-zum-offroad-rollstuhl-projekt-schriftverlauf-mit-dpsg-logo\/?wpdmdl=4124&refresh=69f38b8f6f3431777568655\">Download<\/a>\n            <\/div>\n        <\/div>\n    <\/div>\n<\/div>\n\n<\/div>\n<div class='w3eden'><!-- WPDM Link Template: Default Template -->\n\n<div class=\"link-template-default card mb-2\">\n    <div class=\"card-body\">\n        <div class=\"media\">\n            <div class=\"mr-3 img-48\"><img decoding=\"async\" class=\"wpdm_icon\" alt=\"Icon\"   src=\"https:\/\/www.dpsg-ulm.de\/wordpress\/wp-content\/plugins\/download-manager\/assets\/file-type-icons\/jpeg.png\" \/><\/div>\n            <div class=\"media-body\">\n                <h3 class=\"package-title\"><a href='https:\/\/www.dpsg-ulm.de\/wordpress\/download\/hintergrundbild-zum-offroad-rollstuhl-projekt-kobold-links-dpsg-logo-rechts-mit-qr-code-kobold-gezeichnet-von-teresa-diehm\/'>Hintergrundbild zum Offroad-Rollstuhl-Projekt (Kobold links, DPSG-Logo rechts, mit QR-Code), Kobold gezeichnet von Teresa Diehm<\/a><\/h3>\n                <div class=\"text-muted text-small\"><i class=\"fas fa-copy\"><\/i> 1 Datei(en) <i class=\"fas fa-hdd ml-3\"><\/i> 11 MB<\/div>\n            <\/div>\n            <div class=\"ml-3\">\n                <a class='wpdm-download-link download-on-click btn btn-primary ' rel='nofollow' href='#' data-downloadurl=\"https:\/\/www.dpsg-ulm.de\/wordpress\/download\/hintergrundbild-zum-offroad-rollstuhl-projekt-kobold-links-dpsg-logo-rechts-mit-qr-code-kobold-gezeichnet-von-teresa-diehm\/?wpdmdl=4183&refresh=69f38b8f7126a1777568655\">Download<\/a>\n            <\/div>\n        <\/div>\n    <\/div>\n<\/div>\n\n<\/div>\n<div class='w3eden'><!-- WPDM Link Template: Default Template -->\n\n<div class=\"link-template-default card mb-2\">\n    <div class=\"card-body\">\n        <div class=\"media\">\n            <div class=\"mr-3 img-48\"><img decoding=\"async\" class=\"wpdm_icon\" alt=\"Icon\"   src=\"https:\/\/www.dpsg-ulm.de\/wordpress\/wp-content\/plugins\/download-manager\/assets\/file-type-icons\/jpeg.png\" \/><\/div>\n            <div class=\"media-body\">\n                <h3 class=\"package-title\"><a href='https:\/\/www.dpsg-ulm.de\/wordpress\/download\/hintergrundbild-zum-offroad-rollstuhl-projekt-kobold-links-dpsg-logo-rechts-mit-qr-code-und-schriftzug-unten-zur-homepageadresse-kobold-gezeichnet-von-teresa-diehm\/'>Hintergrundbild zum Offroad-Rollstuhl-Projekt (Kobold links, DPSG-Logo rechts, mit QR-Code und Schriftzug unten zur Homepageadresse), Kobold gezeichnet von Teresa Diehm<\/a><\/h3>\n                <div class=\"text-muted text-small\"><i class=\"fas fa-copy\"><\/i> 1 Datei(en) <i class=\"fas fa-hdd ml-3\"><\/i> 11 MB<\/div>\n            <\/div>\n            <div class=\"ml-3\">\n                <a class='wpdm-download-link download-on-click btn btn-primary ' rel='nofollow' href='#' data-downloadurl=\"https:\/\/www.dpsg-ulm.de\/wordpress\/download\/hintergrundbild-zum-offroad-rollstuhl-projekt-kobold-links-dpsg-logo-rechts-mit-qr-code-und-schriftzug-unten-zur-homepageadresse-kobold-gezeichnet-von-teresa-diehm\/?wpdmdl=4184&refresh=69f38b8f72f4d1777568655\">Download<\/a>\n            <\/div>\n        <\/div>\n    <\/div>\n<\/div>\n\n<\/div>\n<div class='w3eden'><!-- WPDM Link Template: Default Template -->\n\n<div class=\"link-template-default card mb-2\">\n    <div class=\"card-body\">\n        <div class=\"media\">\n            <div class=\"mr-3 img-48\"><img decoding=\"async\" class=\"wpdm_icon\" alt=\"Icon\"   src=\"https:\/\/www.dpsg-ulm.de\/wordpress\/wp-content\/plugins\/download-manager\/assets\/file-type-icons\/zip.svg\" \/><\/div>\n            <div class=\"media-body\">\n                <h3 class=\"package-title\"><a href='https:\/\/www.dpsg-ulm.de\/wordpress\/download\/hintergrundbilder-package-alle-hintergrundbilder-des-projekts-gesammelt\/'>Hintergrundbilder-Package (alle Hintergrundbilder des Projekts gesammelt und Kompositionsdatei)<\/a><\/h3>\n                <div class=\"text-muted text-small\"><i class=\"fas fa-copy\"><\/i> 1 Datei(en) <i class=\"fas fa-hdd ml-3\"><\/i> 82 MB<\/div>\n            <\/div>\n            <div class=\"ml-3\">\n                <a class='wpdm-download-link download-on-click btn btn-primary ' rel='nofollow' href='#' data-downloadurl=\"https:\/\/www.dpsg-ulm.de\/wordpress\/download\/hintergrundbilder-package-alle-hintergrundbilder-des-projekts-gesammelt\/?wpdmdl=4128&refresh=69f38b8f74bba1777568655\">Download<\/a>\n            <\/div>\n        <\/div>\n    <\/div>\n<\/div>\n\n<\/div>\n<div class='w3eden'><!-- WPDM Link Template: Default Template -->\n\n<div class=\"link-template-default card mb-2\">\n    <div class=\"card-body\">\n        <div class=\"media\">\n            <div class=\"mr-3 img-48\"><img decoding=\"async\" class=\"wpdm_icon\" alt=\"Icon\"   src=\"https:\/\/www.dpsg-ulm.de\/wordpress\/wp-content\/plugins\/download-manager\/assets\/file-type-icons\/png.svg\" \/><\/div>\n            <div class=\"media-body\">\n                <h3 class=\"package-title\"><a href='https:\/\/www.dpsg-ulm.de\/wordpress\/download\/rollikobold-mit-plakat-koboldzeichnungteresa-diehm-modifikation-christian-pubanz\/'>Rollikobold mit Plakat (Koboldzeichnung:Teresa Diehm, Modifikation: Christian Pubanz)<\/a><\/h3>\n                <div class=\"text-muted text-small\"><i class=\"fas fa-copy\"><\/i> 1 Datei(en) <i class=\"fas fa-hdd ml-3\"><\/i> 10 MB<\/div>\n            <\/div>\n            <div class=\"ml-3\">\n                <a class='wpdm-download-link download-on-click btn btn-primary ' rel='nofollow' href='#' data-downloadurl=\"https:\/\/www.dpsg-ulm.de\/wordpress\/download\/rollikobold-mit-plakat-koboldzeichnungteresa-diehm-modifikation-christian-pubanz\/?wpdmdl=4133&refresh=69f38b8f769231777568655\">Download<\/a>\n            <\/div>\n        <\/div>\n    <\/div>\n<\/div>\n\n<\/div>\n<div class='w3eden'><!-- WPDM Link Template: Default Template -->\n\n<div class=\"link-template-default card mb-2\">\n    <div class=\"card-body\">\n        <div class=\"media\">\n            <div class=\"mr-3 img-48\"><img decoding=\"async\" class=\"wpdm_icon\" alt=\"Icon\"   src=\"https:\/\/www.dpsg-ulm.de\/wordpress\/wp-content\/plugins\/download-manager\/assets\/file-type-icons\/png.png\" \/><\/div>\n            <div class=\"media-body\">\n                <h3 class=\"package-title\"><a href='https:\/\/www.dpsg-ulm.de\/wordpress\/download\/qr-code-zur-homepageadresse-http-rollstuhlprojekt-dpsg-ulm-de\/'>QR-Code zur Homepageadresse \"http:\/\/rollstuhlprojekt.dpsg-ulm.de\"<\/a><\/h3>\n                <div class=\"text-muted text-small\"><i class=\"fas fa-copy\"><\/i> 1 Datei(en) <i class=\"fas fa-hdd ml-3\"><\/i> 2 KB<\/div>\n            <\/div>\n            <div class=\"ml-3\">\n                <a class='wpdm-download-link download-on-click btn btn-primary ' rel='nofollow' href='#' data-downloadurl=\"https:\/\/www.dpsg-ulm.de\/wordpress\/download\/qr-code-zur-homepageadresse-http-rollstuhlprojekt-dpsg-ulm-de\/?wpdmdl=4186&refresh=69f38b8f78f511777568655\">Download<\/a>\n            <\/div>\n        <\/div>\n    <\/div>\n<\/div>\n\n<\/div>\n<p style=\"text-align: right;\"><a href=\"#top\">zum Seitenanfang-<\/a><\/p>\n<p>&nbsp;<\/p>\n<p><strong><a id=\"PSpiegel\"><\/a>Pressespiegel:<\/strong><\/p>\n<p>Die hier angebotenen Dateien unterliegen dem geistigen Eigentums des\/der jeweiligen Autors\/Autoren. Eine unbefugte Vervielf\u00e4ltigung sowie eine Ver\u00e4nderung ist ohne schriftliche Genehmigung des genannten Urhebers unzul\u00e4ssig.<\/p>\n<div class='w3eden'><!-- WPDM Link Template: Default Template -->\n\n<div class=\"link-template-default card mb-2\">\n    <div class=\"card-body\">\n        <div class=\"media\">\n            <div class=\"mr-3 img-48\"><img decoding=\"async\" class=\"wpdm_icon\" alt=\"Icon\"   src=\"https:\/\/www.dpsg-ulm.de\/wordpress\/wp-content\/plugins\/download-manager\/assets\/file-type-icons\/pdf.png\" \/><\/div>\n            <div class=\"media-body\">\n                <h3 class=\"package-title\"><a href='https:\/\/www.dpsg-ulm.de\/wordpress\/download\/artikel-zum-offroad-rollstuhl-projekt-aus-gemeinde-im-bild-gib-advent-2021-seite-17-18\/'>Artikel zum Offroad-Rollstuhl-Projekt aus \"Gemeinde im Bild\" (GiB), Advent 2021, Seite 17\/18<\/a><\/h3>\n                <div class=\"text-muted text-small\"><i class=\"fas fa-copy\"><\/i> 1 Datei(en) <i class=\"fas fa-hdd ml-3\"><\/i> 922 KB<\/div>\n            <\/div>\n            <div class=\"ml-3\">\n                <a class='wpdm-download-link download-on-click btn btn-primary ' rel='nofollow' href='#' data-downloadurl=\"https:\/\/www.dpsg-ulm.de\/wordpress\/download\/artikel-zum-offroad-rollstuhl-projekt-aus-gemeinde-im-bild-gib-advent-2021-seite-17-18\/?wpdmdl=4141&refresh=69f38b8f7b0cf1777568655\">Download<\/a>\n            <\/div>\n        <\/div>\n    <\/div>\n<\/div>\n\n<\/div>\n<ul style=\"list-style-type: disc;\">\n<li>Bericht von <a href=\"https:\/\/www.regio-tv.de\/regio-tv-schwaben\/\" target=\"_blank\" rel=\"noopener\">REGIO-TV Schwaben<\/a> in der Sendung &#8222;Journal&#8220; vom 02. August 2021, von Anne Jethon<br \/>\n<a href=\"https:\/\/www.regio-tv.de\/mediathek\/video\/gelebte-inklusion-pfadfinder-bauen-offroad-rollstuhl-fuer-mitglied\/\" target=\"_blank\" rel=\"noopener\">https:\/\/www.regio-tv.de\/mediathek\/video\/gelebte-inklusion-pfadfinder-bauen-offroad-rollstuhl-fuer-mitglied\/<\/a><\/li>\n<li>Beitrag in der Sendung &#8222;<a href=\"http:\/\/www.swr3.de\" target=\"_blank\" rel=\"noopener\">SWR 3<\/a>&#8211; Gedanken&#8220; vom 23. Mai 2021, von Benjamin Rei\u00df, katholische Kirche, Quelle:<a href=\"https:\/\/www.kirche-im-swr.de\/?page=beitraege&amp;id=33195\" target=\"_blank\" rel=\"noopener\">www.kirche-im-swr.de<\/a><\/li>\n<\/ul>\n<audio class=\"wp-audio-shortcode\" id=\"audio-3983-1\" preload=\"none\" style=\"width: 100%;\" controls=\"controls\"><source type=\"audio\/mpeg\" src=\"https:\/\/www.dpsg-ulm.de\/wordpress\/wp-content\/uploads\/2021\/07\/SWR3-Gedanken_ORR_23052021.mp3?_=1\" \/><a href=\"https:\/\/www.dpsg-ulm.de\/wordpress\/wp-content\/uploads\/2021\/07\/SWR3-Gedanken_ORR_23052021.mp3\">https:\/\/www.dpsg-ulm.de\/wordpress\/wp-content\/uploads\/2021\/07\/SWR3-Gedanken_ORR_23052021.mp3<\/a><\/audio>\n<p>&nbsp;<\/p>\n<div class='w3eden'><!-- WPDM Link Template: Default Template -->\n\n<div class=\"link-template-default card mb-2\">\n    <div class=\"card-body\">\n        <div class=\"media\">\n            <div class=\"mr-3 img-48\"><img decoding=\"async\" class=\"wpdm_icon\" alt=\"Icon\"   src=\"https:\/\/www.dpsg-ulm.de\/wordpress\/wp-content\/plugins\/download-manager\/assets\/file-type-icons\/pdf.png\" \/><\/div>\n            <div class=\"media-body\">\n                <h3 class=\"package-title\"><a href='https:\/\/www.dpsg-ulm.de\/wordpress\/download\/bericht-ueber-das-offroad-rollstuhl-projekt-aus-querfeldein-april-2021-seite-10-11\/'>Bericht \u00fcber das Offroad-Rollstuhl-Projekt aus \"Querfeldein\" (April 2021, Seite 10\/11)<\/a><\/h3>\n                <div class=\"text-muted text-small\"><i class=\"fas fa-copy\"><\/i> 1 Datei(en) <i class=\"fas fa-hdd ml-3\"><\/i> 2, 6 MB<\/div>\n            <\/div>\n            <div class=\"ml-3\">\n                <a class='wpdm-download-link download-on-click btn btn-primary ' rel='nofollow' href='#' data-downloadurl=\"https:\/\/www.dpsg-ulm.de\/wordpress\/download\/bericht-ueber-das-offroad-rollstuhl-projekt-aus-querfeldein-april-2021-seite-10-11\/?wpdmdl=4019&refresh=69f38b8f7db081777568655\">Download<\/a>\n            <\/div>\n        <\/div>\n    <\/div>\n<\/div>\n\n<\/div>\n<p style=\"text-align: right;\"><a href=\"#top\">zum Seitenanfang-<\/a><\/p>\n<p><strong><a id=\"VDoku\"><\/a>Videodokumentation:<\/strong><br \/>\n<iframe loading=\"lazy\" title=\"YouTube video player\" src=\"https:\/\/www.youtube.com\/embed\/videoseries?list=PLHcl4PvFamZO2boJ1UaUUT3SDOu5mQoel\" allowfullscreen=\"allowfullscreen\" width=\"560\" height=\"315\" frameborder=\"0\"><\/iframe><\/p>\n<p style=\"text-align: right;\"><a href=\"#top\">zum Seitenanfang-<\/a><\/p>\n","protected":false},"excerpt":{"rendered":"<p>&nbsp; Alles multimediale: Texte, Bilder und Videos Zum Offfroad-Rollstuhl-Projekt gibt es bereits einige Ver\u00f6ffentlichungen; sowohl seitens des Projekteams, als auch im Spiegel anderer Medien. Wegen Rechtsgr\u00fcnden k\u00f6nnen wir einige Berichte hier leider nicht pr\u00e4sentieren. Sie k\u00f6nnen jedoch bei berechtigtem Bedarf einzeln angefragt werden. Pressemitteilungen &#8211; Pressefotos\/videos &#8211; Hintergrundbilder\/Endcards &#8211; Pressespiegel &#8211; Videodokumentation Pressemitteilungen: zum Seitenanfang-&#8230;<\/p>\n","protected":false},"author":3,"featured_media":0,"parent":0,"menu_order":0,"comment_status":"closed","ping_status":"closed","template":"","meta":{"ngg_post_thumbnail":0,"footnotes":""},"class_list":["post-3983","page","type-page","status-publish","hentry"],"_links":{"self":[{"href":"https:\/\/www.dpsg-ulm.de\/wordpress\/wp-json\/wp\/v2\/pages\/3983","targetHints":{"allow":["GET"]}}],"collection":[{"href":"https:\/\/www.dpsg-ulm.de\/wordpress\/wp-json\/wp\/v2\/pages"}],"about":[{"href":"https:\/\/www.dpsg-ulm.de\/wordpress\/wp-json\/wp\/v2\/types\/page"}],"author":[{"embeddable":true,"href":"https:\/\/www.dpsg-ulm.de\/wordpress\/wp-json\/wp\/v2\/users\/3"}],"replies":[{"embeddable":true,"href":"https:\/\/www.dpsg-ulm.de\/wordpress\/wp-json\/wp\/v2\/comments?post=3983"}],"version-history":[{"count":24,"href":"https:\/\/www.dpsg-ulm.de\/wordpress\/wp-json\/wp\/v2\/pages\/3983\/revisions"}],"predecessor-version":[{"id":4187,"href":"https:\/\/www.dpsg-ulm.de\/wordpress\/wp-json\/wp\/v2\/pages\/3983\/revisions\/4187"}],"wp:attachment":[{"href":"https:\/\/www.dpsg-ulm.de\/wordpress\/wp-json\/wp\/v2\/media?parent=3983"}],"curies":[{"name":"wp","href":"https:\/\/api.w.org\/{rel}","templated":true}]}}