{"id":34,"date":"2013-06-26T09:00:43","date_gmt":"2013-06-26T07:00:43","guid":{"rendered":"http:\/\/www.dpsgulm.phibro.de\/wordpress\/?page_id=34"},"modified":"2025-04-21T23:49:06","modified_gmt":"2025-04-21T21:49:06","slug":"die-gruppen","status":"publish","type":"page","link":"https:\/\/www.dpsg-ulm.de\/wordpress\/die-gruppen\/","title":{"rendered":"Die Gruppen"},"content":{"rendered":"<ul>\n<li><strong><span style=\"color: #ff6600;\">W\u00f6lflinge<\/span><\/strong><br \/>\n<span style=\"color: #ff6600;\"><strong><img loading=\"lazy\" decoding=\"async\" class=\"alignright wp-image-3574 size-thumbnail\" src=\"https:\/\/www.dpsg-ulm.de\/wordpress\/wp-content\/uploads\/2019\/09\/W\u00d6LFI_Kopf_2019-150x150.jpg\" alt=\"\" width=\"150\" height=\"150\" srcset=\"https:\/\/www.dpsg-ulm.de\/wordpress\/wp-content\/uploads\/2019\/09\/W\u00d6LFI_Kopf_2019-150x150.jpg 150w, https:\/\/www.dpsg-ulm.de\/wordpress\/wp-content\/uploads\/2019\/09\/W\u00d6LFI_Kopf_2019-348x348.jpg 348w\" sizes=\"auto, (max-width: 150px) 100vw, 150px\" \/>M\u00e4dchen und Jungen von 6-9 Jahren <\/strong><\/span><br \/>\n<span style=\"color: #ff6600;\"><strong><strong><strong><strong><strong>Gruppenstunde: donnerstags 17:30-19.00 Uhr<\/strong><\/strong><\/strong><\/strong><\/strong><\/span>&nbsp;Bei den W\u00f6lflingen bestimmen Spiel und Spa\u00df das Gruppenleben. W\u00f6lflinge lieben es herumzutoben, zu spielen, sich zu verkleiden, kleine Lager zu machen,&#8230;<br \/>\n<strong>Gruppenleiter*In: Alf, Cedric, Philipp und Silvia<\/strong><\/li>\n<\/ul>\n<p><img loading=\"lazy\" decoding=\"async\" class=\"wp-image-3573 size-thumbnail alignleft\" src=\"https:\/\/www.dpsg-ulm.de\/wordpress\/wp-content\/uploads\/2019\/09\/Jungpfadfinder_Kobold_Logo_2018_td-150x150.png\" alt=\"\" width=\"150\" height=\"150\" srcset=\"https:\/\/www.dpsg-ulm.de\/wordpress\/wp-content\/uploads\/2019\/09\/Jungpfadfinder_Kobold_Logo_2018_td-150x150.png 150w, https:\/\/www.dpsg-ulm.de\/wordpress\/wp-content\/uploads\/2019\/09\/Jungpfadfinder_Kobold_Logo_2018_td-300x300.png 300w, https:\/\/www.dpsg-ulm.de\/wordpress\/wp-content\/uploads\/2019\/09\/Jungpfadfinder_Kobold_Logo_2018_td-768x768.png 768w, https:\/\/www.dpsg-ulm.de\/wordpress\/wp-content\/uploads\/2019\/09\/Jungpfadfinder_Kobold_Logo_2018_td-1024x1024.png 1024w, https:\/\/www.dpsg-ulm.de\/wordpress\/wp-content\/uploads\/2019\/09\/Jungpfadfinder_Kobold_Logo_2018_td-750x750.png 750w, https:\/\/www.dpsg-ulm.de\/wordpress\/wp-content\/uploads\/2019\/09\/Jungpfadfinder_Kobold_Logo_2018_td-348x348.png 348w\" sizes=\"auto, (max-width: 150px) 100vw, 150px\" \/><\/p>\n<ul>\n<li style=\"list-style-type: none;\">\n<ul>\n<li style=\"list-style-type: none;\">\n<ul>\n<li style=\"list-style-type: none;\">\n<ul>\n<li style=\"list-style-type: none;\">\n<ul>\n<li style=\"list-style-type: none;\">\n<ul>\n<li><span style=\"color: #0000ff;\"><strong>Jungpfadfinder<br \/>\nM\u00e4dchen und Jungen von 9-12 Jahren<\/strong><\/span><br \/>\n<span style=\"color: #0000ff;\"><strong><strong><strong>Gruppenstunde: dienstags 18.00-19.30 Uhr&nbsp;<\/strong><\/strong><\/strong><\/span>&nbsp;&nbsp;Ob auf gro\u00dfen Lagern, auf Fahrt am Wochenende oder in der Gruppenstunde: Jungpfadfinder (kurz &#8222;Jupfis&#8220;) lernen nach dem Grundsatz &#8222;Paddle your own canue&#8220;. Zusammenleben der Gruppe erfahren sie auch, was es hei\u00dft, Verantwortung f\u00fcr sich und andere zu \u00fcbernehmen.<br \/>\n<strong>Gruppenleiter*In: Luise und Dieter<br \/>\n<\/strong><\/li>\n<\/ul>\n<\/li>\n<\/ul>\n<\/li>\n<\/ul>\n<\/li>\n<\/ul>\n<\/li>\n<\/ul>\n<\/li>\n<li><span style=\"color: #008000;\"><strong>Pfadfinder<\/strong> <a style=\"color: #008000;\" href=\"http:\/\/www.dpsg-ulm.de\/wordpress\/wp-content\/uploads\/2018\/07\/Logo-Pfadis.jpg\"><img loading=\"lazy\" decoding=\"async\" class=\"alignright wp-image-2995 size-thumbnail\" src=\"http:\/\/www.dpsg-ulm.de\/wordpress\/wp-content\/uploads\/2018\/07\/Logo-Pfadis-150x150.jpg\" alt=\"\" width=\"150\" height=\"150\" srcset=\"https:\/\/www.dpsg-ulm.de\/wordpress\/wp-content\/uploads\/2018\/07\/Logo-Pfadis-150x150.jpg 150w, https:\/\/www.dpsg-ulm.de\/wordpress\/wp-content\/uploads\/2018\/07\/Logo-Pfadis-300x300.jpg 300w, https:\/\/www.dpsg-ulm.de\/wordpress\/wp-content\/uploads\/2018\/07\/Logo-Pfadis-768x768.jpg 768w, https:\/\/www.dpsg-ulm.de\/wordpress\/wp-content\/uploads\/2018\/07\/Logo-Pfadis-1024x1024.jpg 1024w, https:\/\/www.dpsg-ulm.de\/wordpress\/wp-content\/uploads\/2018\/07\/Logo-Pfadis-750x750.jpg 750w, https:\/\/www.dpsg-ulm.de\/wordpress\/wp-content\/uploads\/2018\/07\/Logo-Pfadis-348x348.jpg 348w\" sizes=\"auto, (max-width: 150px) 100vw, 150px\" \/><\/a><\/span><br \/>\n<span style=\"color: #008000;\"><strong>M\u00e4dchen und Jungen von 12-15 Jahren<\/strong><\/span><br \/>\n<span style=\"color: #008000;\"><strong>Gruppenstunde: momentan keine<\/strong><\/span>&nbsp;&#8222;Wagt es&#8220; hei\u00dft die Aufforderung an die Jugendlichen im Pfadfinderalter. In ihrem Trupp erfahren sie R\u00fcckhalt und werden zugleich herausgefordert, ihre Tr\u00e4ume und Ideen umzusetzen&#8230;<br \/>\nZur Zeit gibt es leider keinen aktive Pfaditrupp mehr im Stamm. Bei Interesse nehmt mit uns jedoch <a href=\"http:\/\/www.dpsg-ulm.de\/wordpress\/kontakt\/\">Kontakt<\/a> auf, vielleicht findet sich so eine neuen Pfaditrupp!<strong><strong><br \/>\n<\/strong><\/strong>&nbsp;<\/li>\n<li><strong><span style=\"color: #ff0000;\">Rover<\/span><\/strong><br \/>\n<strong><span style=\"color: #ff0000;\"><a style=\"color: #ff0000;\" href=\"http:\/\/www.dpsg-ulm.de\/wordpress\/wp-content\/uploads\/2018\/07\/logo-rover.gif\"><img loading=\"lazy\" decoding=\"async\" class=\"size-full wp-image-2996 alignleft\" src=\"http:\/\/www.dpsg-ulm.de\/wordpress\/wp-content\/uploads\/2018\/07\/logo-rover.gif\" alt=\"\" width=\"100\" height=\"20\"><\/a>Junge Erwachsene ab 18 Jahre<\/span><br \/>\n<span style=\"color: #ff0000;\">Gruppenstunde: momentan keine<\/span><br \/>\n<\/strong><br \/>\nRover&nbsp;sind unterwegs, unterwegs zu sich selbst, zu anderen und in der Welt. Mit ihrem K\u00f6nnen und ihrer&nbsp;Erfahrung aus der Pfadfinderstufe gestalten sie selbst. Zur Zeit gibt es leider keine aktive Roverrunde mehr im Stamm. Bei Interesse nehmt mit uns jedoch <a href=\"http:\/\/www.dpsg-ulm.de\/wordpress\/kontakt\/\">Kontakt<\/a> auf, vielleicht findet sich so eine neue Roverrunde!<\/li>\n<li><strong><span style=\"color: #808080;\">Leiter*in<\/span><\/strong><br \/>\n<strong><span style=\"color: #808080;\">Alle ab 18 Jahre<\/span><\/strong><br \/>\n<strong><span style=\"color: #808080;\">montags 14-t\u00e4gig 20.00 Uhr<\/span><br \/>\n<span style=\"color: #000000;\">Ansprechparter*In: Andreas, Simon (Stammesvorstand)<\/span><\/strong><\/li>\n<\/ul>\n<hr>\n<p style=\"padding-left: 30px;\">Alle Gruppenstunden finden im Fort Albeck statt.<\/p>\n<p style=\"padding-left: 30px;\">W\u00e4hrend der <a href=\"https:\/\/www.schulferien.org\/Baden-Wurttemb_\/baden-wurttemb_.html\" target=\"_blank\" rel=\"noopener noreferrer\"> Schulferien in Baden-W\u00fcrttemberg <\/a> entfallen die Gruppenstunden grunds\u00e4tzlich!<\/p>\n<p style=\"padding-left: 30px;\">Hast du Lust mitzumachen? Dann schau einfach mal vorbei!<br \/>\n<a title=\"Fort Albeck \u2013 Unser Heim\" href=\"http:\/\/www.dpsg-ulm.de\/wordpress\/?page_id=98\">So findet Ihr zu uns<br \/>\n<\/a>Schicke jedoch vorher eine e-Mail an die Gruppenleitungen, damit wir Bescheid wissen.<\/p>\n<p style=\"padding-left: 30px;\">W\u00f6lflinge: woelflinge bei der Domain dpsg-ulm punkt de (bitte &#8222;bei der Domain&#8220; durch @ sowie &#8222;punkt&#8220; durch .&nbsp; ersetzen, dient der Spam-Abwehr!)<\/p>\n<p style=\"padding-left: 30px;\">Jungpfadfinder: jupfis bei der Domain dpsg-ulm punkt de (bitte &#8222;bei der Domain&#8220; durch @ sowie &#8222;punkt&#8220; durch .&nbsp; ersetzen, dient der Spam-Abwehr!)<\/p>\n<p style=\"padding-left: 30px;\">Pfadfinder: pfadis bei der Domain dpsg-ulm punkt de (bitte &#8222;bei der Domain&#8220; durch @ sowie &#8222;punkt&#8220; durch .&nbsp; ersetzen, dient der Spam-Abwehr!)<\/p>\n<p style=\"padding-left: 30px;\">Leiterrunde: leiter bei der Domain dpsg-ulm punkt de (bitte &#8222;bei der Domain&#8220; durch @ sowie &#8222;punkt&#8220; durch .&nbsp; ersetzen, dient der Spam-Abwehr!)<\/p>\n<p style=\"padding-left: 30px;\">Oder willst du mit uns eine Gruppe leiten?<br \/>\nHier ein Impuls: <a href=\"http:\/\/leiten.dpsg.de\/\" target=\"_blank\" rel=\"noopener noreferrer\">leiten.dpsg.de<\/a><\/p>\n<p style=\"padding-left: 30px;\">Meld dich bei Interesse einfach uns! (&#8222;<a href=\"http:\/\/www.dpsg-ulm.de\/wordpress\/kontakt\/\">Kontakt<\/a>&#8222;)<\/p>\n","protected":false},"excerpt":{"rendered":"<p>W\u00f6lflinge M\u00e4dchen und Jungen von 6-9 Jahren Gruppenstunde: donnerstags 17:30-19.00 Uhr&nbsp;Bei den W\u00f6lflingen bestimmen Spiel und Spa\u00df das Gruppenleben. W\u00f6lflinge lieben es herumzutoben, zu spielen, sich zu verkleiden, kleine Lager zu machen,&#8230; Gruppenleiter*In: Alf, Cedric, Philipp und Silvia Jungpfadfinder M\u00e4dchen und Jungen von 9-12 Jahren Gruppenstunde: dienstags 18.00-19.30 Uhr&nbsp;&nbsp;&nbsp;Ob auf gro\u00dfen Lagern, auf Fahrt am&#8230;<\/p>\n","protected":false},"author":3,"featured_media":0,"parent":0,"menu_order":4,"comment_status":"closed","ping_status":"closed","template":"","meta":{"ngg_post_thumbnail":0,"footnotes":""},"class_list":["post-34","page","type-page","status-publish","hentry"],"_links":{"self":[{"href":"https:\/\/www.dpsg-ulm.de\/wordpress\/wp-json\/wp\/v2\/pages\/34","targetHints":{"allow":["GET"]}}],"collection":[{"href":"https:\/\/www.dpsg-ulm.de\/wordpress\/wp-json\/wp\/v2\/pages"}],"about":[{"href":"https:\/\/www.dpsg-ulm.de\/wordpress\/wp-json\/wp\/v2\/types\/page"}],"author":[{"embeddable":true,"href":"https:\/\/www.dpsg-ulm.de\/wordpress\/wp-json\/wp\/v2\/users\/3"}],"replies":[{"embeddable":true,"href":"https:\/\/www.dpsg-ulm.de\/wordpress\/wp-json\/wp\/v2\/comments?post=34"}],"version-history":[{"count":34,"href":"https:\/\/www.dpsg-ulm.de\/wordpress\/wp-json\/wp\/v2\/pages\/34\/revisions"}],"predecessor-version":[{"id":4709,"href":"https:\/\/www.dpsg-ulm.de\/wordpress\/wp-json\/wp\/v2\/pages\/34\/revisions\/4709"}],"wp:attachment":[{"href":"https:\/\/www.dpsg-ulm.de\/wordpress\/wp-json\/wp\/v2\/media?parent=34"}],"curies":[{"name":"wp","href":"https:\/\/api.w.org\/{rel}","templated":true}]}}