{"id":2664,"date":"2017-11-05T13:43:28","date_gmt":"2017-11-05T12:43:28","guid":{"rendered":"http:\/\/www.dpsg-ulm.de\/wordpress\/?page_id=2664"},"modified":"2025-04-21T23:03:16","modified_gmt":"2025-04-21T21:03:16","slug":"archiv","status":"publish","type":"page","link":"https:\/\/www.dpsg-ulm.de\/wordpress\/archiv\/","title":{"rendered":"Archiv"},"content":{"rendered":"\r\n<h2 class=\"wp-block-heading\"><a href=\"#2024\">2024 <\/a> &#8211; <a href=\"#2023\">2023<\/a> &#8211; <a href=\"#2022\">2022 <\/a> &#8211; <a href=\"#2021\">2021<\/a> &#8211; <a href=\"#2020\">2020 <\/a> &#8211; <a href=\"#2019\"> 2019<\/a> &#8211;<a href=\"#2018\"> 2018<\/a> &#8211; <a href=\"#2017\"> 2017<\/a> &#8211; <a href=\"#2016\">2016<\/a> &#8211; <a href=\"#2015\">2015<\/a> &#8211; <a href=\"#2014\">2014<\/a> &#8211;<a href=\"#2013\">2013<\/a><\/h2>\r\n<h2 id=\"2024\">Stammesvesammlung 2024<a class=\"ngg-fancybox\" title=\" \" href=\"https:\/\/www.dpsg-ulm.de\/wordpress\/wp-content\/gallery\/stammesversammlung-2024\/IMG_20241124_151356.jpg\" rel=\"\" data-image-id=\"649\" data-src=\"https:\/\/www.dpsg-ulm.de\/wordpress\/wp-content\/gallery\/stammesversammlung-2024\/IMG_20241124_151356.jpg\" data-thumbnail=\"https:\/\/www.dpsg-ulm.de\/wordpress\/wp-content\/gallery\/stammesversammlung-2024\/thumbs\/thumbs_IMG_20241124_151356.jpg\" data-title=\"IMG_20241124_151356\" data-description=\" \"><img loading=\"lazy\" decoding=\"async\" class=\"ngg-singlepic ngg-right alignright\" src=\"https:\/\/www.dpsg-ulm.de\/wordpress\/wp-content\/gallery\/stammesversammlung-2024\/IMG_20241124_151356.jpg\" alt=\"\" width=\"274\" height=\"206\"><\/a><\/h2>\r\n<p>Am Sonntag, dem 24. November 2024 fand unsere diesj\u00e4hrige Stammesversammlung statt. Neben der Entlastung unserer Vorst\u00e4nde sowie unserer Kasse wurde \u00fcber anstehende Projekte im kommenden Jahr sowie stattgefundene Aktionen und die vergangene Arbeit in den Gruppen berichtet.<\/p>\r\n<p>Fotos finden sich in der <a href=\"https:\/\/www.dpsg-ulm.de\/wordpress\/fotos-2024\/\">Galerie<\/a>.<\/p>\r\n<p>Text und Fotos: Christian<\/p>\r\n<h2><b>Besuch aus Tschechien<\/b><\/h2>\r\n<p class=\"western\" align=\"left\"><a class=\"ngg-fancybox\" title=\" \" href=\"https:\/\/www.dpsg-ulm.de\/wordpress\/wp-content\/gallery\/besuch-pfadfinder-aus-hradec-karlove-koeniggraetz-tschechien\/IMG_20241027_150604.jpg\" target=\"_blank\" rel=\"noopener\" data-image-id=\"631\" data-src=\"https:\/\/www.dpsg-ulm.de\/wordpress\/wp-content\/gallery\/besuch-pfadfinder-aus-hradec-karlove-koeniggraetz-tschechien\/IMG_20241027_150604.jpg\" data-thumbnail=\"https:\/\/www.dpsg-ulm.de\/wordpress\/wp-content\/gallery\/besuch-pfadfinder-aus-hradec-karlove-koeniggraetz-tschechien\/thumbs\/thumbs_IMG_20241027_150604.jpg\" data-title=\"IMG_20241027_150604\" data-description=\" \"><img loading=\"lazy\" decoding=\"async\" class=\"ngg-singlepic ngg-none alignleft\" src=\"https:\/\/www.dpsg-ulm.de\/wordpress\/wp-content\/gallery\/besuch-pfadfinder-aus-hradec-karlove-koeniggraetz-tschechien\/IMG_20241027_150604.jpg\" alt=\"\" width=\"286\" height=\"133\"><\/a>Bei den Pfadis von Saint Exup\u00e9ry gab es im Oktober Besuch aus Tschechien.<\/p>\r\n<p class=\"western\" align=\"left\">Unsere langj\u00e4hrigen Freunde aus Hradec Kr\u00e1lov\u00e9 (K\u00f6niggr\u00e4tz) kamen mit einer 18-k\u00f6pfigen Gruppe. Ein gemeinsames Stadtspiel, die Besteigung des M\u00fcnsters und eine F\u00fchrung durch die Wilhelmsburg standen auf dem Programm.<\/p>\r\n<p class=\"western\" align=\"left\">Die Begegnung von J\u00fcngeren und \u00c4lteren, von bekannten und neuen Gesichtern war ein voller Erfolg.<\/p>\r\n<p align=\"left\">In unserer <a href=\"https:\/\/www.dpsg-ulm.de\/wordpress\/fotos-2024\/\">Galerie<\/a> findet ihr noch mehr Fotos!<\/p>\r\n<p class=\"western\" align=\"left\">Text: Silvia<br>Foto: Simon<\/p>\r\n<p align=\"left\">&nbsp;<\/p>\r\n<h2 class=\"western\" align=\"left\">Sommerlager 2024<\/h2>\r\n<p class=\"western\" align=\"left\">Der Brief lag pl\u00f6tzlich auf dem Tisch. \u201eIch bin entf\u00fchrt worden, bitte sucht mich! Euer Obelix\u201c F\u00fcr die W\u00f6lflinge und Jungpfadfinder war damit klar, was sie in den kommenden Tagen des Sommerlagers erwartete.<\/p>\r\n<p class=\"western\" align=\"left\">In 3 Familien bereiteten die Kinder mit ihren 10 Leitern die Rettung von Obelix in und um den stammeseigenen Zeltplatz \u201eSpatzenweiher\u201c bei Burtenbach im Mindeltal vor. Mit Hilfe von Kartenschnipseln, die in unterschiedlichen Spielen erk\u00e4mpft wurden, konnte unser Freund aufgesp\u00fcrt und befreit werden.<\/p>\r\n<p class=\"western\" align=\"left\"><a class=\"ngg-fancybox\" title=\" \" href=\"https:\/\/www.dpsg-ulm.de\/wordpress\/wp-content\/gallery\/asterix-und-obelix-in-geheimer-mission-2024\/IMG_20240731_192303_072.jpg\" target=\"_blank\" rel=\"noopener\" data-image-id=\"620\" data-src=\"https:\/\/www.dpsg-ulm.de\/wordpress\/wp-content\/gallery\/asterix-und-obelix-in-geheimer-mission-2024\/IMG_20240731_192303_072.jpg\" data-thumbnail=\"https:\/\/www.dpsg-ulm.de\/wordpress\/wp-content\/gallery\/asterix-und-obelix-in-geheimer-mission-2024\/thumbs\/thumbs_IMG_20240731_192303_072.jpg\" data-title=\" \" data-description=\" \"><img loading=\"lazy\" decoding=\"async\" class=\"ngg-singlepic ngg-none alignright\" src=\"https:\/\/www.dpsg-ulm.de\/wordpress\/wp-content\/gallery\/asterix-und-obelix-in-geheimer-mission-2024\/IMG_20240731_192303_072.jpg\" alt=\" \" width=\"287\" height=\"215\"><\/a><\/p>\r\n<p class=\"western\" align=\"left\">Am vorletzten Lagertag stand unser Gottesdienst zum Thema \u201eWasser\u201c mit Versprechen der W\u00f6lflinge, Jungpfadfinder und Rover an. F\u00fcr 2 Rover, die Ulm aus beruflichen Gr\u00fcnden verlassen, war es jedoch leider das vorl\u00e4ufig letzte Sommerlager.<\/p>\r\n<p class=\"western\" align=\"left\">Am letzten Abend klang das aufregende Lager bei gegrillten W\u00fcrsten und Steaks, sowie einem leckeren Tschai aus \u2013 nat\u00fcrlich stilecht am Lagerfeuer!<\/p>\r\n<p class=\"western\" align=\"left\">Wir freuen uns bereits jetzt auf das Sommerlager im n\u00e4chsten Jahr!<\/p>\r\n<p align=\"left\">In unserer <a href=\"https:\/\/www.dpsg-ulm.de\/wordpress\/fotos-2024\/\">Galerie<\/a> findet ihr noch mehr Fotos!<\/p>\r\n<p class=\"western\" align=\"left\">Text und Foto: Christian<\/p>\r\n<p class=\"western\" align=\"left\">&nbsp;<\/p>\r\n<h2>Stammesversammlung am 24. November 2023<\/h2>\r\n<div style=\"width: 250px\" class=\"wp-caption alignleft\"><a class=\"ngg-fancybox\" title=\" \" href=\"https:\/\/www.dpsg-ulm.de\/wordpress\/wp-content\/gallery\/spatzenweiher\/Versammlung_Haende-Stimmkarten_CSchnaubelt.jpg\" target=\"_blank\" rel=\"noopener\" data-image-id=\"572\" data-src=\"https:\/\/www.dpsg-ulm.de\/wordpress\/wp-content\/gallery\/spatzenweiher\/Versammlung_Haende-Stimmkarten_CSchnaubelt.jpg\" data-thumbnail=\"https:\/\/www.dpsg-ulm.de\/wordpress\/wp-content\/gallery\/spatzenweiher\/thumbs\/thumbs_Versammlung_Haende-Stimmkarten_CSchnaubelt.jpg\" data-title=\" \" data-description=\" \"><img loading=\"lazy\" decoding=\"async\" class=\"ngg-singlepic ngg-right\" src=\"https:\/\/www.dpsg-ulm.de\/wordpress\/wp-content\/gallery\/spatzenweiher\/thumbs\/thumbs_Versammlung_Haende-Stimmkarten_CSchnaubelt.jpg\" alt=\" \" width=\"240\" height=\"160\"><\/a><p class=\"wp-caption-text\">Foto: Christian Schnaubelt | DPSG<\/p><\/div>\r\n<p>Die diesj\u00e4hrige Stammesversammlung finder am<\/p>\r\n<p><strong>Sonntag, dem 24. November 2023 um 15:00 Uhr im Fort Albeck <\/strong>statt.<br>Die offizielle Einladung mit vorl\u00e4ufiger Tagesordnung ist in unserer <a href=\"https:\/\/www.dpsg-ulm.de\/wordpress\/downloads\/\">Downloadecke<\/a> abrufbar.<\/p>\r\n<p>Wir freuen uns auf zahlreiches Erscheinen!<\/p>\r\n<h2>&nbsp;<\/h2>\r\n<h2>Mitgliederversammlung der Freunde und F\u00f6rderer am 10. November 2024<a href=\"https:\/\/www.dpsg-ulm.de\/wordpress\/wp-content\/uploads\/2013\/06\/ev_logo.jpg\" target=\"_blank\" rel=\"noopener\"><img loading=\"lazy\" decoding=\"async\" class=\"wp-image-83 alignright\" src=\"https:\/\/www.dpsg-ulm.de\/wordpress\/wp-content\/uploads\/2013\/06\/ev_logo.jpg\" alt=\"\" width=\"231\" height=\"140\"><\/a><\/h2>\r\n<p>Die diesj\u00e4hrige Mitgliederversammlung unseres F\u00f6rdervereins findet am<\/p>\r\n<p><strong>Sonntag, dem 10. November 2024 um 14:00 Uhr im Fort Albeck <\/strong>statt.<br>Die offizielle Einladung mit vorl\u00e4ufiger Tagesordnung ist in unserer <a href=\"https:\/\/www.dpsg-ulm.de\/wordpress\/downloads\/\">Downloadecke<\/a> abrufbar.<\/p>\r\n<p>Wir freuen uns auf zahlreiches Erscheinen!<\/p>\r\n<h2>Auf&#8230;zu neuen Pfadfinderabenteuern!<\/h2>\r\n<p>Die Sommerferien sind vorbei &#8211; und die Gruppenstunden laufen wieder an! Im kommenden Pfadfinderjahr (bei uns analog zum Schuljahr) warten einige Aktionen auf euch und uns &#8211; diese k\u00f6nnt ihr entweder unserem <a href=\"http:\/\/termine.dpsg-ulm.de\" target=\"_blank\" rel=\"noopener\">Scoutnet-Kalender<\/a> oder der praktischen Termin\u00fcbersicht in unserer <a href=\"https:\/\/www.dpsg-ulm.de\/wordpress\/downloads\/\">Download-Ecke<\/a> entnehmen.<\/p>\r\n<p>Eine Nachlese unseres diesj\u00e4hrigen Sommerlagers folgt noch. Soviel sei aber schon verraten: Obelix geht es gut!<\/p>\r\n<h2><a class=\"ngg-fancybox\" title=\" \" href=\"https:\/\/www.dpsg-ulm.de\/wordpress\/wp-content\/gallery\/spatzenweiher\/Aufnaeher_2024-01.jpg\" target=\"_blank\" rel=\"noopener\" data-image-id=\"616\" data-src=\"https:\/\/www.dpsg-ulm.de\/wordpress\/wp-content\/gallery\/spatzenweiher\/Aufnaeher_2024-01.jpg\" data-thumbnail=\"https:\/\/www.dpsg-ulm.de\/wordpress\/wp-content\/gallery\/spatzenweiher\/thumbs\/thumbs_Aufnaeher_2024-01.jpg\" data-title=\"Aufn\u00e4her_2024\" data-description=\" \"><img loading=\"lazy\" decoding=\"async\" class=\"ngg-singlepic ngg-none alignleft\" src=\"https:\/\/www.dpsg-ulm.de\/wordpress\/wp-content\/gallery\/spatzenweiher\/Aufnaeher_2024-01.jpg\" alt=\"\" width=\"195\" height=\"248\"><\/a>Sommerlager 2024 startet!<\/h2>\r\n<p>Asterix und Obelix haben sich nach Burtenbach verirrt und sich vor den R\u00f6mern am Spatzenweiher versteckt &#8211; ob das gut geht&#8230;?<\/p>\r\n<p>Behaltet auf jeden Fall unsere Social-Media Kan\u00e4le im Auge! Wir berichten!<\/p>\r\n<h2>Spielstra\u00dfe beim Abenteuerlandgottesdienst am 09. Juni 2024<\/h2>\r\n<p>Es ist wieder soweit! Am 09. Juni 2024 freuen wir uns auf euch mit spannenden und lustigen Spielen. Kommt also gerne<strong> ab 10:00 Uhr<\/strong> zur Spielstra\u00dfe am Gemeindehaus St. Georg (<a href=\"https:\/\/maps.app.goo.gl\/Z9VfDJNxAtZMjouo9\" target=\"_blank\" rel=\"noopener\">Beethovenstra\u00dfe 1, 89073 Ulm<\/a>).<\/p>\r\n<p>Das offizielle Plakat zur Aktion k\u00f6nnt ihr in unserer <a href=\"https:\/\/www.dpsg-ulm.de\/wordpress\/downloads\/\">Download-Ecke<\/a> herunterladen.<\/p>\r\n<div style=\"width: 188px\" class=\"wp-caption alignright\"><a class=\"ngg-fancybox\" title=\" \" href=\"https:\/\/www.dpsg-ulm.de\/wordpress\/wp-content\/gallery\/spatzenweiher\/20240413_105730.jpg\" target=\"_blank\" rel=\"noopener\" data-image-id=\"615\" data-src=\"https:\/\/www.dpsg-ulm.de\/wordpress\/wp-content\/gallery\/spatzenweiher\/20240413_105730.jpg\" data-thumbnail=\"https:\/\/www.dpsg-ulm.de\/wordpress\/wp-content\/gallery\/spatzenweiher\/thumbs\/thumbs_20240413_105730.jpg\" data-title=\"20240413_105730\" data-description=\" \"><img loading=\"lazy\" decoding=\"async\" class=\"ngg-singlepic ngg-none\" src=\"https:\/\/www.dpsg-ulm.de\/wordpress\/wp-content\/gallery\/spatzenweiher\/20240413_105730.jpg\" alt=\"\" width=\"178\" height=\"237\"><\/a><p class=\"wp-caption-text\">Foto: Andreas Schairer | DPSG Stamm Saint-Exup\u00e9ry Ulm<\/p><\/div>\r\n<p><b>Fr\u00fchlingserwachen 2024<br><\/b><\/p>\r\n<p>Dem Aufruf der beiden Vorst\u00e4nde Andy und Quiek folgend, trafen sich am Samstag, 13.04.2024, noch eine weitere Handvoll Leute um 8:30 Uhr im Fort, um danach am Spatzenweiher beim j\u00e4hrlichen Einsatz \u201eFr\u00fchlingserwachen\u201c &nbsp;unseren Zeltplatz f\u00fcr die neue Lagersaison vorzubereiten.<\/p>\r\n<p>Bei bestem Wetter, Sonnenschein pur, wurden die Wiesen der vier Zeltpl\u00e4tze gem\u00e4ht, ein Boot \u00fcber die &#8211; im letzten Jahr gebaute Rutsche &#8211; zu Wasser gebracht und die Badeinsel von den Steinplatten entlastet, die im Winter f\u00fcr die Schr\u00e4glage der Plattform sorgen, damit das Regenwasser ablaufen kann.<\/p>\r\n<p>Die urspr\u00fcnglich geplante Baumf\u00e4ll-Aktion unterhalb der Stromleitung wurde auf zwei umgest\u00fcrzte B\u00e4ume reduziert die, zu Brennholz klein ges\u00e4gt und gestapelt wurden. Die erforderlichen Sicherheitsma\u00dfnahmen und das technische Ger\u00e4t, das f\u00fcr diese speziellen F\u00e4llungen in einem Risikobereich erforderlich w\u00e4ren, haben wir nicht. Das hat die f\u00fcr den Weiher Verantwortlichen vom Stamm und F&amp;F e.V. dazu veranlasst, demn\u00e4chst einen professionellen Forstdienst mit dieser Aufgabe zu beauftragen.<\/p>\r\n<p>Am fr\u00fchen Nachmittag war der Einsatz am Weiher vorbei und Andy dankte allen, die dabei waren: Quiek mit Annika und Lars, Jojo, Luise, Benjamin, Alf und tommy. Und wir danken Andy, f\u00fcr seinen Einsatz als K\u00fcmmerer f\u00fcr das Fr\u00fchlingserwachen: Organisation, Einkauf und Grillen!<\/p>\r\n<p>Nun kann das n\u00e4chste Lager kommen, der Platz ist bereit! Mitte Mai sind schon die ersten G\u00e4ste da. &nbsp;<\/p>\r\n<p>Text: tommy<\/p>\r\n<div style=\"width: 186px\" class=\"wp-caption alignleft\"><a class=\"ngg-fancybox\" title=\" \" href=\"https:\/\/www.dpsg-ulm.de\/wordpress\/wp-content\/gallery\/osterfeuer-2024\/20240330_200513.jpg\" target=\"_blank\" rel=\"noopener\" data-image-id=\"614\" data-src=\"https:\/\/www.dpsg-ulm.de\/wordpress\/wp-content\/gallery\/osterfeuer-2024\/20240330_200513.jpg\" data-thumbnail=\"https:\/\/www.dpsg-ulm.de\/wordpress\/wp-content\/gallery\/osterfeuer-2024\/thumbs\/thumbs_20240330_200513.jpg\" data-title=\" \" data-description=\" \"><img loading=\"lazy\" decoding=\"async\" class=\"ngg-singlepic ngg-none\" src=\"https:\/\/www.dpsg-ulm.de\/wordpress\/wp-content\/gallery\/osterfeuer-2024\/20240330_200513.jpg\" alt=\" \" width=\"176\" height=\"234\"><\/a><p class=\"wp-caption-text\">Foto: Andreas Schairer | DPSG Stamm Saint-Exup\u00e9ry Ulm<\/p><\/div>\r\n<h2>Osterfeuer 2024<\/h2>\r\n<div dir=\"ltr\">Auch dieses Jahr haben wir wieder das Osterfeuer an der St.&nbsp;Georgskirche<\/div>\r\n<div dir=\"ltr\">entz\u00fcndet.<\/div>\r\n<div dir=\"ltr\">Bei sehr windigen Verh\u00e4ltnissen versammelte sich die Gemeinde vor&nbsp;<\/div>\r\n<div dir=\"ltr\">dem Gottesdienst um das Feuer und die Osterkerze wurde daran&nbsp;<\/div>\r\n<div dir=\"ltr\">entz\u00fcndet.<\/div>\r\n<div dir=\"ltr\">Vielen Dank an alle, die dabei waren!<\/div>\r\n<div dir=\"ltr\">&nbsp;<\/div>\r\n<div dir=\"ltr\">In der <a href=\"https:\/\/www.dpsg-ulm.de\/wordpress\/fotos-2024\/\">Galerie<\/a> finden sich Fotos von der Aktion!<\/div>\r\n<h2>Arbeitseinsatz am 13. April 2024<\/h2>\r\n<div style=\"width: 230px\" class=\"wp-caption alignright\"><a class=\"ngg-fancybox\" title=\" \" href=\"https:\/\/www.dpsg-ulm.de\/wordpress\/wp-content\/gallery\/spatzenweiher\/20240226_170901-min.jpg\" target=\"_blank\" rel=\"noopener\" data-image-id=\"612\" data-src=\"https:\/\/www.dpsg-ulm.de\/wordpress\/wp-content\/gallery\/spatzenweiher\/20240226_170901-min.jpg\" data-thumbnail=\"https:\/\/www.dpsg-ulm.de\/wordpress\/wp-content\/gallery\/spatzenweiher\/thumbs\/thumbs_20240226_170901-min.jpg\" data-title=\"20240226_170901-min\" data-description=\" \"><img loading=\"lazy\" decoding=\"async\" class=\"ngg-singlepic ngg-none\" src=\"https:\/\/www.dpsg-ulm.de\/wordpress\/wp-content\/gallery\/spatzenweiher\/20240226_170901-min.jpg\" alt=\"\" width=\"220\" height=\"294\"><\/a><p class=\"wp-caption-text\">Foto: Andreas Schairer | DPSG Stamm Saint-Exup\u00e9ry Ulm<\/p><\/div>\r\n<p>Hallo liebe Stammesmitglieder, Leiter und Freunde des Stammes.<\/p>\r\n<div>Aufgrund einer Auflage der Gemeinde Burtenbach m\u00fcssen wir am Weiher leider einige viele B\u00e4ume f\u00e4llen, die der Stromleitung zu nahe kommen \/ bei Fall auf die Stromleitung st\u00fcrzen k\u00f6nnten.<\/div>\r\n<div>Wir reden hier von den B\u00e4umen am S\u00fcd-Ost Ufer, am S\u00fcdufer auf dem Damm und am ehemaligen Leiterplatz&nbsp;am S\u00fcd-West Ufer.<\/div>\r\n<div>Viele B\u00e4ume sind leider bereits vom Biber angefressen worden oder durch den Borkenk\u00e4fer bereits tot und es w\u00e4re eine Frage der Zeit, bis diese umst\u00fcrzen w\u00fcrden.<\/div>\r\n<div>&nbsp;<\/div>\r\n<div>Daher eine ganz herzliche Einladung an euch alle, uns bei diesem Arbeitseinsatz zu helfen!<\/div>\r\n<div>Datum: 13.04.2024 um 8.30 Uhr. Von dort fahren wir an den Weiher.<\/div>\r\n<div>Den Tag w\u00fcrden wir mit einem gem\u00fctlichen Grillabend ausklingen lassen und f\u00fcr alle, die vielleicht einen Kamin daheim haben: Es gibt gratis Holz!!<\/div>\r\n<div>Vielleicht kennt ihr noch weitere Leute, die Holz brauchen und bei unserem Einsatz mithelfen k\u00f6nnen.Gerne auch Leute mit Kettens\u00e4genschein und eigener Kettens\u00e4ge, das w\u00fcrde uns viel helfen!<\/div>\r\n<div>Bitte gebt mir eine R\u00fcckmeldung mit einer Zu- oder Absage bis zum 31.03.2024.<\/div>\r\n<div>&nbsp;<\/div>\r\n<div>Viele Gr\u00fc\u00dfe,&nbsp;<\/div>\r\n<div>euer Stammesvorstand Quiek &amp; Andy<\/div>\r\n<div>&nbsp;<\/div>\r\n<div>R\u00fcckmeldungen bitte an: vorstand bei der Domain dpsg-ulm punkt de. (Bitte \u201ebei der Domain\u201c durch @ und \u201epunkt\u201c durch . ersetzen, dient der Spam-Abwehr!)<\/div>\r\n<div>&nbsp;<\/div>\r\n<div style=\"width: 289px\" class=\"wp-caption alignleft\"><a class=\"ngg-fancybox\" title=\" \" href=\"https:\/\/www.dpsg-ulm.de\/wordpress\/wp-content\/gallery\/rammadamma-reloaded-2024\/IMG_20240106_160554_resized_20240118_073658445.jpg\" target=\"_blank\" rel=\"noopener\" data-image-id=\"604\" data-src=\"https:\/\/www.dpsg-ulm.de\/wordpress\/wp-content\/gallery\/rammadamma-reloaded-2024\/IMG_20240106_160554_resized_20240118_073658445.jpg\" data-thumbnail=\"https:\/\/www.dpsg-ulm.de\/wordpress\/wp-content\/gallery\/rammadamma-reloaded-2024\/thumbs\/thumbs_IMG_20240106_160554_resized_20240118_073658445.jpg\" data-title=\"IMG_20240106_160554_resized_20240118_073658445\" data-description=\" \"><img loading=\"lazy\" decoding=\"async\" class=\"ngg-singlepic ngg-left\" src=\"https:\/\/www.dpsg-ulm.de\/wordpress\/wp-content\/gallery\/rammadamma-reloaded-2024\/IMG_20240106_160554_resized_20240118_073658445.jpg\" alt=\"\" width=\"279\" height=\"129\"><\/a><p class=\"wp-caption-text\">Foto: Simon Berlec | DPSG Stamm Saint-Exup\u00e9ry Ulm<\/p><\/div>\r\n<h2>STAMMES-JAHRES-AKTION \u201eRAMMADAMMA 2023 \u2013 RELOADED\u201c IST NUN BEENDET<\/h2>\r\n<p>Mit einem kr\u00e4ftigen Gewaltakt haben viele flei\u00dfige H\u00e4nde \u2013 dabei waren Stammesmitglieder aller Stufen &#8211; an den beiden ersten Samstagen des neuen Jahres die Aufr\u00e4um-. Ausr\u00e4um- und Ausmist-Aktion in unserem Pfadfinderheim im Reduit Fort Albeck erfolgreich zu Ende gef\u00fchrt.<\/p>\r\n<p>Die Aktion hat sich gelohnt, das Ergebnis kann sich sehen lassen. So wurde die K\u00fccheneinrichtung und der Sitzkreis in der Basis, alles durch Feuchtesch\u00e4den unbrauchbar geworden, komplett ausgebaut, zerlegt und entsorgt, ebenso die \u00fcber das Jahr von der Pfadfinderstufe und Leiterrunde ausgemusterten Zelte, die nicht mehr reparaturf\u00e4hig waren. Zwei Container \u2013 organisiert von Jojo \u2013 voll mit Sperrm\u00fcll sind angefallen und man kann sich nun wieder im Fort frei bewegen! Allen beteiligten Helferinnen und Helfern ein gro\u00dfes Lob und Dankesch\u00f6n f\u00fcr ihren Einsatz! &nbsp;Nun ist unser Pfadfinderheim wieder heimelig! Darauf d\u00fcrfen wir stolz sein. Es war eine gute Erfahrung, wieder einmal in gro\u00dfer Mannschaft etwas zu leisten, was auch schnell zu einem guten Ergebnis f\u00fchrte. Merke: viele H\u00e4nde \u2013 schnelles Ende! Und nun w\u00fcnsche ich uns viele neue, tolle Ideen, wie wir jetzt unsere R\u00e4ume im Fort (besonders die Basis) neu gestalten, wie wir sie weiterhin nutzen und vor allem, wie wir sie in Ordnung halten wollen! F\u00fcr die Leiterrunde, Euer tommy<\/p>\r\n<p>Von der Aktion gibt es in unserer <a href=\"https:\/\/www.dpsg-ulm.de\/wordpress\/fotos-2024\/\">Galerie<\/a> ein paar Fotos!<\/p>\r\n<p style=\"text-align: right;\"><a href=\"#top\">-zum Seitenanfang-<\/a><\/p>\r\n<h2 id=\"2023\">Frohe Weihnachten und ein gutes neues Jahr!<\/h2>\r\n<div style=\"width: 250px\" class=\"wp-caption alignright\"><a href=\"https:\/\/www.dpsg-ulm.de\/wordpress\/wp-content\/gallery\/spatzenweiher\/IMG_20231224_201915_675.jpg\" target=\"_blank\" rel=\"noopener\"><img loading=\"lazy\" decoding=\"async\" class=\"ngg-singlepic ngg-none\" src=\"https:\/\/www.dpsg-ulm.de\/wordpress\/wp-content\/gallery\/spatzenweiher\/thumbs\/thumbs_IMG_20231224_201915_675.jpg\" alt=\"\" width=\"240\" height=\"160\"><\/a><p class=\"wp-caption-text\">Foto: Christian Pubanz | DPSG Stamm Saint-Exup\u00e9ry Ulm<\/p><\/div>\r\n<p>Wir w\u00fcnschen euch allen ein frohes Weihnachten und f\u00fcr das neue Jahr nur das Beste! Danke f\u00fcr euren Einsatz in 2023 &#8211; ob beim Georgswochenende im April, beim Di\u00f6zesanlager &#8222;RoStw\u00e4rts&#8220; oder beim Friedenslicht! Jede*r von euch hat im letzten Jahr auf seine Art beigetragen, dass wir &#8222;die Welt ein wenig besser hinterlassen, als wir sie vorgefunden haben&#8220; &#8211; <strong>DANKE!<\/strong><\/p>\r\n<p>Bis im kommenden Jahr!<\/p>\r\n<p>F\u00fcr den Stamm, Christian (Presse\/\u00d6ffentlichkeitsarbeit und Administration dpsg-ulm.de)<\/p>\r\n<h2>Aussendung Friedenslicht 2023<\/h2>\r\n<p>In diesem Jahr k\u00f6nnen wir euch in Bild und Ton an der Aussendung des Friedenslichts teilhaben lassen:<\/p>\r\n<p><iframe loading=\"lazy\" title=\"YouTube video player\" src=\"https:\/\/www.youtube.com\/embed\/TasrpqItDEU?si=bmf5dCEZkcUqeizQ\" width=\"560\" height=\"315\" frameborder=\"0\" allowfullscreen=\"allowfullscreen\" data-mce-fragment=\"1\"><\/iframe><\/p>\r\n<p>Ein gro\u00dfes Dankesch\u00f6n geht an das <a href=\"http:\/\/wildwuchs.de\/\" target=\"_blank\" rel=\"noopener\">Ensemble Wildwuchs<\/a> f\u00fcr die freundliche Genehmigung ihrer wundersch\u00f6nen Weihnachtsmusik!<\/p>\r\n<h2>Neue Rubrik &#8222;Neues von&#8230;&#8220;<\/h2>\r\n<p>Unsere Homepage erf\u00e4hrt ja laufend neuen Inhalt, neue Funktionen, Texte, Fotos und Videos. Ab Sofort gibt es bei &#8222;Die Gruppen&#8220; die Rubrik &#8222;Neues von&#8230;&#8220; &#8211; dabei erhalten alle aktiven Stufen die M\u00f6glichkeit, eigene Inhalte einzubringen um aktuelle Projekte, Erlebnisse, Gedanken und Eindr\u00fccke auf ihrer jeweiligen eigenen Gruppenseite zu pr\u00e4sentieren. Die Jungpfadfinder machen den Anfang &#8211; schaut gerne vorbei und informiert euch, was gerade so in den Gruppenstunden &#8222;abgeht&#8220;!<\/p>\r\n<h2>Mitgliederversammlung der Freunde und F\u00f6rderer am 12. November 2022<\/h2>\r\n<p>Die diesj\u00e4hrige Mitgliederversammlung unseres F\u00f6rdervereins finder am<\/p>\r\n<p><strong>Sonntag, dem 12. November 2022 um 14:00 Uhr im Fort Albeck <\/strong>statt. <br>Die offizielle Einladung mit vorl\u00e4ufiger Tagesordnung ist in unserer <a href=\"https:\/\/www.dpsg-ulm.de\/wordpress\/downloads\/\">Downloadecke<\/a> abrufbar.<\/p>\r\n<p>Wir freuen uns auf zahlreiches Erscheinen!<\/p>\r\n<h2><a href=\"https:\/\/www.dpsg-ulm.de\/wordpress\/wp-content\/uploads\/2013\/06\/ev_logo.jpg\"><img loading=\"lazy\" decoding=\"async\" class=\"size-full wp-image-83 alignleft\" src=\"https:\/\/www.dpsg-ulm.de\/wordpress\/wp-content\/uploads\/2013\/06\/ev_logo.jpg\" alt=\"\" width=\"200\" height=\"121\"><\/a><\/h2>\r\n<h2>Stellungnahme des Vorstands der Freunde und F\u00f6rderer der DPSG Stamm Saint-Exup\u00e9ry Ulm zur Absage zu &#8222;25+1&#8220;<\/h2>\r\n<p>&nbsp;<\/p>\r\n<p>Liebe Mitglieder des F&amp;F e.V.,<\/p>\r\n<p>liebe Freundinnen und Freunde,<\/p>\r\n<p>leider war das Interesse an der Jubil\u00e4umsveranstaltung 25+1 Jahre F&amp;F e.V absolut gering \u2013 au\u00dfer einer Absage gab es \u00fcberhaupt keine R\u00fcckmeldungen. Somit hat Vorstand und Beirat beschlossen, alle f\u00fcr die Veranstaltung geplanten Programmpunkte am&nbsp;<strong>Samstag, 11.11.2023 und f\u00fcr Sonntag Vormittag, 12.11.2023, abzusagen<\/strong>.<\/p>\r\n<p>Die regul\u00e4re&nbsp;<strong>Mitgliederversammlung am Sonntag, 12.11.2023<\/strong>&nbsp;ab 14:00 Uhr im Fort Albeck&nbsp;<strong>findet jedoch satzungsgem\u00e4\u00df statt<\/strong>.<\/p>\r\n<p>Bitte an eine Zusage bzw. Absage denken und im letzteren Fall, falls m\u00f6glich, eine Stimmendelegation erteilen! Vielen Dank!<\/p>\r\n<p>Herzliche Gr\u00fc\u00dfe bis zum Wiedersehen, auch im Namen von Bruno, Uschi, Felix und Quiek<\/p>\r\n<p>und \u201eGut Pfad\u201c<\/p>\r\n<p>tommy<\/p>\r\n<h2>Stammesversammlung am 26. November 2023<\/h2>\r\n<div style=\"width: 250px\" class=\"wp-caption alignright\"><a class=\"ngg-fancybox\" title=\" \" href=\"https:\/\/www.dpsg-ulm.de\/wordpress\/wp-content\/gallery\/spatzenweiher\/Versammlung_Haende-Stimmkarten_CSchnaubelt.jpg\" target=\"_blank\" rel=\"noopener\" data-image-id=\"572\" data-src=\"https:\/\/www.dpsg-ulm.de\/wordpress\/wp-content\/gallery\/spatzenweiher\/Versammlung_Haende-Stimmkarten_CSchnaubelt.jpg\" data-thumbnail=\"https:\/\/www.dpsg-ulm.de\/wordpress\/wp-content\/gallery\/spatzenweiher\/thumbs\/thumbs_Versammlung_Haende-Stimmkarten_CSchnaubelt.jpg\" data-title=\" \" data-description=\" \"><img loading=\"lazy\" decoding=\"async\" class=\"ngg-singlepic ngg-right\" src=\"https:\/\/www.dpsg-ulm.de\/wordpress\/wp-content\/gallery\/spatzenweiher\/thumbs\/thumbs_Versammlung_Haende-Stimmkarten_CSchnaubelt.jpg\" alt=\" \" width=\"240\" height=\"160\"><\/a><p class=\"wp-caption-text\">Foto: Christian Schnaubelt | DPSG<\/p><\/div>\r\n<p>Die diesj\u00e4hrige Stammesversammlung finder am<\/p>\r\n<p><strong>Sonntag, dem 26. November 2023 um 15:00 Uhr im Fort Albeck <\/strong>statt. <br>Die offizielle Einladung mit vorl\u00e4ufiger Tagesordnung ist in unserer <a href=\"https:\/\/www.dpsg-ulm.de\/wordpress\/downloads\/\">Downloadecke<\/a> abrufbar.<\/p>\r\n<p>Wir freuen uns auf zahlreiches Erscheinen!<\/p>\r\n<h2>Scoutnet, die zweite!<\/h2>\r\n<p>Dieses Wochenende (22. Juli 2023) finden nochmalige Wartungsarbeiten an den Servern von Scoutnet statt. Das bedeutet, dass sowohl die Seite termine.dpsg-ulm.de, als auch die Terminanzeige auf der Homepage vor\u00fcbergehend nicht erreichbar sein werden!<br><br>Wir haben auf diese Arbeiten keinerlei Einfluss, bitten aber um Verst\u00e4ndnis!<\/p>\r\n<h2>Di\u00f6zesanlager 2023 &#8211; &#8222;Wir siedeln RoStw\u00e4rts!&#8220;<\/h2>\r\n<div style=\"width: 250px\" class=\"wp-caption alignleft\"><a class=\"ngg-fancybox\" title=\" \" href=\"https:\/\/rostwaerts.de\/\" target=\"_blank\" rel=\"noopener\" data-image-id=\"593\" data-src=\"https:\/\/www.dpsg-ulm.de\/wordpress\/wp-content\/gallery\/spatzenweiher\/DiLa-Logo_RoSt.png\" data-thumbnail=\"https:\/\/www.dpsg-ulm.de\/wordpress\/wp-content\/gallery\/spatzenweiher\/thumbs\/thumbs_DiLa-Logo_RoSt.png\" data-title=\"DiLa-Logo_RoSt\" data-description=\" \"><img loading=\"lazy\" decoding=\"async\" class=\"ngg-singlepic ngg-none\" src=\"https:\/\/www.dpsg-ulm.de\/wordpress\/wp-content\/gallery\/spatzenweiher\/thumbs\/thumbs_DiLa-Logo_RoSt.png\" alt=\"\" width=\"240\" height=\"160\"><\/a><p class=\"wp-caption-text\">Grafik: DPSG Di\u00f6zesanverband Rottenburg-Stuttgart<\/p><\/div>\r\n<p>Bald ist es soweit &#8211; wir begeben uns zu Ferienbeginn ins bayerische K\u00f6nigsdorf, um am Di\u00f6zesanlager Rottenburg-Stuttgart teilzunehmen. Wir sind bereits in Vorfreude und hoffen auf eine Menge Spa\u00df bei gutem Wetter!<\/p>\r\n<p>F\u00fcr alle Teilnehmer*Innen gibt es einen &#8222;Gep\u00e4ckabgabetermin&#8220; &#8211; n\u00e4mlich <strong>Sonntag, den 30. Juli 2023 um 17:00 Uhr<\/strong>. Da der Gep\u00e4cktransport gro\u00dfer Taschen, Rucks\u00e4cke etc. (<strong>kein Handgep\u00e4ck<\/strong>) zentral erfolgt, ist es erforderlich an <strong>diesem Zeitpunkt<\/strong> alle sperrigen Dinge im Fort Albeck abzugeben.<\/p>\r\n<p>In unserer <a href=\"https:\/\/www.dpsg-ulm.de\/wordpress\/downloads\/\">Downloadecke<\/a> gibt es weitere Informationen in einem Elternbrief, sowie eine Packliste.<\/p>\r\n<p>R\u00fcckfragen gerne an:<\/p>\r\n<p>leiter bei der Domain dpsg-ulm punkt de (bitte \u201ebei der Domain\u201c durch @ sowie \u201epunkt\u201c durch . ersetzen, dient der Spam-Abwehr!)<\/p>\r\n<h2>+++Wichtiger Adminhinweis+++<\/h2>\r\n<p><strong>+++UPDATE: 22. Mai 2023+++<\/strong><\/p>\r\n<p><strong>Das Kalendersystem einschlie\u00dflich Websiteeinbindung funktioniert wieder!<\/strong><\/p>\r\n<p>Wie ihr vielleicht schon gemerkt habt, ist unser &#8222;Scoutnet-Kalender&#8220; seit etwa gestern mittag &#8222;down&#8220;. Das liegt daran, dass im Rechenzentrum von Scounet in Erlangen umgebaut wird. Wir haben darauf also keinen Einfluss. Nach ersten Ausk\u00fcnften soll morgen (20. Mai 2023) alles wieder funktionieren.<\/p>\r\n<h2>Georgswochenende 2023<a class=\"ngg-fancybox\" title=\" \" href=\"https:\/\/www.dpsg-ulm.de\/wordpress\/wp-content\/gallery\/georgswochenende-2023\/PXL_20230423_093420632.MP_.jpg\" target=\"_blank\" rel=\"noopener\" data-image-id=\"589\" data-src=\"https:\/\/www.dpsg-ulm.de\/wordpress\/wp-content\/gallery\/georgswochenende-2023\/PXL_20230423_093420632.MP_.jpg\" data-thumbnail=\"https:\/\/www.dpsg-ulm.de\/wordpress\/wp-content\/gallery\/georgswochenende-2023\/thumbs\/thumbs_PXL_20230423_093420632.MP_.jpg\" data-title=\"PXL_20230423_093420632.MP_\" data-description=\" \"><img loading=\"lazy\" decoding=\"async\" class=\"ngg-singlepic ngg-none alignright\" src=\"https:\/\/www.dpsg-ulm.de\/wordpress\/wp-content\/gallery\/georgswochenende-2023\/thumbs\/thumbs_PXL_20230423_093420632.MP_.jpg\" alt=\"\" width=\"240\" height=\"160\"><\/a><\/h2>\r\n<p>&#8222;Wir machen aus dem Georgstag ein ganzes Wochenende!&#8220; &#8211; so dachten es sich die W\u00f6lflinge und quartierten sich kurzerhand im Fort Albeck ein. Gemeinsam wurde gekocht, gebastelt und gespielt. Die obligatorischen Zahnputzparties mit lauter Musik durften nat\u00fcrlich nicht fehlen. Am Freitagabend machten wir in der Dunkelheit eine Fackelwanderung. Samstag stand das gro\u00dfe Gel\u00e4ndespiel auf dem Programm, welches wir im \u00d6rlinger Tal durchf\u00fchrten. Hierzu kamen auch Jungpfadfinder und Pfadfinder. 23 Kinder und Jugendliche l\u00f6sten die Aufgaben der einzelnen Stationen und bewiesen dabei nicht nur ihr pfadfinderisches K\u00f6nnen. Abends grillten wir gemeinsam und lie\u00dfen den Abend gem\u00fctlich bei Chai und Liedern am Lagerfeuer ausklingen.<br>Am Sonntagmorgen besuchten wir den Gottesdienst und durften mit den F\u00fcrbitten selbst aktiv werden.<br>Insgesamt war es ein sehr sch\u00f6nes und gelungenes Wochenende! (Text und Foto: Silvia Heu | DPSG Stamm Saint-Exup\u00e9ry Ulm)<\/p>\r\n<p>Alle Fotos gibt es in unserer <a href=\"https:\/\/www.dpsg-ulm.de\/wordpress\/fotos-2023\/\">Bildergalerie!<\/a><\/p>\r\n<div style=\"width: 250px\" class=\"wp-caption alignleft\"><a class=\"ngg-fancybox\" title=\" \" href=\"https:\/\/www.dpsg-ulm.de\/wordpress\/wp-content\/gallery\/bauwochenende-spatzenweiher-26-29-mai-2022\/1019142.JPG\" target=\"_blank\" rel=\"noopener\" data-image-id=\"514\" data-src=\"https:\/\/www.dpsg-ulm.de\/wordpress\/wp-content\/gallery\/bauwochenende-spatzenweiher-26-29-mai-2022\/1019142.JPG\" data-thumbnail=\"https:\/\/www.dpsg-ulm.de\/wordpress\/wp-content\/gallery\/bauwochenende-spatzenweiher-26-29-mai-2022\/thumbs\/thumbs_1019142.JPG\" data-title=\"1019142\" data-description=\" \"><img loading=\"lazy\" decoding=\"async\" class=\"ngg-singlepic ngg-none\" src=\"https:\/\/www.dpsg-ulm.de\/wordpress\/wp-content\/gallery\/bauwochenende-spatzenweiher-26-29-mai-2022\/thumbs\/thumbs_1019142.JPG\" alt=\"\" width=\"240\" height=\"160\"><\/a><p class=\"wp-caption-text\">Foto: Silas Gr\u00fcnberg | DPSG Stamm Saint-Exup\u00e9ry Ulm<\/p><\/div>\r\n<h2>Anmeldung f\u00fcr das Baulager 18. &#8211; 21. Mai 2023<\/h2>\r\n<p>Die Anmeldung f\u00fcr Mitglieder des Stamms f\u00fcr unser Baulager findet sich ab sofort ebenfalls in unserer <a href=\"https:\/\/www.dpsg-ulm.de\/wordpress\/downloads\/\">Download-Ecke<\/a>.<\/p>\r\n<p><strong>+++Hinweis f\u00fcr Familien mit schulpflichtigen Kindern +++<\/strong><\/p>\r\n<p>Wie uns erst heute (Dienstag, 25. April 2023) bekannt wurde, ist am &#8222;Br\u00fcckentag&#8220; (19. Mai 2023) an allen Schulen in Ulm leider nicht unterrichtsfrei! Hierzu unterbreiten wir jedoch folgenden Vorschlag: <br><br>Das Lager beginnt am <strong>Donnerstag<\/strong>; Familien mit Schulkindern haben die M\u00f6glichkeit, <strong>zu unterbrechen<\/strong> oder <strong>erst am Freitag Nachmittag<\/strong> zu kommen. Bitte dies einfach auf der Anmeldung entsprechend <strong>ankreuzen<\/strong>. Wir werden dann im Gegenzug den Transport so organisieren, dass die Belastung f\u00fcr die Familien so gering wie m\u00f6glich sein wird.<\/p>\r\n<p><strong>ACHTUNG:<\/strong> Anmeldeschluss ist bereits der <strong>2. Mai 2023<\/strong>! Also &#8211; schnell herunterladen, ausf\u00fcllen, abschicken und dabei sein!<\/p>\r\n<h2>Baulager und Jubelfeier<\/h2>\r\n<p>Letztes Jahr waren es 25 Jahre, seit es den F&amp;F e.V. unseres Stammes gibt. Bedingt durch<br>die Corona-Pandemie konnte dieses Jubil\u00e4um \u2013 wie so vieles andere auch \u2013 leider nicht<br>geb\u00fchrend gefeiert werden. Dies wird jedoch an zwei Gelegenheiten als &#8222;25+1&#8220; nachgeholt:<\/p>\r\n<ul>\r\n<li>Am bereits geplanten Baulager des Stamms vom<strong> Donnerstag, 18. Mai 2023 bis Sonntag, 21. Mai 2023<\/strong> am <a href=\"https:\/\/www.dpsg-ulm.de\/wordpress\/spatzenweiher\/\">Spatzenweiher <\/a>bei Burtenbach<\/li>\r\n<li>Zum Vorabend der Mitgliederversammlung des F&amp;F am <strong>Samstag, 11. November 2023<\/strong> im Fort Albeck<\/li>\r\n<\/ul>\r\n<p>N\u00e4here Informationen zu beiden Terminen findet ihr in der Ausschreibung \u00fcber unsere <a href=\"https:\/\/www.dpsg-ulm.de\/wordpress\/downloads\/\">Download-Ecke.<\/a><\/p>\r\n<p><strong>ACHTUNG:<\/strong> Anmeldeschluss ist hier der <strong>30. April 2023<\/strong>! Wer mitfeiern m\u00f6chte, sollte mit der Anmeldung nicht zu lange warten!<\/p>\r\n<h2>Georgslauf<\/h2>\r\n<p>Dieses Jahr feiert unser Stamm wieder den Georgstag, zur Erinnerung an den Heiligen St. Georg, den Schutzpatron aller Pfadfinder. Es erwartet euch am Samstagnachmittag ein spannendes Gel\u00e4ndespiel mit anschlie\u00dfendem Grillen und Siegerehrung. Am Abend \u00fcbernachten wir im Fort Albeck und gehen am Sonntag nach dem Fr\u00fchst\u00fcck gemeinsam in den Gottesdienst (Georgskirche Ulm).<\/p>\r\n<p>F\u00fcr alle W\u00f6lflinge beginnt die Aktion bereits am Freitag, dem 21. April 2023.<\/p>\r\n<p>Mitbringen solltet ihr:<br>-Tagesrucksack, Trinkflasche, festes Schuhwerk und Regenbekleidung<br>-Kluft und Halstuch (wenn bereits vorhanden)<br>-Schlafsack, Isomatte oder Spannbettlaken und Waschbeutel<\/p>\r\n<p>R\u00fcckfragen an:<br>woelflinge bei der Domain dpsg-ulm punkt de (bitte \u201ebei der Domain\u201c durch @ sowie \u201epunkt\u201c durch . ersetzen, dient der Spam-Abwehr!)<\/p>\r\n<h2>Terminupdate<\/h2>\r\n<p>Nat\u00fcrlich waren in 2023 bereits einige Leiter*Innenrunden, bei denen der ein oder andere Termin bekannt gegeben wurde:<\/p>\r\n<div style=\"width: 235px\" class=\"wp-caption alignright\"><img loading=\"lazy\" decoding=\"async\" class=\"ngg-singlepic ngg-none\" src=\"https:\/\/www.dpsg-ulm.de\/wordpress\/wp-content\/gallery\/spatzenweiher\/Woelfi_Demo_Ankuendigung.png\" alt=\" \" width=\"225\" height=\"234\"><p class=\"wp-caption-text\">Illustration: Teresa Diehm<\/p><\/div>\r\n<p>Sicherlich der aktuellste betrifft die W\u00f6lflinge:<\/p>\r\n<p>Am <strong>Donnerstag, den 17. M\u00e4rz 2023 wird um 17:30 Uhr<\/strong> unser beschauliches Fort zur gro\u00dfen Manege umgebaut! Denn die orangene Stufe l\u00e4d alle Eltern und Stammesmitglieder zu Ihrer Zirkusvorstellung ein. Wer wei\u00df, ob es sogar das ein oder andere wilde Tier zu sehen gibt&#8230;? \ud83d\ude09<\/p>\r\n<p>Das diesj\u00e4hrige Osterfeuer wird &#8211; nach 3 Jahren pandemischer Reglementierung &#8211;&nbsp; fast wieder wie einst entz\u00fcndet. Auch hier \u00fcbernehmen die W\u00f6lflinge in guter Tradition die Entz\u00fcndung, die voraussichtlich am <strong>Samstag, dem 8. April 2023 ab ca. 19:30 Uhr<\/strong> stattfindet.<\/p>\r\n<p>Unser traditionelles Fr\u00fchlingserwachen am Spatzenweiher steigt direkt 7 Tage sp\u00e4ter, am <strong>15. April 2023<\/strong>. Wer uns seine helfenden H\u00e4nde (und flinken F\u00fc\u00dfe) leihen m\u00f6chte, kann gerne auch spontan zur Abfahrt am Fort Albeck um <strong>9:00 Uhr<\/strong> dazukommen!<\/p>\r\n<p>Im Rahmen unserer Stammes-Jahresaktion &#8222;<strong>RAMMADAMMA 23<\/strong>&#8220; findet ab Sofort zus\u00e4tzlich zu unserer &#8222;regul\u00e4ren&#8220; Leiter*Innenrunde <strong>im 14-t\u00e4gigen Wechsel<\/strong> ein &#8222;Aufr\u00e4umtreffen&#8220; statt, bei dem unsere Gruppenr\u00e4ume sukzessive vom Ger\u00fcmpel, Hinterlassenschaften; aber auch Erinnerungen und Verm\u00e4chtnissen der vergangenen Jahrzehnte befreit werden. \u00dcber den Scoutnet-Kalender seht ihr jeweils, was ansteht.<\/p>\r\n<p>Alle weiteren Termine finden sich auch in unserem <a href=\"http:\/\/termine.dpsg-ulm.de\" target=\"_blank\" rel=\"noopener\">Scoutnet-Kalender<\/a>. Schaut doch auchmal dort vorbei!<\/p>\r\n<h2>Neues Jahr &#8211; neue Abenteuer!<\/h2>\r\n<div style=\"width: 250px\" class=\"wp-caption alignleft\"><a class=\"ngg-fancybox\" title=\" \" href=\"https:\/\/www.dpsg-ulm.de\/wordpress\/wp-content\/gallery\/spatzenweiher\/IMG_20221229_073325_185.jpg\" target=\"_blank\" rel=\"noopener\" data-image-id=\"574\" data-src=\"https:\/\/www.dpsg-ulm.de\/wordpress\/wp-content\/gallery\/spatzenweiher\/IMG_20221229_073325_185.jpg\" data-thumbnail=\"https:\/\/www.dpsg-ulm.de\/wordpress\/wp-content\/gallery\/spatzenweiher\/thumbs\/thumbs_IMG_20221229_073325_185.jpg\" data-title=\"IMG_20221229_073325_185\" data-description=\" \"><img loading=\"lazy\" decoding=\"async\" class=\"ngg-singlepic ngg-none\" src=\"https:\/\/www.dpsg-ulm.de\/wordpress\/wp-content\/gallery\/spatzenweiher\/thumbs\/thumbs_IMG_20221229_073325_185.jpg\" alt=\"\" width=\"240\" height=\"160\"><\/a><p class=\"wp-caption-text\">Foto: Christian Pubanz | DPSG Stamm Saint-Exup\u00e9ry Ulm<\/p><\/div>\r\n<p>Nun ist das Jahr gar nicht mehr so neu, aber auf unserer Homepage hat sich dennoch schon einiges getan!<\/p>\r\n<p>Anfang 2023 begl\u00fcckte uns unser Provider GENEO mit einer gro\u00dfangelegten Umstellung seiner Serversysteme von PHP 7 auf die aktuelle Version 8. Damit unsere Dienste wie das <a href=\"http:\/\/www.dpsg-ulm.de\/beleg\/index.php?objekt=1\" target=\"_blank\" rel=\"noopener\">Buchungssysrem des Spatzenweihers<\/a> oder der <a href=\"http:\/\/termine.dpsg-ulm.de\" target=\"_blank\" rel=\"noopener\">Scoutnet-Kalender<\/a> auch weiterhin zur Verf\u00fcgung stehen k\u00f6nnen, mussten einige Anpassungen im Quellcode vorgenommen werden. Dies nahm etwas Zeit in Anspruch &#8211; denn wir sind auch leider nur &#8222;Programmieramateure&#8220;&#8230; \ud83d\ude42<\/p>\r\n<p>Nunmehr funktioniert aber alles wie und eh und je &#8211; und wir k\u00f6nnen uns endlich wieder inhaltlich unserer Seite widmen. Der Klassiker schlechthin: Alle Beitr\u00e4ge aus 2022 finden sich nun im <a href=\"https:\/\/www.dpsg-ulm.de\/wordpress\/archiv\/\">Archiv<\/a>. Ein Anfang ist also gemacht!<\/p>\r\n<p style=\"text-align: right;\"><a href=\"#top\">-zum Seitenanfang-<\/a><\/p>\r\n<h2 id=\"2022\">Frohe Weihnachten und ein gutes neues Jahr!<\/h2>\r\n<div style=\"width: 250px\" class=\"wp-caption alignright\"><a class=\"ngg-fancybox\" title=\" \" href=\"https:\/\/www.dpsg-ulm.de\/wordpress\/wp-content\/gallery\/spatzenweiher\/IMG_20221224_181804_117.jpg\" target=\"_blank\" rel=\"noopener\" data-image-id=\"573\" data-src=\"https:\/\/www.dpsg-ulm.de\/wordpress\/wp-content\/gallery\/spatzenweiher\/IMG_20221224_181804_117.jpg\" data-thumbnail=\"https:\/\/www.dpsg-ulm.de\/wordpress\/wp-content\/gallery\/spatzenweiher\/thumbs\/thumbs_IMG_20221224_181804_117.jpg\" data-title=\"IMG_20221224_181804_117\" data-description=\" \"><img loading=\"lazy\" decoding=\"async\" class=\"ngg-singlepic ngg-none\" src=\"https:\/\/www.dpsg-ulm.de\/wordpress\/wp-content\/gallery\/spatzenweiher\/thumbs\/thumbs_IMG_20221224_181804_117.jpg\" alt=\"\" width=\"240\" height=\"160\"><\/a><p class=\"wp-caption-text\">Foto: Christian Pubanz | DPSG Stamm Saint-Exup\u00e9ry Ulm<\/p><\/div>\r\n<p>Wir w\u00fcnschen allen Besucher*Innen unserer Homepage und Mitglieder unseres Stamms ein gesegnetes und sch\u00f6nes Weihnachtsfest. F\u00fcr das neue Jahr hoffen wir f\u00fcr euch nur das Beste und freuen uns auf viele sch\u00f6ne pfadfinderische Erlebnisse in 2023!<\/p>\r\n<p>&nbsp;<\/p>\r\n<p>&nbsp;<\/p>\r\n<div style=\"width: 250px\" class=\"wp-caption alignleft\"><a class=\"ngg-fancybox\" title=\" \" href=\"https:\/\/www.dpsg-ulm.de\/wordpress\/wp-content\/gallery\/stammesversammlung-2021\/IMG_20211120_161056.jpg\" target=\"_blank\" rel=\"noopener\" data-image-id=\"490\" data-src=\"https:\/\/www.dpsg-ulm.de\/wordpress\/wp-content\/gallery\/stammesversammlung-2021\/IMG_20211120_161056.jpg\" data-thumbnail=\"https:\/\/www.dpsg-ulm.de\/wordpress\/wp-content\/gallery\/stammesversammlung-2021\/thumbs\/thumbs_IMG_20211120_161056.jpg\" data-title=\"IMG_20211120_161056\" data-description=\" \"><img loading=\"lazy\" decoding=\"async\" class=\"ngg-singlepic ngg-none\" src=\"https:\/\/www.dpsg-ulm.de\/wordpress\/wp-content\/gallery\/stammesversammlung-2021\/thumbs\/thumbs_IMG_20211120_161056.jpg\" alt=\"IMG_20211120_161056\" width=\"240\" height=\"160\"><\/a><p class=\"wp-caption-text\">Foto: Silas Gr\u00fcnberg | DPSG Stamm Saint-Exup\u00e9ry Ulm<\/p><\/div>\r\n<h2>Ergebnisse der Stammesversammlung 2022<\/h2>\r\n<p>Unsere diesj\u00e4hrige Stammesversammlung am Sonntag, dem 27. November brachte einige Neuerungen. So wurde Simon Berlec (aka Quiek) neben Andreas (Andy) Schairer zum 2. Stammesvorsitzenden gew\u00e4hlt. Als Kassenpr\u00fcfer konnten Alf und Silva (aka S\u00f6lph) die Mehrheit auf sich vereinen. Weiterhin wurde Luise aus der Pfadistufe zum Zeltwart des Stamms berufen. Silas (ebenfalls Pfadistufe) erf\u00fcllt das Amt des &#8222;Stammsfotografen\/filmer&#8220;). Wir begl\u00fcckw\u00fcnschen alle neu berufenen und gew\u00e4hlten Mitglieder*Innen zu ihrer neuen Aufgabe, w\u00fcnschen Gottes Segen und allzeit Gut Pfad!<\/p>\r\n<p>Weiterhin wurde die Jahresaktion &#8222;Rammadamma 23&#8220; beschlossen die das Ziel hat, unser durch den Lauf der Jahre &#8222;zugem\u00fclltes&#8220; <a href=\"https:\/\/www.dpsg-ulm.de\/wordpress\/fort-albeck-unser-quartier\/\">Fort Albeck<\/a> etwas benuzbarer und wohnlicher zu gestalten.<\/p>\r\n<h2>AK-Gr\u00fcndung f\u00fcr die Planung eines Sanit\u00e4rgeb\u00e4udes<\/h2>\r\n<p>Nachdem wir demn\u00e4chst mit der Rechtskr\u00e4ftigkeit des Fl\u00e4chennutzungsplanes (FNP) f\u00fcr den Spatzenweiher rechnen, k\u00f6nnen wir nun mit der Planung eines Geb\u00e4udes f\u00fcr die sanit\u00e4ren Einrichtungen (wie Toiletten, Duschen, Sp\u00fclbecken usw.) f\u00fcr unseren Zeltplatz beginnen. Wer aus den Stufen, dem Freunde &amp; F\u00f6rderer-Verein, der Elternschaft und Bekanntenkreis dazu Lust und Interesse hat, Ideen zu Standort, Ausstattung, Gr\u00f6\u00dfe, Ausf\u00fchrung, Form, Material, Zeitplan usw. einzubringen, ist recht herzlich zu einem ersten Planungsgespr\u00e4ch eingeladen. Wir treffen uns daf\u00fcr am <br><br><strong>Sonntag, 2. Advent, 04. Dezember.2022, um 15:00 Uhr im Fort Albeck<\/strong><\/p>\r\n<h2>Safe the date &#8211; Baulager 2023 am Spatzenweiher<\/h2>\r\n<div style=\"width: 250px\" class=\"wp-caption alignright\"><a class=\"ngg-fancybox\" title=\" \" href=\"https:\/\/www.dpsg-ulm.de\/wordpress\/wp-content\/gallery\/bauwochenende-spatzenweiher-26-29-mai-2022\/1019073.JPG\" target=\"_blank\" rel=\"noopener\" data-image-id=\"520\" data-src=\"https:\/\/www.dpsg-ulm.de\/wordpress\/wp-content\/gallery\/bauwochenende-spatzenweiher-26-29-mai-2022\/1019073.JPG\" data-thumbnail=\"https:\/\/www.dpsg-ulm.de\/wordpress\/wp-content\/gallery\/bauwochenende-spatzenweiher-26-29-mai-2022\/thumbs\/thumbs_1019073.JPG\" data-title=\"1019073\" data-description=\" \"><img loading=\"lazy\" decoding=\"async\" src=\"https:\/\/www.dpsg-ulm.de\/wordpress\/wp-content\/gallery\/bauwochenende-spatzenweiher-26-29-mai-2022\/thumbs\/thumbs_1019073.JPG\" alt=\"\" width=\"240\" height=\"160\"><\/a><p class=\"wp-caption-text\">Foto: Silas Gr\u00fcnberg | DPSG Stamm Saint-Exup\u00e9ry Ulm<\/p><\/div>\r\n<p>Bitte den Termin vormerken! Himmelfahrt n\u00e4chstes Jahr soll wieder eine gro\u00dfe Bau- und Reparatur-Aktion auf unserem Zeltplatz am Spatzenweiher stattfinden, gemeinsam mit Stamm, Freunde &amp; F\u00f6rderer-Verein, Eltern und Bekannten. Der Termin ist <br><br><strong>Donnerstag (Himmelfahrt), 18. Mai 2023 bis Sonntag, 21. Mai 2023<\/strong> <br><br>Wir freuen uns auf alle Helferinnen und Helfer!<\/p>\r\n<p>&nbsp;<\/p>\r\n<div style=\"width: 250px\" class=\"wp-caption alignleft\"><a class=\"ngg-fancybox\" title=\" \" href=\"https:\/\/www.dpsg-ulm.de\/wordpress\/wp-content\/gallery\/spatzenweiher\/Versammlung_Haende-Stimmkarten_CSchnaubelt.jpg\" target=\"_blank\" rel=\"noopener\" data-image-id=\"572\" data-src=\"https:\/\/www.dpsg-ulm.de\/wordpress\/wp-content\/gallery\/spatzenweiher\/Versammlung_Haende-Stimmkarten_CSchnaubelt.jpg\" data-thumbnail=\"https:\/\/www.dpsg-ulm.de\/wordpress\/wp-content\/gallery\/spatzenweiher\/thumbs\/thumbs_Versammlung_Haende-Stimmkarten_CSchnaubelt.jpg\" data-title=\"Versammlung_Haende-Stimmkarten_CSchnaubelt\" data-description=\" \"><img loading=\"lazy\" decoding=\"async\" class=\"ngg-singlepic ngg-left\" src=\"https:\/\/www.dpsg-ulm.de\/wordpress\/wp-content\/gallery\/spatzenweiher\/thumbs\/thumbs_Versammlung_Haende-Stimmkarten_CSchnaubelt.jpg\" alt=\"\" width=\"240\" height=\"160\"><\/a><p class=\"wp-caption-text\">Foto: Christian Schnaubelt | DPSG<\/p><\/div>\r\n<h2>Stammesversammlung am 27. November 2022<\/h2>\r\n<p>Die diesj\u00e4hrige Stammesversammlung finder am<\/p>\r\n<p><strong>Sonntag, dem 27. November 2022 um 15:00 Uhr im Fort Albeck <\/strong>statt. <br>Die offizielle Einladung mit vorl\u00e4ufiger Tagesordnung ist in unserer <a href=\"https:\/\/www.dpsg-ulm.de\/wordpress\/downloads\/\">Downloadecke<\/a> abrufbar.<\/p>\r\n<p>Wir freuen uns auf zahlreiches Erscheinen!<\/p>\r\n<h2>&nbsp;<\/h2>\r\n<h2>Mitgliederversammlung der Freunde und F\u00f6rderer am 13. November 2022<\/h2>\r\n<p>Die diesj\u00e4hrige Mitgliederversammlung unseres F\u00f6rdervereins finder am<\/p>\r\n<p><strong>Sonntag, dem 13. November 2022 um 14:00 Uhr im Fort Albeck <\/strong>statt. <br>Die offizielle Einladung mit vorl\u00e4ufiger Tagesordnung ist in unserer <a href=\"https:\/\/www.dpsg-ulm.de\/wordpress\/downloads\/\">Downloadecke<\/a> abrufbar.<\/p>\r\n<p>Wir freuen uns auf zahlreiches Erscheinen!<\/p>\r\n<h2>Preis\u00e4nderung f\u00fcr Buchungen am Spatzenweiher<\/h2>\r\n<p>Die Inflation macht leider auch bei uns keine Ausnahme. Gesteigerte Unterhaltungskosten f\u00fcr unseren Spatzenweiher zwingen uns leider, die Preise moderat zu erh\u00f6hen.<\/p>\r\n<p>Ab dem <strong>17. Oktober 2022<\/strong> gilt folgendes:<\/p>\r\n<ul>\r\n<li>Grundpreis (keine Jugendgruppe), pro Person und Nacht: <strong>5,00 \u20ac<\/strong><\/li>\r\n<li>Erm\u00e4\u00dfigt (f\u00fcr Jugendgruppen),&nbsp;&nbsp;&nbsp;&nbsp;&nbsp;&nbsp; pro Person und Nacht: <strong>4,00 \u20ac<\/strong><\/li>\r\n<\/ul>\r\n<p>Weiterhin gilt ein Sockelbetrag in H\u00f6he von <strong>100,00 \u20ac<\/strong>. Eine Buchung unterhalb dieses Betrags ist m\u00f6glich, wird jedoch automatisch fest mit 100,00 \u20ac berechnet. Mit Hilfe der bequemen Kalkulationsfunktion in unserem Buchungsformular habt ihr die Kosten immer im Blick.<\/p>\r\n<p>Wir bedanken uns f\u00fcr das Verst\u00e4ndnis f\u00fcr diese Ma\u00dfnahme!<\/p>\r\n<div style=\"width: 250px\" class=\"wp-caption alignright\"><img loading=\"lazy\" decoding=\"async\" class=\"ngg-singlepic ngg-left\" src=\"https:\/\/www.dpsg-ulm.de\/wordpress\/wp-content\/gallery\/spatzenweiher\/thumbs\/thumbs_2021-Twitter-logo-blue.png\" alt=\"\" width=\"240\" height=\"160\"><p class=\"wp-caption-text\">Grafik: \u00a9 Twitter, Inc.<\/p><\/div>\r\n<h2>Wir zwitschern euch was&#8230;<\/h2>\r\n<p>Nein, das ist keine Doppelbedeutung &#8211; im Gegenteil! P\u00fcnktlich zum Wiederanlauf der Gruppenstunden nach den Ferien geht unser neuer Twitteraccount an den Start. Dabei ist die Losung &#8222;in der K\u00fcrze liegt die W\u00fcrze&#8220; &#8211; mit 280 Zeichen halten wir euch \u00fcber die neusten Ereignisse auf dem Laufenden, geben Hilferufe ab (wenn am Spatzenweiher mal wieder ein Biber t\u00e4tig war \ud83d\ude09 ) oder senden das neuste Lagerfoto. Folgt uns also zahlreich unter <a href=\"https:\/\/twitter.com\/dpsgstexulm\" target=\"_blank\" rel=\"noopener\">@dpsgstexulm<\/a> &#8211; die neusten Tweets findet ihr \u00fcbrigens auch in der Sidebar der Homepage.<\/p>\r\n<h2>RING-Singeabend am 23. September 2022<\/h2>\r\n<p>Um sich innerhalb der bestehenden Pfadfinderst\u00e4mme in Ulm besser kennen zu lernen, l\u00e4d der <a href=\"http:\/\/weisserotte.bdp-bawue.de\/\" target=\"_blank\" rel=\"noopener\">Stamm &#8222;Wei\u00dfe Rotte&#8220; des BdP<\/a> (Bund der Pfadfinderinnen und der Pfadfinder) am <strong>23. September 2022, ab 20:00 Uhr<\/strong> in den <a href=\"https:\/\/goo.gl\/maps\/gD5PwSZF2w8B1X7B6\" target=\"_blank\" rel=\"noopener\">Oberen Donauturm (Ziegell\u00e4ndeweg 3)<\/a> zu einem ungezwungenen Singeabend ein; auch unseren Stamm.<\/p>\r\n<p>N\u00e4here Informationen findet ihr in der Ausschreibung in unserer <a href=\"https:\/\/www.dpsg-ulm.de\/wordpress\/downloads\/\">Downloadecke<\/a>.<\/p>\r\n<h2>Kaperfahrt zum goldenen Spatz &#8211; oder Sommerlager des Stamms 2022<\/h2>\r\n<div style=\"width: 250px\" class=\"wp-caption alignleft\"><a class=\"ngg-fancybox\" title=\" \" href=\"https:\/\/www.dpsg-ulm.de\/wordpress\/wp-content\/gallery\/kaperfahrt-zum-goldenen-spatz-sommerlager-2022\/1056164.JPG\" target=\"_blank\" rel=\"noopener\" data-image-id=\"551\" data-src=\"https:\/\/www.dpsg-ulm.de\/wordpress\/wp-content\/gallery\/kaperfahrt-zum-goldenen-spatz-sommerlager-2022\/1056164.JPG\" data-thumbnail=\"https:\/\/www.dpsg-ulm.de\/wordpress\/wp-content\/gallery\/kaperfahrt-zum-goldenen-spatz-sommerlager-2022\/thumbs\/thumbs_1056164.JPG\" data-title=\" \" data-description=\" \"><img loading=\"lazy\" decoding=\"async\" class=\"ngg-singlepic ngg-left\" src=\"https:\/\/www.dpsg-ulm.de\/wordpress\/wp-content\/gallery\/kaperfahrt-zum-goldenen-spatz-sommerlager-2022\/thumbs\/thumbs_1056164.JPG\" alt=\" \" width=\"240\" height=\"160\"><\/a><p class=\"wp-caption-text\">Foto: Silas Gr\u00fcnberg | DPSG Stamm Saint-Exup\u00e9ry Ulm<\/p><\/div>\r\n<p>&nbsp;<\/p>\r\n<p>&#8222;Her mit der goldenen Perlenkette!&#8220; sagte einer der W\u00f6lflinge mit einem grimmigen Gesicht. Zugegeben &#8211; das ist keine nette Aufforderung &#8211; aber echte Piraten halten wenig von einer eloquenten Ausdrucksweise. Piraten? Ja, Piraten &#8211; aufgeteilt in 3 Meuten hausten sie 4 Tage am Spatzenweiher.<\/p>\r\n<p>Das die Sch\u00e4tze sich jedoch erst m\u00fchsam erk\u00e4mpft werden mussten, verstand sich allerdings auch von selber. Und so brachen die Meuten bereits einen Tag nach der &#8222;Invasion&#8220; zu einem Gel\u00e4ndespiel auf, dass die Gruppen rund um den Weiher f\u00fchrte. Nach einiger Anstrengung kamen die verschwitzten Seer\u00e4uber zur\u00fcck und verteidigten nach einem k\u00fchlen Bad ihre Sch\u00e4tze in weiteren Spielen.<\/p>\r\n<p>Kulinarisch legte &#8222;Phils Komb\u00fcse&#8220;&nbsp; an unterschiedlichen Kontinenten an. Auf diese Weise wurden die Spezialit\u00e4ten aller Herren L\u00e4nder aufgetischt, welche die hungrige Meute selten verschm\u00e4hte. Nur das Absp\u00fclen klappte noch nicht so gut&#8230;. \ud83d\ude42<\/p>\r\n<p>In unserer <a href=\"https:\/\/www.dpsg-ulm.de\/wordpress\/fotos-2022\/\">Galerie<\/a> warten einige Fotos der beiden Reporter Silas und Christian, die das Spektakel f\u00fcr die Ewigkeit dokumentierten. In den n\u00e4chsten Wochen gibt es zudem einen Filmbericht. Wartet bis dahin gespannt!<\/p>\r\n<p>Ahoi und Gut Pfad!<\/p>\r\n<h2>Jetzt gehts los&#8230;!<\/h2>\r\n<p>Heute beginnt unser Stammeslager (Mottothema &#8222;Piraten&#8220;) an unserem Spatzenweiher! Allen die dabei sind, w\u00fcnschen wir viel Spa\u00df und freuen uns auf 6 abenteuerliche Tage.<\/p>\r\n<p>Behaltet gerne unseren Instakanal im Auge! \ud83d\ude09<\/p>\r\n<h2>Ausschreibung f\u00fcr Sommerlager 2022<\/h2>\r\n<p>Unser diesj\u00e4hriges Sommerlager findet vom <strong>Freitag, 29. Juli bis Samstag, 06. August 2022<\/strong> (f\u00fcr W\u00f6lflinge von <strong>Samstag, 30. Juli bis Dienstag, 02. August 2022<\/strong>) statt. Die Ausschreibung mit Anmeldung findet ihr in unserer <a href=\"https:\/\/www.dpsg-ulm.de\/wordpress\/downloads\/\">Download-Ecke<\/a>!<\/p>\r\n<h2>Analoge und digitale Wartungsarbeiten am Spatzenweiher<\/h2>\r\n<div style=\"width: 250px\" class=\"wp-caption alignright\"><a class=\"ngg-fancybox\" title=\" \" href=\"https:\/\/www.dpsg-ulm.de\/wordpress\/wp-content\/gallery\/spatzenweiher\/Spatzenweiher_Burtenbach_birdview.jpg\" target=\"_blank\" rel=\"noopener\" data-image-id=\"502\" data-src=\"https:\/\/www.dpsg-ulm.de\/wordpress\/wp-content\/gallery\/spatzenweiher\/Spatzenweiher_Burtenbach_birdview.jpg\" data-thumbnail=\"https:\/\/www.dpsg-ulm.de\/wordpress\/wp-content\/gallery\/spatzenweiher\/thumbs\/thumbs_Spatzenweiher_Burtenbach_birdview.jpg\" data-title=\" \" data-description=\" \"><img loading=\"lazy\" decoding=\"async\" class=\"ngg-singlepic ngg-none\" src=\"https:\/\/www.dpsg-ulm.de\/wordpress\/wp-content\/gallery\/spatzenweiher\/thumbs\/thumbs_Spatzenweiher_Burtenbach_birdview.jpg\" alt=\" \" width=\"240\" height=\"160\"><\/a><p class=\"wp-caption-text\">Foto: Adrian Balint | DPSG Stamm Saint-Exup\u00e9ry Ulm<\/p><\/div>\r\n<p>Bevor die Zeltlagersaison so richtig losgeht, wollen wir unseren Spatzenweiher nat\u00fcrlich in bestem Glanze erstrahlen lassen und einige bereits l\u00e4nger geplante Arbeiten durchf\u00fchren.<\/p>\r\n<p>Aus diesem Grunde findet vom <strong>Donnerstag, 26. Mai bis Sonntag, 29. Mai 2022<\/strong> ein Arbeitseinsatz auf unserem Gel\u00e4nde in Burtenbach statt. Freiwillige Helfer sind immer willkommen &#8211; einfach vorbeikommen \ud83d\ude42<\/p>\r\n<p>Nicht nur vor Ort, sondern auch digital werden in diesem Zeitraum Wartungen vorgenommen. Deswegen wird unser Buchungssystem von <strong>Donnerstag, 26. Mai, 9:00 Uhr bis voraussichtlich Sonntag, 29. Mai 2022, ca. 21:00 Uhr offline gestellt.<\/strong> Buchungen sind in diesem Zeitraum nicht m\u00f6glich!<\/p>\r\n<h2>Osterfeuer 2022<\/h2>\r\n<p>Endlich wieder Osterfeuer! Nachdem vor zwei Wochen die meisten Corona-Beschr\u00e4nkungen aufgehoben wurden, konnte das traditionelle Osterfeuer am Ostersamstag -p\u00fcnktlich zur Osternacht- \u00f6ffentlich wieder entz\u00fcndet werden. Dieses Mal \u00fcbernahm die Pfadfinderstufe die Organisation und Durchf\u00fchrung. Pfr. Dr. Michael Estler von der Kirchengemeinde St. Georg spendete den Segen und entz\u00fcndete die geschm\u00fcckte Osterkerze an unserem Feuer.<\/p>\r\n<p>In unserer <a href=\"https:\/\/www.dpsg-ulm.de\/wordpress\/fotos-2022\/\">Galerie<\/a> finden sich einige Fotos der Aktion. Zudem gibt es hier ein kleines Video. (was gerne geteilt werden darf \ud83d\ude42 )<\/p>\r\n<p><iframe loading=\"lazy\" title=\"YouTube video player\" src=\"https:\/\/www.youtube.com\/embed\/MhqBWEAafxA\" width=\"560\" height=\"315\" frameborder=\"0\" allowfullscreen=\"allowfullscreen\" data-mce-fragment=\"1\"><\/iframe><\/p>\r\n<h2>&nbsp;<\/h2>\r\n<h2>Ein neues Jahr!<\/h2>\r\n<p>2022 ist nun schon einen guten Monat alt und der &#8222;Neujahrsputz&#8220; &#8211; mit dem \u00dcberf\u00fchren der Beitr\u00e4ge aus 2021 ins <a href=\"https:\/\/www.dpsg-ulm.de\/wordpress\/archiv\/\">Archiv<\/a> ist noch nicht geschehen. Zeit also, sich den digitalen Kehrbesen zu holen! \ud83d\ude42<\/p>\r\n<p>Wir hoffen, dass ihr alle gut und gesund ins neue Jahr gestartet seid! Die Gruppenstunden laufen -trotz Omikronwelle- erstmal regul\u00e4r weiter. Allerdings sind zu den Angeboten in Innenr\u00e4umen nun grunds\u00e4tzlich Masken (ab 18 Jahren auch ausschlie\u00dflich FFP2 oder vergleichbar) zu tragen.<\/p>\r\n<p>Neuerungen gibt es auch in unserem Internetangebot: Ab Sofort machen wir euch <a href=\"https:\/\/www.dpsg-ulm.de\/wordpress\/spatzenweiher\/weiherbelegung\/\">Buchungsanfragen<\/a> f\u00fcr den &#8222;Spatzenweiher&#8220; noch einfacher! F\u00fcllt dazu unser Formular aus und schon landet die Anfrage in einem eigenen Buchungssystem. Somit geh\u00f6ren l\u00e4ngere Reaktionszeiten hoffentlich bald der Vergangenheit an.<\/p>\r\n<p>Das System ist noch in der Testphase -wir nehmen weiter Korrekturen daran vor. Dies geschieht &#8222;im laufenden Betrieb&#8220;; falls es also mal nicht klappen sollte, probiert es zu einem sp\u00e4teren Zeitpunkt einfach nochmal! Wir bem\u00fchen uns, es schnellstm\u00f6glich sicher zum Laufen zu bringen!<\/p>\r\n<p style=\"text-align: right;\">&nbsp;<\/p>\r\n<p style=\"text-align: right;\"><a href=\"#top\">-zum Seitenanfang-<\/a><\/p>\r\n<p>&nbsp;<\/p>\r\n<div style=\"width: 175px\" class=\"wp-caption alignright\"><a href=\"https:\/\/www.dpsg-ulm.de\/wordpress\/wp-content\/gallery\/spatzenweiher\/DPSG_Lilie_Froehl_WN_Muetze.png\" target=\"_blank\" rel=\"noopener\"><img loading=\"lazy\" decoding=\"async\" class=\"ngg-singlepic ngg-none\" src=\"https:\/\/www.dpsg-ulm.de\/wordpress\/wp-content\/gallery\/spatzenweiher\/DPSG_Lilie_Froehl_WN_Muetze.png\" alt=\" \" width=\"165\" height=\"246\"><\/a><p class=\"wp-caption-text\">Grafik: DPSG Di\u00f6zesanverband Rottenburg-Stuttgart<\/p><\/div>\r\n<h2 id=\"2021\">&#8230;und ein gutes neues Jahr!<\/h2>\r\n<p>Wir w\u00fcnschen euch, den Besucher*Innen unserer Homepage, ein frohes Weihnachtsfest und alles Gute f\u00fcrs neue Jahr!<\/p>\r\n<p>Das vergangene Jahr stand -wie 2020- stark im Zeichen der Pandemie. Viele bekannte Aktionen, Gruppenstunden oder Zeltlager konnten, wenn \u00fcberhaupt, in sehr kleinem Rahmen und mit massiven Einschr\u00e4nkungen stattfinden. Trotzdem: Sie konnten stattfinden und das tr\u00f6stet uns, macht uns dankbar!<\/p>\r\n<p>Hoffen wir darauf, dass 2022 uns einige Lichtblicke schenkt!<\/p>\r\n<div style=\"width: 250px\" class=\"wp-caption alignleft\"><a class=\"ngg-fancybox\" title=\" \" href=\"https:\/\/www.dpsg-ulm.de\/wordpress\/wp-content\/gallery\/spatzenweiher\/Friedenslicht2021_Postkarte_A6_ohneFreifeld.jpg\" target=\"_blank\" rel=\"noopener\" data-image-id=\"491\" data-src=\"https:\/\/www.dpsg-ulm.de\/wordpress\/wp-content\/gallery\/spatzenweiher\/Friedenslicht2021_Postkarte_A6_ohneFreifeld.jpg\" data-thumbnail=\"https:\/\/www.dpsg-ulm.de\/wordpress\/wp-content\/gallery\/spatzenweiher\/thumbs\/thumbs_Friedenslicht2021_Postkarte_A6_ohneFreifeld.jpg\" data-title=\"Friedenslicht2021_Postkarte_A6_ohneFreifeld\" data-description=\" \"><img loading=\"lazy\" decoding=\"async\" class=\"ngg-singlepic ngg-left\" src=\"https:\/\/www.dpsg-ulm.de\/wordpress\/wp-content\/gallery\/spatzenweiher\/thumbs\/thumbs_Friedenslicht2021_Postkarte_A6_ohneFreifeld.jpg\" alt=\"\" width=\"240\" height=\"160\"><\/a><p class=\"wp-caption-text\">Plakatmotiv Friedenslicht 2021 Friedenslicht AG Deutschland<\/p><\/div>\r\n<h2>Friedenslicht 2021<\/h2>\r\n<p>Auch im zweiten Jahr der Corona-Pandemie zeigen wir Zusammenhalt in dieser schwierigen Zeit und senden das <a href=\"http:\/\/www.friedenslicht.de\" target=\"_blank\" rel=\"noopener\">Friedenslicht<\/a> unter dem Motto &#8222;Friedensnetz &#8211; ein Licht, was alle verbindet&#8220; aus.<\/p>\r\n<p>Nach dem Adventsgottesdienst in <a href=\"https:\/\/katholische-kirche-ulm-mitte-ost.de\/st-georg-2\/\" target=\"_blank\" rel=\"noopener\">St. Georg<\/a> (Beethovenstra\u00dfe 1, 89073 Ulm) am <strong>Sonntag, dem 12. Dezember 2021, um 10:30 Uhr<\/strong> werden wir das Licht gegen eine Spende an unseren Friedenslicht-Kerzen oder an mitgebrachten Kerzen entz\u00fcnden.<\/p>\r\n<p><strong>Bitte an medizinische Maske (FFP2\/OP-Maske) und Kluft -wer hat- denken!<\/strong><\/p>\r\n<h2>Ergebnisse der Stammesversammlung 2021<\/h2>\r\n<p>Am Samstag, dem 20. November 2021 fand unsere diesj\u00e4hrige Stammesversammlung statt. Nach den Berichten und Entlastung des Vorstand, der Stufen und der Kasse wurden unsere Vorstandsmitglieder <strong>Christian Pubanz<\/strong> und <strong>Pfr. Dr. Michael Estler<\/strong> verabschiedet, die sich nicht erneut zur Wahl stellten.<\/p>\r\n<p>Wir danken Christian und Michael herzlich f\u00fcr die geleistete Arbeit im Vorstandsteam und w\u00fcnschen ihnen weiterhin alles Gute und allzeit Gut Pfad!<\/p>\r\n<p>Ein paar bildliche Eindr\u00fccke der Versammlung von unserem Jungpfadfinder Silas Gr\u00fcnberg finden sich in unserer <a href=\"https:\/\/www.dpsg-ulm.de\/wordpress\/fotos-2021\/\">Galerie<\/a>.<\/p>\r\n<h2>+++Update zur Stammesversammlung+++<\/h2>\r\n<div style=\"width: 250px\" class=\"wp-caption alignright\"><a class=\"ngg-fancybox\" title=\" \" href=\"https:\/\/www.dpsg-ulm.de\/wordpress\/wp-content\/gallery\/spatzenweiher\/20211116_133651.jpg\" target=\"_blank\" rel=\"noopener\" data-image-id=\"485\" data-src=\"https:\/\/www.dpsg-ulm.de\/wordpress\/wp-content\/gallery\/spatzenweiher\/20211116_133651.jpg\" data-thumbnail=\"https:\/\/www.dpsg-ulm.de\/wordpress\/wp-content\/gallery\/spatzenweiher\/thumbs\/thumbs_20211116_133651.jpg\" data-title=\"20211116_133651\" data-description=\" \"><img loading=\"lazy\" decoding=\"async\" class=\"ngg-singlepic ngg-none\" src=\"https:\/\/www.dpsg-ulm.de\/wordpress\/wp-content\/gallery\/spatzenweiher\/thumbs\/thumbs_20211116_133651.jpg\" alt=\"\" width=\"240\" height=\"160\"><\/a><p class=\"wp-caption-text\">Foto: Christian Pubanz | DPSG Stamm Saint-Exup\u00e9ry Ulm<\/p><\/div>\r\n<p>Am Mittwoch, den 17. November 2021 hat die <a href=\"https:\/\/www.baden-wuerttemberg.de\/de\/service\/presse\/pressemitteilung\/pid\/alarmstufe-gilt-ab-17-november-2021\/\" target=\"_blank\" rel=\"noopener\">Landesregierung Baden-W\u00fcrttemberg die Corona-Alarmstufe ausgerufen<\/a>.<\/p>\r\n<p><span class=\"\">Aufgrund der aktuellen Situation m\u00fcssen wir die AHA-Regeln einhalten! <br>Bitte tragt bis ihr an eurem Platz seid eine Maske (OP-Maske oder FFP2). Am Platz kann sie abgenommen werden. Zudem m\u00fcssen wir von allen Nicht-Mitgliedern die Kontaktdaten erfassen. Dazu liegt dann eine Liste aus. <br><\/span><\/p>\r\n<p>F\u00fcr euer Verst\u00e4ndnis bedanken wir uns schon jetzt sehr herzlich!<\/p>\r\n<h2>Stammesversammlung am 20. November 2021<\/h2>\r\n<p>Nach drei Lockdowns und massiven Kontaktbeschr\u00e4nkungen rund um die Covid-19 Pandemie ist es nun endlich wieder m\u00f6glich, eine physische Stammesversammlung abzuhalten. Wir freuen uns dar\u00fcber sehr. Sie findet am:<\/p>\r\n<p><strong>Samstag, den 20. November 2021 um 15:00 Uhr im Fort Albeck 14<\/strong><\/p>\r\n<p>statt. Die Einladung mit der vorl\u00e4ufigen Tagesordnung findet sich in unserer <a href=\"https:\/\/www.dpsg-ulm.de\/wordpress\/downloads\/\">Download-Ecke<\/a>.<\/p>\r\n<p>Die Frist zum Einreichen ordentlicher Antr\u00e4ge endet am <strong>06. November 2021<\/strong>.<br>Sp\u00e4ter eingehende Antr\u00e4ge k\u00f6nnen dann als Initiativantr\u00e4ge in die Tagesordnung eingebracht werden.<\/p>\r\n<h2>W\u00f6lflinge aufgepasst!<\/h2>\r\n<div style=\"width: 246px\" class=\"wp-caption alignleft\"><a class=\"ngg-fancybox\" title=\" \" href=\"https:\/\/www.dpsg-ulm.de\/wordpress\/wp-content\/gallery\/spatzenweiher\/Woelfi_Tasse.jpg\" target=\"_blank\" rel=\"noopener\" data-image-id=\"484\" data-src=\"https:\/\/www.dpsg-ulm.de\/wordpress\/wp-content\/gallery\/spatzenweiher\/Woelfi_Tasse.jpg\" data-thumbnail=\"https:\/\/www.dpsg-ulm.de\/wordpress\/wp-content\/gallery\/spatzenweiher\/thumbs\/thumbs_Woelfi_Tasse.jpg\" data-title=\"Woelfi_Tasse\" data-description=\" \"><img loading=\"lazy\" decoding=\"async\" class=\"ngg-singlepic ngg-right\" src=\"https:\/\/www.dpsg-ulm.de\/wordpress\/wp-content\/gallery\/spatzenweiher\/thumbs\/thumbs_Woelfi_Tasse.jpg\" alt=\"\" width=\"236\" height=\"157\"><\/a><p class=\"wp-caption-text\">Illustration: Teresa Diehm<\/p><\/div>\r\n<p>Mit der dunkleren Jahreszeit hat sich das Leitungsteam zu einer \u00c4nderung der Gruppenstundenzeiten entschieden. Ab sofort findet diese<\/p>\r\n<p><strong>Donnerstags, von 17:30 Uhr bis 19:00 Uhr<\/strong> &#8211; also eine halbe Stunde fr\u00fcher als sonst.<\/p>\r\n<p>Bitte plant das entsprechend ein!<\/p>\r\n<p>&nbsp;<\/p>\r\n<h2>Offroad-Rollstuhl-Projekt-Seite ist online<\/h2>\r\n<div id=\"attachment_3977\" style=\"width: 135px\" class=\"wp-caption alignleft\"><img loading=\"lazy\" decoding=\"async\" aria-describedby=\"caption-attachment-3977\" class=\"wp-image-3977 size-full\" src=\"https:\/\/www.dpsg-ulm.de\/wordpress\/wp-content\/uploads\/2021\/04\/Kobold_Demo_5_Offroad_Rolli-verkl_fuerHP_kleiner.png\" alt=\"\" width=\"125\" height=\"273\"><p id=\"caption-attachment-3977\" class=\"wp-caption-text\">Illustration: Teresa Diehm<\/p><\/div>\r\n<p>Hallo! Ich bin Rolli-Kobi und ab sofort auf unseren Seiten da, um das Offroad-Rollstuhl-Projekt zu vertreten. Wenn ihr mich anklickt, f\u00fchre ich euch zu Marc, Silas, Christian, Jasmin und Kai, die gerne virtuelle G\u00e4ste empfangen. Wir sehen uns, oder? \ud83d\ude09<\/p>\r\n<h2>Endlich &#8211; die Arbeit startet wieder!<\/h2>\r\n<p>Nach mehr als 6 Monaten &#8222;Corona-Zwangspause&#8220; sind die Gruppen wieder in Ihren Alltag gestartet. Hierbei gibt es seitens des Ministeriums f\u00fcr Soziales, Gesundheit und Integration Baden-W\u00fcrttembeg eine neue <a href=\"https:\/\/sozialministerium.baden-wuerttemberg.de\/fileadmin\/redaktion\/m-sm\/intern\/downloads\/Downloads_Gesundheitsschutz\/210630_SM_CoronaVO_KJA-JSA.pdf\" target=\"_blank\" rel=\"noopener\">Corona-Verordnung Kinder- und Jugendarbeit\/Jugendsozialarbeit,(Corona-VO KJA\/JSA)<\/a>, die gemeinsam mit dem Landesjugendring Baden-W\u00fcrttemberg erstellt wurde. Abh\u00e4nging der jeweiligen <a href=\"https:\/\/alb-donau-kreis.maps.arcgis.com\/apps\/dashboards\/24f948a52d2a41d4b89cdbc3b8a949bb\" target=\"_blank\" rel=\"noopener\">Inzidenzen<\/a> k\u00f6nnen sich bis zu <a href=\"https:\/\/www.ljrbw.de\/files\/downloads\/JAgehtweiter\/210708_%C3%9Cbersicht-CoronaVO-KJA-JSA_LJR_korrigiert.pdf\" target=\"_blank\" rel=\"noopener\">420 getestete, genesene oder geimpfte Personen<\/a> treffen. Wir werden in den n\u00e4chsten Tagen unsere aktualisierten Hygienekonzepte online in die <a href=\"https:\/\/www.dpsg-ulm.de\/wordpress\/downloads\/\" rel=\"noopener\">Download-Ecke<\/a> stellen.&nbsp;<\/p>\r\n<p>Eine erste \u00dcbersicht bietet auch der Landesjugendring Baden-W\u00fcrttemberg (LJR BW) auf seiner <a href=\"https:\/\/www.ljrbw.de\/corona\" target=\"_blank\" rel=\"noopener\">Corona-Sonderseite<\/a>. Die aktuellen Inzidenzen befinden sich auch in der Sidebar der Homepage.<\/p>\r\n<p>Wir freuen uns \u00fcber die wieder erlangten M\u00f6glichkeiten und bem\u00fchen uns nach Kr\u00e4ften, alle unsere Treffen h\u00f6chstm\u00f6glich sicher zu gestalten.<\/p>\r\n<h2>Osterfeuer 2021<\/h2>\r\n<p>Wie berichtet, konnten wir zur diesj\u00e4hrigen Osternacht -in nicht \u00f6ffentlichen Rahmen- ein Osterfeuer entz\u00fcnden. Da der angek\u00fcndigte Livestream wegen einer schlechten Internetverbindung &#8222;seine T\u00fccken&#8220; hatte, konnten wir den Segen unseres Stammeskuraten Pfr. Dr. Estler leider nicht live \u00fcbertragen. Wir haben ihn jedoch aufgezeichnet und stellen an dieser Stelle einen Zusammenschnitt aus dem Livestream und der Aufzeichnung zur Verf\u00fcgung und hoffen, dass er euch auf diese Weise eine Teilhabe an unserem Feuer erm\u00f6glicht:<br><br><br><iframe loading=\"lazy\" title=\"YouTube video player\" src=\"https:\/\/www.youtube.com\/embed\/0IUzh6f_TJ8\" width=\"560\" height=\"315\" frameborder=\"0\" allowfullscreen=\"allowfullscreen\" data-mce-fragment=\"1\"><\/iframe><\/p>\r\n<h2>Livestream der Entz\u00fcndung des Osterfeuers<\/h2>\r\n<p>Dieses Ostern ist anders. Anders als das letzte und auch das vor zwei Jahren. Wir sind gl\u00fccklich, dass es in diesem Jahr auch mit Gottesdiensten gefeiert werden und die traditionelle Osternacht in St. Georg stattfinden kann. Auch, dass ein kleines Osterfeuer von uns entz\u00fcndet wird, freut uns sehr!<\/p>\r\n<p>Allerdings kann es auf Grund der Corona-Schutzma\u00dfnahmen nur in nicht \u00f6ffentlichem Rahmen abgehalten werden. Dennoch versuchen wir, euch mit Hilfe eines Livestreams, der Samstag, den <strong>03. April 2021 ab 19:00 Uhr<\/strong> startet, hier teilhaben zu lassen:<br><br><br><iframe loading=\"lazy\" title=\"YouTube video player\" src=\"https:\/\/www.youtube.com\/embed\/Rui9X0zg1Gc\" width=\"560\" height=\"315\" frameborder=\"0\" allowfullscreen=\"allowfullscreen\" data-mce-fragment=\"1\"><\/iframe><\/p>\r\n<h2>Stamm Saint-Exup\u00e9ry baut Offroad-Rollstuhl<\/h2>\r\n<p>Gelebte Inklusion ist f\u00fcr den Stamm Saint-Exup\u00e9ry inzwischen kein Neuland mehr. Mit der Aufnahme eines k\u00f6rperbehinderten Leiters und einem geistig behinderten M\u00e4dchens in der W\u00f6lflingsstufe ist der Stamm seit mehr als 3 Jahren mit dem Thema vertraut. Nun zeigt eine Projektgruppe &#8211; entstanden aus der Jungpfadfinderstufe &#8211; eine weitere intensive Besch\u00e4ftigung mit diesem Thema.<\/p>\r\n<p><br>Durch die Konzeption und Bau eines \u201eOffroad-Rollstuhls\u201c zur F\u00f6rderung der uneingeschr\u00e4nkten Teilnahme an den vielf\u00e4ltigen Outdooraktionen des<br>Stammes. wie Zeltlager, wird eines der Kernanliegen der DPSG sehr deutlich nach au\u00dfen getragen.<\/p>\r\n<p>Hierzu gibt es zwei Videos, welche hier angesehen werden k\u00f6nnen: .<\/p>\r\n<p><br><iframe loading=\"lazy\" src=\"https:\/\/www.youtube.com\/embed\/FNsDxUVhSbw\" width=\"560\" height=\"315\" frameborder=\"0\" allowfullscreen=\"allowfullscreen\" data-mce-fragment=\"1\"><\/iframe><\/p>\r\n<p>&nbsp;<\/p>\r\n<p><iframe loading=\"lazy\" src=\"https:\/\/www.youtube.com\/embed\/vZ3roUeqy30\" width=\"560\" height=\"315\" frameborder=\"0\" allowfullscreen=\"allowfullscreen\" data-mce-fragment=\"1\"><\/iframe><\/p>\r\n<p>Eine Pressemitteilung sowie die offiziellen Pressefotos finden sich in unser <a href=\"https:\/\/www.dpsg-ulm.de\/wordpress\/presseoeffentlichkeitsarbeit\/\">Presserubrik<\/a>. Und wer finanzielle Unterst\u00fctzung leisten m\u00f6chte, ist bei <a href=\"https:\/\/paypal.me\/pools\/c\/8u11xStDN7\" target=\"_blank\" rel=\"noopener\">PayPal<\/a> richtig \ud83d\ude09<\/p>\r\n<h2>Ein (hoffentlich) neuer Jahresstart&#8230;<\/h2>\r\n<div style=\"width: 250px\" class=\"wp-caption alignright\"><a class=\"ngg-fancybox\" title=\" \" href=\"https:\/\/www.dpsg-ulm.de\/wordpress\/wp-content\/gallery\/spatzenweiher\/Fort_Albeck_Tor-geschlossen.jpeg\" target=\"_blank\" rel=\"noopener\" data-image-id=\"477\" data-src=\"https:\/\/www.dpsg-ulm.de\/wordpress\/wp-content\/gallery\/spatzenweiher\/Fort_Albeck_Tor-geschlossen.jpeg\" data-thumbnail=\"https:\/\/www.dpsg-ulm.de\/wordpress\/wp-content\/gallery\/spatzenweiher\/thumbs\/thumbs_Fort_Albeck_Tor-geschlossen.jpeg\" data-title=\"Fort_Albeck_Tor-geschlossen\" data-description=\" \"><img loading=\"lazy\" decoding=\"async\" class=\"ngg-singlepic ngg-none\" src=\"https:\/\/www.dpsg-ulm.de\/wordpress\/wp-content\/gallery\/spatzenweiher\/thumbs\/thumbs_Fort_Albeck_Tor-geschlossen.jpeg\" alt=\"\" width=\"240\" height=\"160\"><\/a><p class=\"wp-caption-text\">Foto: Silas Gr\u00fcnberg | DPSG Stamm Saint-Exup\u00e9ry Ulm<\/p><\/div>\r\n<p>Wir hoffen, dass ihr alle gut in 2021 gestartet seid und w\u00fcnschen euch nur das Beste f\u00fcr diesen (hoffenlichen) Neustart im doppelten Sinne.<\/p>\r\n<p>Aber auch am Jahresanfang plagt uns leider immer noch das&nbsp; Coronavirus. Auf Grund der aktuellen&nbsp; <a href=\"https:\/\/www.baden-wuerttemberg.de\/fileadmin\/redaktion\/dateien\/PDF\/Coronainfos\/210108_CoronaVO_konsolidierte_Fassung_ab_210111_01.pdf\" target=\"_blank\" rel=\"noopener\">Coronaverordnung des Landes Baden-W\u00fcrttemberg<\/a> (vgl. \u00a71b, Abs. 1, 6.) sind uns weiterhin physische Gruppenstunden untersagt und unser <a href=\"https:\/\/kalender.scoutnet.de\/2.0\/show.php?ssid=631\" target=\"_blank\" rel=\"noopener\">Terminkalender<\/a> ist ebenfalls leer, da pandemiebedingt auch keine Jahresplanung stattfinden konnte.<\/p>\r\n<p>Wir k\u00f6nnen nur-wie beim ersten Lockdown- die <a href=\"https:\/\/alb-donau-kreis.maps.arcgis.com\/apps\/opsdashboard\/index.html#\/24f948a52d2a41d4b89cdbc3b8a949bb\" target=\"_blank\" rel=\"noopener\">Inzidenzzahlen<\/a> weiterhin beobachten und etwaige Ver\u00e4nderungen an dieser Stelle bekannt geben. Bleibt tapfer! <a href=\"https:\/\/www.ljrbw.de\/corona\" target=\"_blank\" rel=\"noopener\">Weitergehende Lageinformationen<\/a> gibt es auch auf der Seite des Landesjugendrings BW.<\/p>\r\n<p>PS: Die Beitr\u00e4ge aus 2020 finden sich wieder in unserem <a href=\"https:\/\/www.dpsg-ulm.de\/wordpress\/archiv\/#2020\">Archiv<\/a>. \ud83d\ude42<\/p>\r\n<p>&nbsp;<\/p>\r\n<p style=\"text-align: right;\"><a href=\"#top\">-zum Seitenanfang-<\/a><\/p>\r\n<p>&nbsp;<\/p>\r\n\r\n<h2 id=\"2020\">Weihnachtsgr\u00fc\u00dfe vom Stamm Saint-Exup\u00e9ry<\/h2>\r\n<div style=\"width: 250px\" class=\"wp-caption alignright\"><a class=\"ngg-fancybox\" title=\" \" href=\"https:\/\/www.dpsg-ulm.de\/wordpress\/wp-content\/gallery\/spatzenweiher\/DSCF1832.JPG\" target=\"_blank\" rel=\"noopener\" data-image-id=\"476\" data-src=\"https:\/\/www.dpsg-ulm.de\/wordpress\/wp-content\/gallery\/spatzenweiher\/DSCF1832.JPG\" data-thumbnail=\"https:\/\/www.dpsg-ulm.de\/wordpress\/wp-content\/gallery\/spatzenweiher\/thumbs\/thumbs_DSCF1832.JPG\" data-title=\"DSCF1832\" data-description=\" \"><img loading=\"lazy\" decoding=\"async\" class=\"ngg-singlepic ngg-none\" src=\"https:\/\/www.dpsg-ulm.de\/wordpress\/wp-content\/gallery\/spatzenweiher\/thumbs\/thumbs_DSCF1832.JPG\" alt=\"\" width=\"240\" height=\"160\"><\/a><p class=\"wp-caption-text\">Foto: D. Pubanz<\/p><\/div>\r\n<p>Wenn auch in diesem Jahr f\u00fcr einige von euch sicherlich anders als sonst, w\u00fcnschen wir euch ein frohes und vor allem gesundes Weihnachten! Wir hoffen, dass ihr trotz der Einschr\u00e4nkungen ein wenig feiern k\u00f6nnt. Macht das Beste aus der Situation oder -wie es Baden-Powell formulierte: &#8222;Ein Pfadfinder pfeift und lacht auch in schwierigen Situationen!&#8220;<\/p>\r\n<p>Passt auf euch auf &#8211; Gut Pfad!<\/p>\r\n<h2>Friedenslicht 2020 weitergegeben<\/h2>\r\n<div style=\"width: 250px\" class=\"wp-caption alignleft\"><a class=\"ngg-fancybox\" title=\" \" href=\"https:\/\/www.dpsg-ulm.de\/wordpress\/wp-content\/gallery\/friedenslicht-2020\/IMG_20201213_102255.jpg\" target=\"_blank\" rel=\"noopener\" data-image-id=\"473\" data-src=\"https:\/\/www.dpsg-ulm.de\/wordpress\/wp-content\/gallery\/friedenslicht-2020\/IMG_20201213_102255.jpg\" data-thumbnail=\"https:\/\/www.dpsg-ulm.de\/wordpress\/wp-content\/gallery\/friedenslicht-2020\/thumbs\/thumbs_IMG_20201213_102255.jpg\" data-title=\"IMG_20201213_102255\" data-description=\" \"><img loading=\"lazy\" decoding=\"async\" class=\"ngg-singlepic ngg-none\" src=\"https:\/\/www.dpsg-ulm.de\/wordpress\/wp-content\/gallery\/friedenslicht-2020\/thumbs\/thumbs_IMG_20201213_102255.jpg\" alt=\"IMG_20201213_102255\" width=\"240\" height=\"160\"><\/a><p class=\"wp-caption-text\">Foto: Elisabeth Balint | DPSG Stamm Saint-Exup\u00e9ry Ulm<\/p><\/div>\r\n<div data-contents=\"true\">\r\n<div class=\"\" data-block=\"true\" data-editor=\"ndpa\" data-offset-key=\"4erm1-0-0\">\r\n<div class=\"_1mf _1mj\" data-offset-key=\"4erm1-0-0\"><span data-offset-key=\"4erm1-0-0\">Trotz (oder gerade wegen) Corona kam das F<\/span><span class=\"diy96o5h\" spellcheck=\"false\" data-offset-key=\"4erm1-1-0\"><span data-offset-key=\"4erm1-1-0\">riedenslicht<\/span><\/span><span data-offset-key=\"4erm1-2-0\"> auch in diesem Jahr in St. Georg am 3. Adventssonntag an und wurde federf\u00fchrend von der Pfadistufe im Adventsgottesdienst weitergegeben. Adrian, unser Pfadileiter, fand zur Einstimmung ein paar treffende Gedanken und formulierte diese abschlie\u00dfend mit einem Zitat von Lord Baden-Powell :&#8220;Niemand wei\u00df, welche Formen der Frieden haben wird&#8220;. <\/span><\/div>\r\n<\/div>\r\n<div class=\"\" data-block=\"true\" data-editor=\"ndpa\" data-offset-key=\"89dg8-0-0\">\r\n<div class=\"_1mf _1mj\" data-offset-key=\"89dg8-0-0\"><span data-offset-key=\"89dg8-0-0\">&nbsp;<\/span><\/div>\r\n<\/div>\r\n<div class=\"\" data-block=\"true\" data-editor=\"ndpa\" data-offset-key=\"epd5d-0-0\">\r\n<div class=\"_1mf _1mj\" data-offset-key=\"epd5d-0-0\"><span data-offset-key=\"epd5d-0-0\">In diesen Zeiten darf man dieses Zitat abwandeln: &#8222;Niemand wei\u00df, was die Zukunft bringt.&#8220;. <\/span><\/div>\r\n<\/div>\r\n<div class=\"\" data-block=\"true\" data-editor=\"ndpa\" data-offset-key=\"d7cv8-0-0\">\r\n<div class=\"_1mf _1mj\" data-offset-key=\"d7cv8-0-0\"><span data-offset-key=\"d7cv8-0-0\">&nbsp;<\/span><\/div>\r\n<\/div>\r\n<div class=\"\" data-block=\"true\" data-editor=\"ndpa\" data-offset-key=\"5gltc-0-0\">\r\n<div class=\"_1mf _1mj\" data-offset-key=\"5gltc-0-0\"><span data-offset-key=\"5gltc-0-0\">Sissi, unsere W\u00f6lflingsleitung, unterstrich dies mit einem passenden Friedenslied.<\/span><\/div>\r\n<\/div>\r\n<div class=\"\" data-block=\"true\" data-editor=\"ndpa\" data-offset-key=\"ftahj-0-0\">\r\n<div class=\"_1mf _1mj\" data-offset-key=\"ftahj-0-0\"><span data-offset-key=\"ftahj-0-0\">&nbsp;<\/span><\/div>\r\n<\/div>\r\n<div class=\"\" data-block=\"true\" data-editor=\"ndpa\" data-offset-key=\"75o4b-0-0\">\r\n<div class=\"_1mf _1mj\" data-offset-key=\"75o4b-0-0\"><span data-offset-key=\"75o4b-0-0\">Allen, die im Dunklen sind, m\u00f6ge das Licht des Friedens die Nacht erhellen! <\/span><\/div>\r\n<\/div>\r\n<\/div>\r\n<div data-offset-key=\"75o4b-0-0\">&nbsp;<\/div>\r\n<div data-offset-key=\"75o4b-0-0\">In unserer <a href=\"https:\/\/www.dpsg-ulm.de\/wordpress\/fotos-2020\/\">Galerie<\/a> gibt es von der Aussendung ein paar Fotos.<\/div>\r\n<div data-offset-key=\"75o4b-0-0\">&nbsp;<\/div>\r\n<h2>Frieden \u00fcberwindet Grenzen &#8211; Friedenslicht 2020<\/h2>\r\n<div style=\"width: 218px\" class=\"wp-caption alignright\"><a href=\"https:\/\/www.dpsg-ulm.de\/wordpress\/wp-content\/gallery\/spatzenweiher\/Friedenslichtplakat2020_mit-Freifeld_web-scaled_St-Ex.jpeg\" target=\"_blank\" rel=\"noopener\"><img loading=\"lazy\" decoding=\"async\" class=\"ngg-singlepic ngg-none\" src=\"https:\/\/www.dpsg-ulm.de\/wordpress\/wp-content\/gallery\/spatzenweiher\/Friedenslichtplakat2020_mit-Freifeld_web-scaled_St-Ex.jpeg\" alt=\" \" width=\"208\" height=\"294\"><\/a><p class=\"wp-caption-text\">Plakat: AG Friedenslicht Deutschland, Anpassung: Christian Pubanz<\/p><\/div>\r\n<p>2020 &#8211; das Jahr war und ist nach wie vor von einer nie dagewesenen weltumfassenden ernsten Situation gepr\u00e4gt. Gerade in dieser ungewissen Zeit ist ein Licht ein Zeichen f\u00fcr Mut, Zuversicht und Hoffnung.<\/p>\r\n<p>Genau aus diesem Grunde teilen wir auch dieses Jahr das Friedenslicht am <strong>3. Adventssonntag, den 13. Dezember 2020 ab 10:30 Uhr<\/strong> in St. Georg, &#8222;unserer&#8220; Pfarrei (<strong>Beethovenstra\u00dfe 1, 89073 Ulm<\/strong>) aus. Gegen eine Spende kann das Licht am Anfang des Gottesdienstes mitgenommen werden. Nat\u00fcrlich wird das Licht auch an mitgebrachten Kerzen entz\u00fcndet.<\/p>\r\n<p>Auf Grund der aktuellen Corona-Verordnungen des <a href=\"https:\/\/www.baden-wuerttemberg.de\/de\/service\/aktuelle-infos-zu-corona\/aktuelle-corona-verordnung-des-landes-baden-wuerttemberg\/\" target=\"_blank\" rel=\"noopener\">Landes Baden-W\u00fcrttemberg<\/a> und der <a href=\"https:\/\/www.drs.de\/dossiers\/corona.html#c3354\" target=\"_blank\" rel=\"noopener\">Di\u00f6zese Rottenburg-Stuttgart<\/a> herrscht in der Kirche Maskenpflicht!<\/p>\r\n<p>&nbsp;<\/p>\r\n<h2><img loading=\"lazy\" decoding=\"async\" class=\"ngg-singlepic ngg-none alignright\" src=\"https:\/\/www.dpsg-ulm.de\/wordpress\/wp-content\/gallery\/spatzenweiher\/ZQ20_03_KoboldMaske.png\" alt=\" \" width=\"179\" height=\"244\"><\/h2>\r\n<div style=\"width: 201px\" class=\"wp-caption alignleft\"><img loading=\"lazy\" decoding=\"async\" class=\"ngg-singlepic ngg-none\" src=\"https:\/\/www.dpsg-ulm.de\/wordpress\/wp-content\/gallery\/spatzenweiher\/Woelfi_AHA_Maske.png\" alt=\"\" width=\"191\" height=\"263\"><p class=\"wp-caption-text\">Illustrationen W\u00f6lfi&amp;Kobold: Teresa Diehm<\/p><\/div>\r\n<h2>Corona-Update vom 10. Dezember 2020<\/h2>\r\n<p>Lange haben wir uns bez\u00fcglich der Corona-Situation nicht mehr ge\u00e4u\u00dfert. Durch die un\u00fcberschaubare Lage, in Kombination mit fehlender Rechtssicherheit sind unsere Gruppenstunden stillschweigend ausgesetzt worden. Im November fanden keine w\u00f6chentlichen Treffen mehr statt &#8211; und f\u00fcr Dezember wird dies angesichts der Diskussion \u00fcber einen neuerlichen &#8222;harten&#8220; Lockdown sicherlich ebenfalls der Fall sein.<\/p>\r\n<p>Wir hoffen und w\u00fcnschen uns, dass die Lage sich bald entspannt und wir unsere Gruppentreffen wieder aufnehmen k\u00f6nnen!<\/p>\r\n<p>Bleibt gesund &#8211; und nehmt euch bis dahin an W\u00f6lfi und Kobold ein Beispiel, damit ihr euch und andere sch\u00fctzt!<\/p>\r\n<h2>Halloweenlager der Jungpfadfinder entf\u00e4llt<\/h2>\r\n<p>Das f\u00fcr dieses Wochenende (30.Oktober &#8211; 01. November) geplante Halloweenlager der Jupfis ist Corona zum Opfer gefallen. Die steigenden <a href=\"https:\/\/www.alb-donau-kreis.de\/startseite\/dienstleistungen+service\/coronavirus.html\" target=\"_blank\" rel=\"noopener noreferrer\">Fallzahlen im Alb-Donau sowie im Stadtkreis Ulm<\/a> lassen uns keine Wahl, da wir eine &#8222;infektionsschutzsichere&#8220; \u00dcbernachtung nicht mehr garantieren k\u00f6nnen. F\u00fcr einen kurzfristig angedachten &#8222;Aktionstag&#8220; fanden sich leider nicht genug Teilnehmer.<\/p>\r\n<p>Es tut uns leid, zeigt aber in welchen &#8222;st\u00fcrmischen Zeiten&#8220; (nicht nur auf den Herbst bezogen) wir leben.<\/p>\r\n<p>Wir w\u00fcnschen trotzdem ein gesundes Halloween!<\/p>\r\n<h2>Corona-Schutzma\u00dfnahmen &#8211; Aktualisiertes Hygienekonzept und neue Regelungen &#8211; erneutes Update vom 20. Oktober 2020<\/h2>\r\n<p>Seit heute gibt es nun vom <a href=\"https:\/\/www.ljrbw.de\" target=\"_blank\" rel=\"noopener noreferrer\">Landesjugendring Baden-W\u00fcrttemberg<\/a> eine aktualisierte Empfehlung zur Fortf\u00fchrung der Angebote in der Kinder- und Jugendarbeit und Jugendsozialarbeit. Diese besagt folgende Regelung:<\/p>\r\n<p>Maskenpflicht<\/p>\r\n<ul>\r\n<li>gilt f\u00fcr Personen ab dem 11. Lebensjahr in Treppenh\u00e4usern, Toiletten und Fluren \u2013 also da, wo sich verschiedene (feste) Gruppen begegnen k\u00f6nnen. Au\u00dferdem gilt sie dort, wo der Mindestabstand nicht eigehalten werden kann.<\/li>\r\n<li>bei Angeboten mit \u00dcbernachtung gilt sie nur tags\u00fcber. Bei der Belegung der Mehrbettzimmer soll m\u00f6glichst die Einhaltung der Mindestabstandsempfehlung erm\u00f6glicht werden.<\/li>\r\n<\/ul>\r\n<p>Veranstaltungen, Angebote mit Gruppen: jedes Angebot muss verpflichtend Gruppen mit bis zu 30 Personen bilden. Es werden also bereits bei 31 TN zwei Gruppen gebildet werden m\u00fcssen. Neue Teilnehmende k\u00f6nnen bis zur max. Personenzahl hinzukommen.<\/p>\r\n<p>Quelle: <a href=\"https:\/\/www.ljrbw.de\/corona\" target=\"_blank\" rel=\"noopener noreferrer\">https:\/\/www.ljrbw.de\/corona<\/a><\/p>\r\n<p>Somit hat sich herausgestellt, dass die &#8222;10-Personen Regel&#8220; aus dem letzten Update eine Fehlinformation war. Wir entschuldigen und an dieser Stelle und bitten um Nachsicht, wenn wir zT. falsche oder veraltete Informationen online auff\u00fchren &#8211; bei der sich dynamisch ver\u00e4nderten Infektionslage sto\u00dfen wir auch an unsere Grenzen&#8230;<\/p>\r\n<p><strong>Wichtig ist nach heutigem Stand folgendes:<\/strong><\/p>\r\n<ul>\r\n<li>Unsere Gruppenstunden (W\u00f6lflinge, Jungpfadfinder, Pfadfinder) finden <strong>wie gehabt statt <\/strong>Jedoch ist f\u00fcr jeden Teilnehmer*in die Mitnahme einer <strong>Mund-Nasen-Bedeckung sowie Handhygiene durch Waschen und\/oder desinfizieren verpflichtend!<\/strong> (vgl. Hygienekonzept)<\/li>\r\n<li>Die Leiterrunde beobachtet die Lage kontinuierlich und beh\u00e4lt sich vor, die Ma\u00dfnahmen je nach Infektionsgeschehen entsprechend anzupassen.<\/li>\r\n<\/ul>\r\n<h2>Corona-Schutzma\u00dfnahmen &#8211; Aktualisiertes Hygienekonzept und neue Regelungen<\/h2>\r\n<p>In der letzten Woche \u00fcberschritt der Stadtkreis Ulm und der Alb-Donau Kreis erstmalig die kritische Inzidenzmarke von 50 Neuinfektion pro 100000 Einwohner in 7 Tagen. Auf Grund dieses landesweit dynamischen Anstiegs des Infektionsgeschehens hat die Landesregierung von Baden-W\u00fcrttemberg die <a href=\"https:\/\/www.baden-wuerttemberg.de\/de\/service\/alle-meldungen\/meldung\/pid\/aktuelle-aenderungen-der-corona-verordnungen\/\" target=\"_blank\" rel=\"noopener noreferrer\">Corona-Verordnung (CoronaVO) erneut angepasst.<\/a> Auch wir nahmen dies zum Anlass, unser bislang bew\u00e4hrtes Hygienekonzept entsprechend zu aktualisieren. Ab Sofort ist diese Version in unser <a href=\"https:\/\/www.dpsg-ulm.de\/wordpress\/downloads\/\">Download-Ecke<\/a> zu finden. Folgende wichtige \u00c4nderungen treten durch die CoronaVO zus\u00e4tzlich in Kraft:<\/p>\r\n<ul>\r\n<li>Ab Sofort gilt in allen Gruppenstunden eine <strong>maximale Anzahl von 10 Personen<\/strong> (Teilnehmer + Leiter)<\/li>\r\n<li>Die Einhaltung der allgemeinen Hygieneregeln werden durch die Leistungsteams konsequenter <strong>kontrolliert<\/strong><\/li>\r\n<\/ul>\r\n<p>Zur Vereinfachung der Planung ist eine Anmeldung bei der jeweiligen Gruppenleitung w\u00fcnschenswert. Die Kontaktdaten finden sich unter &#8222;<a href=\"https:\/\/www.dpsg-ulm.de\/wordpress\/die-gruppen\/\">Die Gruppen<\/a>&#8222;.<\/p>\r\n<p>Sobald es weitere Neuerungen gibt, werden diese hier bekannt gegeben.<\/p>\r\n<h2>Herbstplanungen &#8211; Ausblick und R\u00fcckblick<\/h2>\r\n<p>Nachdem nun auch die letzten hei\u00dfen Tagen mit nahezu 30 Grad unweigerlich vorbei sind und das Schuljahr wieder begonnen hat, laufen nun inzwischen die Gruppenstunden an.<\/p>\r\n<p>Trotz der unsicheren Umst\u00e4nde verbrachten die Jungpfadfinder in der vorletzten Sommerferienwoche ein sch\u00f6nes Lager am Spatzenweiher. Neben der R\u00f6mer &#8211; Olympiade, die sehr knapp zwischen zwei Wettkampfgruppen entschieden wurde, standen Boot fahren, im Weiher baden und nat\u00fcrlich jede Menge anderer blauer Schabernack auf der Tagesordnung. Ein weiteres Highlight war der Abschlussabend. Merke: Tiefk\u00fchlpizza \u00fcber echtem Feuer schmeckt erstaunlich gut!<\/p>\r\n<p>In unserer Bildergalerie finden sich einige <a href=\"https:\/\/www.dpsg-ulm.de\/wordpress\/fotos-2020\/\">visuelle Eindr\u00fccke<\/a> des Jupfilagers.<\/p>\r\n<p>Stichwort blaue Stufe:&nbsp; Das Halloween-Wochenende geh\u00f6rt auch den Kobolden! Vom 30. Oktober bis 01. November 2020 wird das Fort wieder zur Geisterburg. Die Ausschreibung zu diesem Wochenende findet sich wie immer in der <a href=\"https:\/\/www.dpsg-ulm.de\/wordpress\/downloads\/\">Download-Ecke<\/a>.<\/p>\r\n<div style=\"width: 250px\" class=\"wp-caption alignright\"><a class=\"ngg-fancybox\" title=\" Foto: Christian Pubanz | DPSG Stamm Saint-Exup\u00e9ry Ulm\" href=\"https:\/\/www.dpsg-ulm.de\/wordpress\/wp-content\/gallery\/spatzenweiher\/IMG_20200919_201448_145.jpg\" target=\"_blank\" rel=\"noopener noreferrer\" data-image-id=\"443\" data-src=\"https:\/\/www.dpsg-ulm.de\/wordpress\/wp-content\/gallery\/spatzenweiher\/IMG_20200919_201448_145.jpg\" data-thumbnail=\"https:\/\/www.dpsg-ulm.de\/wordpress\/wp-content\/gallery\/spatzenweiher\/thumbs\/thumbs_IMG_20200919_201448_145.jpg\" data-title=\"IMG_20200919_201448_145\" data-description=\" \"><img loading=\"lazy\" decoding=\"async\" class=\"ngg-singlepic ngg-none\" src=\"https:\/\/www.dpsg-ulm.de\/wordpress\/wp-content\/gallery\/spatzenweiher\/thumbs\/thumbs_IMG_20200919_201448_145.jpg\" alt=\"IMG_20200919_201448_145\" width=\"240\" height=\"160\"><\/a><p class=\"wp-caption-text\">Foto: Christian Pubanz | DPSG Stamm Saint-Exup\u00e9ry Ulm<\/p><\/div>\r\n<p>Zu einem Familiennachmittag der besonderen Art lud der <a href=\"https:\/\/sjr-ulm.de\" target=\"_blank\" rel=\"noopener noreferrer\">Stadtjugendring Ulm<\/a> anl\u00e4sslich seines 75-j\u00e4hrigen am 19. September 2020 ein. Auf dem Parkplatz vor der Donaubastion und dem Roxy pr\u00e4sentierten sich alle Mitgliedsverb\u00e4nde des SJR und boten an verschiedenen Stationen spannende Kurzweil. Gemeinsam mit der <a href=\"https:\/\/pfadfinder-ulm.de\/\" target=\"_blank\" rel=\"noopener noreferrer\">DPSG Ulm-S\u00f6flingen<\/a> und der DPSG Ulm-Nord vertraten wir bei Lagerfeuer und Pfadfinderkeksen das Klischeedenken. Oder versuchten es aus den K\u00f6pfen zu bringen \ud83d\ude09 Danke an unsere &#8222;Kollegen&#8220; f\u00fcr die gute Zusammenarbeit!<\/p>\r\n<h2>Hygienekonzepte \u00fcberarbeitet<\/h2>\r\n<p>Neue Vorgaben des <a href=\"https:\/\/sozialministerium.baden-wuerttemberg.de\/de\/service\/presse\/pressemitteilung\/pid\/handlungsempfehlungen-fuer-angebote-der-kinder-und-jugendarbeit-verabschiedet-1\/\" target=\"_blank\" rel=\"noopener noreferrer\">Ministeriums f\u00fcr Soziales und Integration<\/a> machten eine Aktualisierung unseres Hygienekonzepts notwendig. Zus\u00e4tzlich wurde nun ein Pr\u00e4ventions-und Ausbruchskonzept erarbeitet. Beide Konzepte stehen in unserer <a href=\"https:\/\/www.dpsg-ulm.de\/wordpress\/downloads\/\">Download-Ecke<\/a> bereit.<\/p>\r\n<h2>Unruhige Sommerferien am Spatzenweiher<\/h2>\r\n<div style=\"width: 250px\" class=\"wp-caption alignright\"><a class=\"ngg-fancybox\" title=\" \" href=\"https:\/\/www.dpsg-ulm.de\/wordpress\/wp-content\/gallery\/spatzenweiher\/Badesteg_Spatzenweiher.jpg\" target=\"_blank\" rel=\"noopener noreferrer\" data-image-id=\"433\" data-src=\"https:\/\/www.dpsg-ulm.de\/wordpress\/wp-content\/gallery\/spatzenweiher\/Badesteg_Spatzenweiher.jpg\" data-thumbnail=\"https:\/\/www.dpsg-ulm.de\/wordpress\/wp-content\/gallery\/spatzenweiher\/thumbs\/thumbs_Badesteg_Spatzenweiher.jpg\" data-title=\"Badesteg_Spatzenweiher\" data-description=\" \"><img loading=\"lazy\" decoding=\"async\" class=\"ngg-singlepic ngg-none\" src=\"https:\/\/www.dpsg-ulm.de\/wordpress\/wp-content\/gallery\/spatzenweiher\/thumbs\/thumbs_Badesteg_Spatzenweiher.jpg\" alt=\"Badesteg_Spatzenweiher\" width=\"240\" height=\"160\"><\/a><p class=\"wp-caption-text\">Foto: Adrian Balint | DPSG Stamm Saint-Exup\u00e9ry Ulm<\/p><\/div>\r\n<p>Irgendwie ist in diesem Jahr alles anders! Gew\u00f6hnlicherweise ist bei uns im Stamm w\u00e4hrend der Schulferien &#8222;Schicht im Schacht&#8220; und niemand k\u00e4me ernsthaft auf die Idee, sich intensiv mit Lagerplanungen zu besch\u00e4ftigen. Aber wie gesagt, alles anders!<\/p>\r\n<p>Die gr\u00fcne Stufe (beste Stufe!) verbrachte am Anfang der Ferien ein kleines Sommerlager &#8211; selbstverst\u00e4ndlich unter Einhaltung aller Hygienevorschriften \ud83d\ude42 W\u00e4hrend dieses Lagers installierten die coolen Pfadis einen funkelniegelnagelneuen Badesteg, der auf unserem Instaaccount bereits einige Fans fand.<\/p>\r\n<p>Ab 31. Augusr jagen dann die frechen Kobolde der Jupfistufe am Spatzenweiher entlang und lassen das r\u00f6mische Reich aufleben. Die entsprechende Ausschreibung zu diesem Lager findet sich ab sofort in unser <a href=\"https:\/\/www.dpsg-ulm.de\/wordpress\/downloads\/\">Download-Ecke<\/a>.<\/p>\r\n<p>W\u00f6lfi und seine Freunde haben den Spatzenweiher auch schon gebucht &#8211; vom 26.-27- September werden alle mit orangenen Pelzen in Burtenbach sein, bevor dann diese ungew\u00f6hnliche Lagersaison zu Ende geht.<\/p>\r\n<p>Egal, ob ihr lagert oder nicht; wir w\u00fcnschen euch einen granatenpfadim\u00e4\u00dfigen Sommer!<\/p>\r\n<h2>Hygienekonzept online &#8211; Gruppenstunde auch f\u00fcr W\u00f6lflinge sowie Sommerlager<\/h2>\r\n<div style=\"width: 279px\" class=\"wp-caption alignleft\"><img loading=\"lazy\" decoding=\"async\" class=\"ngg-singlepic ngg-none\" src=\"https:\/\/www.dpsg-ulm.de\/wordpress\/wp-content\/gallery\/spatzenweiher\/W%C3%B6lfi_Lachen-und-Spielen.jpg\" alt=\"\" width=\"269\" height=\"333\"><p class=\"wp-caption-text\">Illustration: Teresa Diehm | DPSG<\/p><\/div>\r\n<p>Die Lockerungen in der Kinder-und Jugendarbeit nehmen rasant Fahrt auf, was auch bei uns sp\u00fcrbar wird. So hat sich die W\u00f6lflingsleitung nach genauer erneuer Abw\u00e4gung der Risikofaktoren dazu entschlossen, auch die Gruppenstunden f\u00fcr alle W\u00f6lfis wieder aufzunehmen. Damit sind nun alle Alterstufen wieder &#8222;im Gesch\u00e4ft&#8220;. Dennoch achten wir weiterhin auf gegenseitigen Schutz und haben uns dazu ein eigenes Hygienekonzept gegeben, welches ab sofort in unser <a href=\"https:\/\/www.dpsg-ulm.de\/wordpress\/downloads\/\">Download-Ecke<\/a> einsehbar ist. Wir hoffen, damit einen Beitrag zur Transparenz unserer Ma\u00dfgaben leisten zu k\u00f6nnen.<\/p>\r\n<p>Dar\u00fcber hinaus ist es uns auch wieder erlaubt -in kleineren Rahmen &#8211; Angebote f\u00fcr Sommerfreizeiten zu machen. Hierzu laufen die Planungen an. Sobald es konkrete Informationen bzw. Ausschreibungen gibt, werden diese hier ver\u00f6ffentlicht. (beziehungsweise sind bei den jeweiligen Leitungsteams zu erfragen &#8211; Kontaktadressen finden sich auf der Seite &#8222;<a href=\"https:\/\/www.dpsg-ulm.de\/wordpress\/die-gruppen\/\">Die Gruppen<\/a>&#8220; )<\/p>\r\n<h2>Gruppenstunden im Fort Albeck wieder erlaubt-schrittweise \u00d6ffnung<\/h2>\r\n<p>Nach 3 Monaten &#8222;Corona-Zwangspause&#8220; ist es uns durch die<a href=\"https:\/\/sozialministerium.baden-wuerttemberg.de\/fileadmin\/redaktion\/m-sm\/intern\/downloads\/Downloads_Gesundheitsschutz\/200612_SM_CoronaVO_Jugendhaeuser_konsolidierte_Fassung.pdf\" target=\"_blank\" rel=\"noopener noreferrer\"> Corona-Verordnung des Ministeriums f\u00fcr Soziales und Integration Baden-W\u00fcrttemberg f\u00fcr die freie Jugendarbeit\/Jugendsozialarbeit<\/a> nun wieder erlaubt, physische Gruppenstunden im Fort Albeck abzuhalten. Auf Grund der Verordnung des Ministeriums hat der Stammesvorstand Regeln f\u00fcr die Abhaltung der Gruppenstunden festgelegt und in einem Elternbrief -zun\u00e4chst f\u00fcr die Jungpfadfinder-und Pfadfinderstufe -zusammengefasst. Dieser ist in unserer <a href=\"https:\/\/www.dpsg-ulm.de\/wordpress\/downloads\/\">Download-Ecke<\/a> abrufbar und wird in den vorsichtig anfahrenden w\u00f6chentlichen Treffen weiter in Papierform an die TeilnehmerInnen ausgegeben.<\/p>\r\n<p>F\u00fcr die W\u00f6lflingsstufe entschied das Leitungsteam vorerst <strong>weiter keine Gruppenstunde<\/strong> anzubieten, da das Infektionsrisiko in dieser Altersstufe h\u00f6her eingesch\u00e4tzt wurde und wir hier die Verantwortung zum Schutz der uns anvertrauten Kinder nicht \u00fcbernehmen k\u00f6nnen. Wir bitten hier um Verst\u00e4ndnis. Neuerungen diesbez\u00fcglich werden an dieser&nbsp; Stelle rechtzeitig bekannt gegeben. F\u00fcr alle traurigen &#8222;W\u00f6lfis&#8220; bietet jedoch &#8222;<a href=\"https:\/\/www.dpsg-ulm.de\/wordpress\/corona-oder-ideen-fuer-die-gruppenstunde-zuhause\/\">Pfadis gegen Langeweile<\/a>&#8220; bzw. <a href=\"http:\/\/scoutingneverstops.de\" target=\"_blank\" rel=\"noopener noreferrer\">scoutingneverstops.de<\/a> sicherlich die ein oder andere Idee, sich zu Hause zu besch\u00e4ftigen &#8211; Klickt einfach mal vorbei!<\/p>\r\n<p><strong>Es ist f\u00fcr uns alle eine &#8222;Belastungsprobe&#8220;, die wir jedoch gemeinsam stemmen werden!<\/strong><\/p>\r\n<h2>Statement des DPSG-Bundesvorstands zu den aktuellen Entwicklungen in der Corona-Pandemie<\/h2>\r\n<div style=\"width: 250px\" class=\"wp-caption alignleft\"><a class=\"ngg-fancybox\" title=\" \" href=\"https:\/\/www.dpsg-ulm.de\/wordpress\/wp-content\/gallery\/spatzenweiher\/geschlossene_Forttuer.jpg\" target=\"_blank\" rel=\"noopener noreferrer\" data-image-id=\"430\" data-src=\"https:\/\/www.dpsg-ulm.de\/wordpress\/wp-content\/gallery\/spatzenweiher\/geschlossene_Forttuer.jpg\" data-thumbnail=\"https:\/\/www.dpsg-ulm.de\/wordpress\/wp-content\/gallery\/spatzenweiher\/thumbs\/thumbs_geschlossene_Forttuer.jpg\" data-title=\"geschlossene_Forttuer\" data-description=\" \"><img loading=\"lazy\" decoding=\"async\" class=\"ngg-singlepic ngg-none\" src=\"https:\/\/www.dpsg-ulm.de\/wordpress\/wp-content\/gallery\/spatzenweiher\/thumbs\/thumbs_geschlossene_Forttuer.jpg\" alt=\"\" width=\"240\" height=\"160\"><\/a><p class=\"wp-caption-text\">Foto: Adrian Balint | DPSG Stamm Saint-Exup\u00e9ry Ulm<\/p><\/div>\r\n<p>Lest hier die aktuellste <a href=\"http:\/\/s.dpsg.de\/coronamai\/\" target=\"_blank\" rel=\"noopener noreferrer\">Stellungnahme des Bundesvorstands der DPSG zur aktuellen Pandemielage<\/a>. Hier werden u.a. Fragen zu einer Aussetzung\/Verringerung des Mitgliederbeitrags beantwortet.<\/p>\r\n<p>Sowohl f\u00fcr das Land Baden-W\u00fcrttemberg, als auch f\u00fcr die Di\u00f6zese Rottenburg-Stuttgart gelten <strong>bis 05. Juni 2020<\/strong> die bekannten Kontaktbeschr\u00e4nkungen. Bis mindestens zum Ablauf dieses Datums finden <strong>keine Gruppenstunden und Veranstaltungen bei uns im Stamm statt<\/strong>.<\/p>\r\n<p>Wir beobachten die Situation stetig weiter und geben Neuigkeiten \u00fcber die bekannten Kan\u00e4le sofort bekannt. Bleibt gesund!<\/p>\r\n<h2>Video zum Patrozinium von St. Georg<\/h2>\r\n<p><a href=\"https:\/\/katholische-kirche-ulm-mitte-ost.de\/st-georg-2\/\" target=\"_blank\" rel=\"noopener noreferrer\">Unsere Gemeinde St. Georg<\/a> nutzt in diesen Zeiten auch vermehrt digitale Kan\u00e4le, um die Gl\u00e4ubigen zu erreichen. Heute, am 26. April, w\u00e4re das Patrozinium mit unserem Georgslauf gewesen. Um sich trotzdem ein bisschen besinnen zu k\u00f6nnen findet ihr hier einen Videogru\u00df, an dem auch Christian von den Jupfis mitgewirkt hat. Viel Spa\u00df beim Anschauen!<\/p>\r\n<p><iframe loading=\"lazy\" src=\"https:\/\/www.youtube.com\/embed\/2OwAxlLr4Uo\" width=\"560\" height=\"315\" frameborder=\"0\" allowfullscreen=\"allowfullscreen\" data-mce-fragment=\"1\"><\/iframe><\/p>\r\n<p>&nbsp;<\/p>\r\n<h2>Update zu den Ma\u00dfnahmen gegen die Eind\u00e4mmung des Corona-Virus<\/h2>\r\n<p>Auf Grund der aktuellen <a href=\"https:\/\/sozialministerium.baden-wuerttemberg.de\/fileadmin\/redaktion\/m-sm\/intern\/downloads\/Downloads_Gesundheitsschutz\/200423_CoronaVO_Konsolidierte_Fassung_nach6AendVO_Stand_ab_270420.pdf\" target=\"_blank\" rel=\"noopener noreferrer\">Corona-Verordnung des Sozialministeriums Baden-W\u00fcrttemberg<\/a> sind Zusammenk\u00fcnfte in Vereinen\/der freien Jugendhilfe bis einschlie\u00dflich <strong>03. Mai 2020<\/strong> untersagt. Das betrifft auch alle unsere Gruppenstunden und sonstige bis zu diesem Termin urspr\u00fcnglich geplanten Zusammenk\u00fcnfte (<strong>Georgslauf am 26. April 2020<\/strong>).<\/p>\r\n<p>Weiter wurden der <strong>Reperaturtag am 09. Mai 2020, sowie der Tag der Festung am 07. Juni 2020<\/strong> abgesagt. Der Stammesvorstand und die Leiterrunde beobachtet die Lage weiterhin intensiv; kann jedoch nicht absch\u00e4tzen, wann und welcher Form Gruppenstunden und Sommerlager stattfinden k\u00f6nnen. Wir bitten um Verst\u00e4ndnis. Neue Entscheidungen diesbez\u00fcglich werden an dieser Stelle rechtzeitig kommuniziert.<\/p>\r\n<p>Wir verweisen solange auf <a href=\"https:\/\/www.scoutingneverstops.de\/\" target=\"_blank\" rel=\"noopener noreferrer\">scoutingneverstops.de<\/a> sowie auf unsere <a href=\"https:\/\/www.dpsg-ulm.de\/wordpress\/corona-oder-ideen-fuer-die-gruppenstunde-zuhause\/\">&#8222;Pfadis gegen Langeweile&#8220;<\/a> Sonderseite.<\/p>\r\n<p>Bleibt gesund und passt auf euch auf! Gut Pfad!<\/p>\r\n<p>\u00dcbrigens: Ab <strong>27. April 2020<\/strong> gibt es auch bei uns eine Maskenpflicht im \u00d6PNV und beim Einkaufen. Der <a href=\"https:\/\/www.stamm-neuburg.de\/\" target=\"_blank\" rel=\"noopener noreferrer\">Stamm Neuburg<\/a> hat da eine Idee f\u00fcr euch &#8211; Schaut in unsere <a href=\"https:\/\/www.dpsg-ulm.de\/wordpress\/downloads\/\">Download-Ecke<\/a>!<\/p>\r\n<h2>&#8222;Pfadis gegen Langeweile&#8220; &#8211; das neue Angebot f\u00fcr die Gruppenstunde zuhause<\/h2>\r\n<p>3 Wochen und keine Gruppenstunde &#8211; da kommt irgendwann Langeweile auf &#8211; oder? Nicht mit uns! Ab heute bietet die Leiterrunde auf <a href=\"https:\/\/www.dpsg-ulm.de\/wordpress\/corona-oder-ideen-fuer-die-gruppenstunde-zuhause\/\">pfadisgegenlangeweile.dpsg-ulm.de<\/a> Ideen und Material f\u00fcr eine eigene Gruppenstunde w\u00e4hrend der Coronazeit an. Dabei werden wir versuchen, jede Stufe zu ber\u00fccksichtigen, was uns nicht immer gelingen wird &#8211; dennoch versuchen wir, bis die Gruppenstunden wieder aufgenommen werden k\u00f6nnen, euch auf diesem neuen Portal zu unterhalten. Oder ihr schaut auf <a href=\"http:\/\/scoutingneverstops.de\" target=\"_blank\" rel=\"noopener noreferrer\">scoutingneverstops.de, <\/a>dem Blog des Bundesverbandes, vorbei. Dort findet ihr auch jede Menge Ideen.<\/p>\r\n<p>Wir w\u00fcnschen euch allen ein besonderes Osterfest, bleibt gesund und passt auf euch und eure Liebsten gut auf!<\/p>\r\n<h2>coronector.de &#8211; die Jugendarbeit hilft!<\/h2>\r\n<p>\u201eIch bin jung, deswegen juckt mich der Coronavirus nicht\u201c ist der Zwillingsbruder von: \u201eIch bin alt, deswegen ist mir der Klimawandel egal\u201c. Provokationen wie diese kann man in diesen Tag in sozialen Netzwerken finden. Die Mitarbeiter*innen des <a href=\"http:\/\/ehingen-ulm.bdkj.info\" target=\"_blank\" rel=\"noopener noreferrer\">Bund Deutscher Katholischer Jugend (BDKJ)<\/a> nehmen genau das Gegenteil wahr. Junge Menschen in den Jugendverb\u00e4nden des BDKJ setzen sich in dieser Coronakriesenzeit ein: f\u00fcr Nachbarn, \u00e4ltere Mitmenschen, Freund und Bekannte.<\/p>\r\n<p>Um die Versorgung im Stadtgebiet Ulm sicherzustellen haben sich die Pfadfinder der <a href=\"http:\/\/pfadfinder-ulm.de\" target=\"_blank\" rel=\"noopener noreferrer\">DPSG Gruppe Ulm-S\u00f6flingen<\/a> ganz sch\u00f6n ins Zeugs gelegt und kurzerhand \u201eCoronector\u201c programmiert. HelferInnen sowie Hilfesuchende k\u00f6nne sich online registrieren. Einfach Name, Adresse und Hilfe angeben. Fertig. Die Mitglieder der drei DPSG Gruppen in Ulm sowie Ehrenamtliche der <a href=\"http:\/\/zeltlager-boefingen.de\/kjg-boefingen.html\" target=\"_blank\" rel=\"noopener noreferrer\">Katholischen Jungen Gemeinde (KJG)<\/a> organisieren sich dann untereinander, wer den Hilferuf erledigt. Die Registrierung ist ganz einfach unter folgendem Link m\u00f6glich: <a href=\"http:\/\/coronector.de\" target=\"_blank\" rel=\"noopener noreferrer\">coronector.de<\/a><\/p>\r\n<p>In der <a href=\"https:\/\/www.dpsg-ulm.de\/wordpress\/downloads\/\">Downloadecke<\/a> gibt es den Flyer des von unserem Stamm mitangesto\u00dfenen Hilfsangebot zum Herunterladen. Scheut euch nicht, uns anzusprechen, wenn ihr Unterst\u00fctzung w\u00e4hrend der Corona-Pandemie ben\u00f6tigt. Oder ihr wollt selbst helfen? F\u00fcr coronector.de ist <a href=\"https:\/\/www.dpsg-ulm.de\/wordpress\/kontakt\/\">Christian Pubanz, Stammesvorstand<\/a>, zust\u00e4ndig.<\/p>\r\n<h2>Corona: Vorl\u00e4ufige Einstellung aller Stammesaktivit\u00e4ten bis Ende der Osterferien<\/h2>\r\n<p>Mit der heutigen <a href=\"https:\/\/static.kultus-bw.de\/site\/pbs-bw-new\/get\/documents\/KULTUS.Dachmandant\/KULTUS\/KM-Homepage\/Pressemitteilungen\/Pressemitteilungen%202020\/2020%2003%2013%20Corona%20Schlie%C3%9Fungen%20Schulen%20Kitas%20Tagespflege.pdf\" target=\"_blank\" rel=\"noopener noreferrer\">Ank\u00fcndigung des Kultusministeriums Baden-W\u00fcrttemberg<\/a> sehen auch wir als Stamm uns in der Pflicht zu handeln.<\/p>\r\n<p>Alle unsere Gruppenstunden (W\u00f6lfllinge, Jungpfadfinder und Pfadfinder) werden bis zum Ende der Osterferien eingestellt und finden nicht statt. <strong>Dies schlie\u00dft auch die Stammesversammlung und die Mitgliederversammlung der Freunde und F\u00f6rderer, am Sonntag, den 15. M\u00e4rz 2020 ein.<\/strong><\/p>\r\n<p>Wir sind der Ansicht, dass jede Risikominimierung gut und richtig ist. Besonders wir als Pfadfinder tragen Verantwortung gegen\u00fcber unseren Mitmenschen.&nbsp; In der deutlich versch\u00e4rften Situation kann und darf man diese Tatsachen nicht ignorieren.<\/p>\r\n<p>Schweren Herzens hat sich der Vorstand von &#8222;St-Ex&#8220; zu diesem schmerzenden, aber notwendigen Schritt entschlossen. Wir bitten alle Eltern und Pfadfinder um Verst\u00e4ndnis. Die Lage wird beobachtet und bei Bedarf neu bewertet.<\/p>\r\n<h2>Stamm Saint-Exup\u00e9ry am 11. Tag der Festung vertreten<\/h2>\r\n<div style=\"width: 291px\" class=\"wp-caption alignleft\"><a class=\"ngg-fancybox\" title=\" \" href=\"https:\/\/www.dpsg-ulm.de\/wordpress\/wp-content\/gallery\/150-jahre-bundesfestung-ulm\/p1010252-1.jpg\" target=\"_blank\" rel=\"noopener noreferrer\" data-image-id=\"13\" data-src=\"https:\/\/www.dpsg-ulm.de\/wordpress\/wp-content\/gallery\/150-jahre-bundesfestung-ulm\/p1010252-1.jpg\" data-thumbnail=\"https:\/\/www.dpsg-ulm.de\/wordpress\/wp-content\/gallery\/150-jahre-bundesfestung-ulm\/thumbs\/thumbs_p1010252-1.jpg\" data-title=\"p1010252\" data-description=\" \"><img loading=\"lazy\" decoding=\"async\" class=\"ngg-singlepic ngg-left\" src=\"https:\/\/www.dpsg-ulm.de\/wordpress\/wp-content\/gallery\/150-jahre-bundesfestung-ulm\/thumbs\/thumbs_p1010252-1.jpg\" alt=\"\" width=\"281\" height=\"187\"><\/a><p class=\"wp-caption-text\">Foto: Archiv | DPSG Stamm Saint-Exup\u00e9ry Ulm<\/p><\/div>\r\n<p>Am <strong>Sonntag, den 07. Juni 2020<\/strong> findet der \u201e11.Tag der Festung\u201c; veranstaltet vom <a href=\"http:\/\/www.festung-ulm.de\/\" target=\"_blank\" rel=\"noopener noreferrer\">F\u00f6rderkreis Bundesfestung Ulm e.V.<\/a> , statt. Auch wir&nbsp; nehmen an dieser Veranstaltung teil.<\/p>\r\n<p>In der Zeit von <strong>10-17 Uhr<\/strong> gibt es f\u00fcr interessierte Besucher im Fort Albeck am Safranberg die Gelegenheit, die R\u00e4umlichkeiten des Reduitgeb\u00e4udes, welches unter anderem als Vereinsheim die Pfadfinder von St. Georg beherbergt, zu besichtigen und sich dabei auf den ein oder anderen historischen Exkurs zu begeben. Abgerundet wird das Angebot durch Kaffee und Kuchen.Und nat\u00fcrlich geht es in der hinter dem Fort aufgebauten Jurte bei Stockbrot am Feuer ganz pfadfinderisch zu.<\/p>\r\n<p><br>Wir w\u00fcrden uns freuen, Sie und euch am 07. Juni bei uns begr\u00fc\u00dfen zu k\u00f6nnen!<\/p>\r\n<p>&nbsp;<\/p>\r\n<h2>&#8222;Rollimap&#8220; jetzt auch zum Download verf\u00fcgbar!<\/h2>\r\n<div style=\"width: 250px\" class=\"wp-caption alignright\"><a class=\"ngg-fancybox\" title=\" Foto: Christian Pubanz | DPSG Stamm Saint-Exup\u00e9ry Ulm\" href=\"https:\/\/www.dpsg-ulm.de\/wordpress\/wp-content\/gallery\/72-stunden-2019\/Rollimaps_Homepage.jpg\" target=\"_blank\" rel=\"noopener noreferrer\" data-image-id=\"429\" data-src=\"https:\/\/www.dpsg-ulm.de\/wordpress\/wp-content\/gallery\/72-stunden-2019\/Rollimaps_Homepage.jpg\" data-thumbnail=\"https:\/\/www.dpsg-ulm.de\/wordpress\/wp-content\/gallery\/72-stunden-2019\/thumbs\/thumbs_Rollimaps_Homepage.jpg\" data-title=\"Rollimaps_Homepage\" data-description=\" \"><img loading=\"lazy\" decoding=\"async\" class=\"ngg-singlepic ngg-right\" src=\"https:\/\/www.dpsg-ulm.de\/wordpress\/wp-content\/gallery\/72-stunden-2019\/thumbs\/thumbs_Rollimaps_Homepage.jpg\" alt=\"Rollimaps_Homepage\" width=\"240\" height=\"160\"><\/a><p class=\"wp-caption-text\">Foto: Christian Pubanz | DPSG Stamm Saint-Exup\u00e9ry Ulm<\/p><\/div>\r\n<p>Auf vielfachen Wunsch stehen nun die von der Pfadfinderstufe gefertigten &#8222;Rollimaps&#8220; der Ulmer Innenstadt sowie der Friedrichsau in unserer <a href=\"https:\/\/www.dpsg-ulm.de\/wordpress\/downloads\/\">Download-Ecke<\/a> zum Abruf bereit. Die &#8222;Rollimaps&#8220; waren das Stufenprojekt der Pfadfinderstufe w\u00e4hrend der &#8222;<a href=\"https:\/\/www.dpsg-ulm.de\/wordpress\/72-stunden-uns-schickt-der-himmel\/\">72-Stunden<\/a>&#8222;, die mit Unterst\u00fctzung der <a href=\"https:\/\/www.ulm.de\/\" target=\"_blank\" rel=\"noopener noreferrer\">Stadt Ulm<\/a> sowie des &#8222;<a href=\"https:\/\/www.caritas-ulm-alb-donau.de\/hilfe-und-beratung\/behinderung\/club-koerperbehinderte-und-ihre-freunde\/club-koerperbehinderte-und-ihre-freunde\" target=\"_blank\" rel=\"noopener noreferrer\">Clubs K\u00f6rperbehinderte und Ihrer Freunde<\/a>&#8220; -einer Einrichtung der Caritas Ulm Alb-Donau &#8211; gestaltet wurde.<\/p>\r\n<h2>Stammesversammlung am 15.03.2020<\/h2>\r\n<p>Unsere diesj\u00e4hrige Stammesversammlung findet am <strong>Sonntag, den 15.03.2020 um 17:00 Uhr<\/strong> im Fort Albeck statt.<\/p>\r\n<p>Die offizielle Einladung an alle stimm- und beratungsberechtigten Mitglieder wurde versendet und steht zus\u00e4tzlich in unserer <a href=\"https:\/\/www.dpsg-ulm.de\/wordpress\/downloads\/\">Download-Ecke<\/a> zum Abruf.<\/p>\r\n<p>\u00dcber zahlreiches Erscheinen &#8211; nach M\u00f6glichkeit in Kluft- w\u00fcrden wir uns freuen.<\/p>\r\n<p>Am selben Tag um <strong>14:00 Uhr<\/strong> findet dar\u00fcber hinaus die Jahresversammlung der Freunde und F\u00f6rderer unseres Stammes statt &#8211; Die Einladung dieser Versammlung steht ebenfalls in der <a href=\"https:\/\/www.dpsg-ulm.de\/wordpress\/downloads\/\">Download-Ecke<\/a> zum Abruf!<\/p>\r\n<h2>Der obligatorische Neujahrsputz &#8211; oder neues von &#8222;St-Ex&#8220;<\/h2>\r\n<p>Das neue Jahrzehnt, was nun auch schon wieder einen ganzen Monat alt ist, beginnt bei uns auf der Homepage mit dem obligatorischen &#8222;Neujahrsputz&#8220;. Alle Beitr\u00e4ge aus dem vergangenen Jahr sind -wie immer- in unser <a href=\"https:\/\/www.dpsg-ulm.de\/wordpress\/archiv\/\">Archiv<\/a> gewandert und stehen dort nat\u00fcrlich &#8211; wie auch alle \u00fcbrigen Jahre- weiter zum Abruf bereit.<\/p>\r\n<p>Apropos Homepage: Vielleicht habt ihr schon auf der rechten Spalte unseren neuen Kalender entdeckt, der euch noch aktueller \u00fcber Termine im Stamm und euren Gruppen informiert. Mit Klick auf &#8222;Zur vollst\u00e4ndigen Kalender\u00fcbersicht&#8220; k\u00f6nnt ihr, anhand eurer Stufenlilie bzw des W\u00f6lfikopfs noch n\u00e4her sehen, welche Termine f\u00fcr euch interessant sind. Probierts einfach mal aus.<\/p>\r\n<p>Auf ein frohes und supertolles neues Pfadijahr!<\/p>\r\n<p style=\"text-align: right;\"><a href=\"#top\">-zum Seitenanfang-<\/a><\/p>\r\n<p>&nbsp;<\/p>\r\n<h2 id=\"2019\">Frohe Weihnachten und einen guten Rutsch!<a class=\"ngg-fancybox\" title=\" \" href=\"https:\/\/www.dpsg-ulm.de\/wordpress\/wp-content\/gallery\/spatzenweiher\/weihnachtspfadi-mit-baum.png\" target=\"_blank\" rel=\"noopener noreferrer\" data-image-id=\"425\" data-src=\"https:\/\/www.dpsg-ulm.de\/wordpress\/wp-content\/gallery\/spatzenweiher\/weihnachtspfadi-mit-baum.png\" data-thumbnail=\"https:\/\/www.dpsg-ulm.de\/wordpress\/wp-content\/gallery\/spatzenweiher\/thumbs\/thumbs_weihnachtspfadi-mit-baum.png\" data-title=\"weihnachtspfadi-mit-baum\" data-description=\" \"><img loading=\"lazy\" decoding=\"async\" class=\"ngg-singlepic ngg-none alignright\" src=\"https:\/\/www.dpsg-ulm.de\/wordpress\/wp-content\/gallery\/spatzenweiher\/thumbs\/thumbs_weihnachtspfadi-mit-baum.png\" alt=\"weihnachtspfadi-mit-baum\" width=\"240\" height=\"160\"><\/a><\/h2>\r\n<p>Wir verabschieden uns f\u00fcr dieses Jahr und w\u00fcnschen allen Mitgliedern, Freunden und G\u00f6nnen unseres Stammes ein frohes und besinnliches Weihnachtsfest und einen guten Rutsch ins neue Jahr!<\/p>\r\n<p>Viele sch\u00f6ne Ereignisse zeichneten unser Stammesleben in 2019 aus. Auf unseren Seiten k\u00f6nnt ihr diese nochmal Revue passieren lassen &#8211; zB. mit der umfangreichen Dokumentaion der <a href=\"http:\/\/72stunden.dpsg-ulm.de\" target=\"_blank\" rel=\"noopener noreferrer\">72-Stunden Aktion<\/a>.<\/p>\r\n<p>Schaut euch es gerne nochmal an!<\/p>\r\n<h2>Friedenslicht 2019 &#8211; Es ist in Ulm!<\/h2>\r\n<p>Auch in diesem Jahr machte das Friedenslicht Station in Ulm. Am dritten Adventssontag, dem 15. Dezember 2019 sammelten sich die DPSG-St\u00e4mme Ulm-S\u00f6flingen, Ulm-Nord und wir uns am Ulmer Hauptbahnhof und nahmen das Licht aus dem ICE um 8:47 Uhr entgegen.<\/p>\r\n<p>Nachdem wir uns mit Seelen, Brezeln und Br\u00f6tchen vom B\u00e4cker eingedeckt hatten, liefen wir zu Fu\u00df bis St. Georg. Mit den frischen Backwaren st\u00e4rkten wir uns bei einem ausgiebigen Fr\u00fchst\u00fcck f\u00fcr den Adventsgottesdienst.<\/p>\r\n<p>Auf den Tag genau vor 75 Jahren wurde Ulm durch amerikanische Jagdbomber dem Erdboden gleichgemacht. Zu dieser Zeit h\u00e4tten sich die Einwohner Ulms ein solches Friedenszeichen sicherlich gew\u00fcnscht! &#8222;Mut zum Frieden&#8220;-das diesj\u00e4hrge Motto war gerade deswegen&nbsp; in Ulm ein sehr passendes!<\/p>\r\n<p>Vor und nach dem Gottesdienst war unser Kerzenstand gut besucht. Gegen einen Beitrag auf Spendenbasis waren die Friedenslichter rasch leer.<\/p>\r\n<p>In der <a href=\"https:\/\/www.dpsg-ulm.de\/wordpress\/fotos-2019\/\">Galerie<\/a> gibt es ein paar bildliche Eindr\u00fccke.<\/p>\r\n<p>&nbsp;<\/p>\r\n<div style=\"width: 250px\" class=\"wp-caption alignleft\"><a class=\"ngg-fancybox\" title=\" \" href=\"https:\/\/www.dpsg-ulm.de\/wordpress\/wp-content\/gallery\/spatzenweiher\/Advents_Kobold.jpg\" target=\"_blank\" rel=\"noopener noreferrer\" data-image-id=\"424\" data-src=\"https:\/\/www.dpsg-ulm.de\/wordpress\/wp-content\/gallery\/spatzenweiher\/Advents_Kobold.jpg\" data-thumbnail=\"https:\/\/www.dpsg-ulm.de\/wordpress\/wp-content\/gallery\/spatzenweiher\/thumbs\/thumbs_Advents_Kobold.jpg\" data-title=\"Advents_Kobold\" data-description=\" \"><img loading=\"lazy\" decoding=\"async\" class=\"ngg-singlepic ngg-none\" src=\"https:\/\/www.dpsg-ulm.de\/wordpress\/wp-content\/gallery\/spatzenweiher\/thumbs\/thumbs_Advents_Kobold.jpg\" alt=\"Advents_Kobold\" width=\"240\" height=\"160\"><\/a><p class=\"wp-caption-text\">Illustration: Teresa Diehm | DPSG<\/p><\/div>\r\n<h2>Koboldige Adventsfeier -ABGESAGT-<\/h2>\r\n<p>Auf Grund von Erkrankungen bei den angemeldeten Teilnehmern wurde unsere Adventsfeier kurzfristig leider abgesagt. Wir bedauern das sehr und bitten um Verst\u00e4ndnis!<\/p>\r\n<p>Direkt nach dem Friedenslicht l\u00e4dt die Jungpfadfinderstufe alle Stammesmitglieder zu einem gem\u00fctlIchen Adventsmittag im Fort Albeck ein. Zwischen <strong>13-18 Uhr, ebenfalls am 3. Adventssonntag, dem 15. Dezember 2019<\/strong>, k\u00f6nnen bei Keksen und Punsch erz\u00e4hlt, Spiele gespielt oder Weihnachtsfilme geschaut werden.<\/p>\r\n<p>N\u00e4here Infos gibt es auch in der Ausschreibung in unserer <a href=\"https:\/\/www.dpsg-ulm.de\/wordpress\/downloads\/\">Download-Ecke<\/a>.<\/p>\r\n<h2>Friedenslicht 2019 &#8211; Mut zum Frieden!<\/h2>\r\n<div style=\"width: 250px\" class=\"wp-caption alignright\"><a class=\"ngg-fancybox\" title=\" Friedenslichtplakat 2019 \u201cMut zum Frieden\u201d\" href=\"https:\/\/www.dpsg-ulm.de\/wordpress\/wp-content\/gallery\/spatzenweiher\/csm_FriedenslichtPlakat2019_A6_ohne_Freifeld_065def44ae.jpg\" target=\"_blank\" rel=\"noopener noreferrer\" data-image-id=\"423\" data-src=\"https:\/\/www.dpsg-ulm.de\/wordpress\/wp-content\/gallery\/spatzenweiher\/csm_FriedenslichtPlakat2019_A6_ohne_Freifeld_065def44ae.jpg\" data-thumbnail=\"https:\/\/www.dpsg-ulm.de\/wordpress\/wp-content\/gallery\/spatzenweiher\/thumbs\/thumbs_csm_FriedenslichtPlakat2019_A6_ohne_Freifeld_065def44ae.jpg\" data-title=\"csm_FriedenslichtPlakat2019_A6_ohne_Freifeld_065def44ae\" data-description=\" \"><img loading=\"lazy\" decoding=\"async\" class=\"ngg-singlepic ngg-none\" src=\"https:\/\/www.dpsg-ulm.de\/wordpress\/wp-content\/gallery\/spatzenweiher\/thumbs\/thumbs_csm_FriedenslichtPlakat2019_A6_ohne_Freifeld_065def44ae.jpg\" alt=\"csm_FriedenslichtPlakat2019_A6_ohne_Freifeld_065def44ae\" width=\"240\" height=\"160\"><\/a><p class=\"wp-caption-text\">Friedenslichtplakat 2019 \u201cMut zum Frieden\u201d<\/p><\/div>\r\n<p>Die diesj\u00e4hrige <a href=\"http:\/\/www.friedenslicht.de\" target=\"_blank\" rel=\"noopener noreferrer\">Friedenslichtaktion<\/a> steht unter dem Motto: \u201eMut zum Frieden\u201c.<\/p>\r\n<p>Wir ermutigen daher alle Pfadfinderinnen und Pfadfinder und alle Menschen guten Willens, sich gemeinsam auf diesen Weg zu machen und das Friedenslicht aus Bethlehem als Zeichen des Friedens an zahlreichen Orten in ganz Deutschland an alle Menschen weiterzureichen.<\/p>\r\n<p>Auch bei uns in Ulm kommt das Friedenslicht am <strong>3. Adventssonntag, dem&nbsp; 15. Dezember 2019<\/strong> mit dem Zug am Hauptbahnhof in Ulm an. Wir nehmen es dort -gemeinsam mit den anderen Ulmer DPSG-St\u00e4mmen, Ulm-Nord und Ulm S\u00f6flingen- <strong>ab 08:30 Uhr<\/strong> in Empfang und bringen es zum Sonntagsgottesdienst in St. Georg, der um <strong>10:30 Uhr<\/strong> beginnt. Vor und nach dem Gottesdienst k\u00f6nnen an unserem Kerzenstand entsprechende Lichter auf freiwilliger Spendenbasis bezogen werden &#8211; die Flamme gibt es nat\u00fcrlich kostenlos.<\/p>\r\n<p>Bitte erscheint zahlreich &#8211; wer hat in Kluft.<\/p>\r\n<h2>Schabernack im Fort &#8211; oder Halloweenlager vom 30. Oktober bis 01. November 2019<\/h2>\r\n<p>Der Kobold liebt Schabernack und hat sich deswegen ins Fort geschlichen. Aber alleine Schabernack treiben&#8230;neee das ist voll \u00f6de! Deswegen w\u00fcrde er sich freuen, wenn viele Jupfis ihm helfen, die Leute zu \u00e4rgern \ud83d\ude42<\/p>\r\n<p>F\u00fcllt also die Anmeldung schnell aus, die in der Download-Ecke bereitsteht und seit dabei!<br><br>Das Leitungsteam der Jungpfadfinder und nat\u00fcrlich der Kobold! &nbsp;<\/p>\r\n<h2>Die erste Woche nach den Sommerferien&#8230;<\/h2>\r\n<p>&#8230;ist \u00fcberstanden. Auch bei uns h\u00e4lt der Gruppenstundenalltag langsam aber sicher wieder Einzug. Dennoch blicken wir dankbar auf ein tolles Lager mit unseren tschechischen Freunden zur\u00fcck. Wir sind sehr stolz, dass die S\u00fcdwestPresse \u00fcber unsere Fahrt nach Humpolec berichtete. Der Artikel ist in unserem neu eingerichteten Presse- und \u00d6ffentlichkeitsarbeitsbereich abrufbar. Den Link findet ihr im rechten Men\u00fc.<\/p>\r\n<p>Fast schon traditionell, aber lieb gewonnen ist die Teilnahme am <a href=\"https:\/\/goo.gl\/maps\/71gSbLm22u5ChKRd6\" target=\"_blank\" rel=\"noopener noreferrer\">Rechbergwegfest<\/a> am <strong>Freitag, den 20. September 2019<\/strong>. Gerne k\u00f6nnnt ihr vorbeikommen und an unseren Spielstationen euch austoben. \ud83d\ude42 Los gehts ab <strong>16:30 Uhr<\/strong>.<\/p>\r\n<h2>Tschechien &#8211; wir kommen!<\/h2>\r\n<p>Endlich! N\u00e4chste Woche ist es soweit &#8211; unser Lager bei Humpolec in Tschechien steht an! Wir werden als Hogwarts-Sch\u00fcler mit unseren tschechischen Freunden sicher das ein oder andere Abenteuer erleben.<\/p>\r\n<p>Wir treffen uns zur Abreise am <strong>Freitag, den 26. Juli 2019 um 20:00 Uhr<\/strong> am Fort Albeck. Der Bus rollt dann planm\u00e4\u00dfig <strong>um 21:00 Uhr<\/strong> los. Die R\u00fcckfahrdaten werden -sobald diese feststehen- an dieser Stelle noch kommuniziert.<\/p>\r\n<p>\u00dcbrigens: In unserer Download-Ecke gibt es ab sofort die <a href=\"http:\/\/www.dpsg-ulm.de\/wordpress\/downloads\/\">Packliste f\u00fcrs Lager<\/a> zum Herunterladen &#8211; damit nichts vergessen wird.<\/p>\r\n<h2>Spielstra\u00dfe am 02. Juni 2019<\/h2>\r\n<div style=\"width: 250px\" class=\"wp-caption alignright\"><a class=\"ngg-fancybox\" title=\" \" href=\"https:\/\/www.dpsg-ulm.de\/wordpress\/wp-content\/gallery\/spatzenweiher\/IMG-20190602-WA0016.jpg\" target=\"_blank\" rel=\"noopener noreferrer\" data-image-id=\"375\" data-src=\"https:\/\/www.dpsg-ulm.de\/wordpress\/wp-content\/gallery\/spatzenweiher\/IMG-20190602-WA0016.jpg\" data-thumbnail=\"https:\/\/www.dpsg-ulm.de\/wordpress\/wp-content\/gallery\/spatzenweiher\/thumbs\/thumbs_IMG-20190602-WA0016.jpg\" data-title=\"IMG-20190602-WA0016\" data-description=\" \"><img loading=\"lazy\" decoding=\"async\" class=\"ngg-singlepic ngg-right\" src=\"https:\/\/www.dpsg-ulm.de\/wordpress\/wp-content\/gallery\/spatzenweiher\/thumbs\/thumbs_IMG-20190602-WA0016.jpg\" alt=\"IMG-20190602-WA0016\" width=\"240\" height=\"160\"><\/a><p class=\"wp-caption-text\">Spielstra\u00dfe beim Abenteuerland vor St. Georg Fotos: Claudius Sch\u00f6nfelder<\/p><\/div>\r\n<h2><a class=\"ngg-fancybox\" title=\" \" href=\"https:\/\/www.dpsg-ulm.de\/wordpress\/wp-content\/gallery\/spatzenweiher\/IMG-20190602-WA0014.jpg\" target=\"_blank\" rel=\"noopener noreferrer\" data-image-id=\"376\" data-src=\"https:\/\/www.dpsg-ulm.de\/wordpress\/wp-content\/gallery\/spatzenweiher\/IMG-20190602-WA0014.jpg\" data-thumbnail=\"https:\/\/www.dpsg-ulm.de\/wordpress\/wp-content\/gallery\/spatzenweiher\/thumbs\/thumbs_IMG-20190602-WA0014.jpg\" data-title=\"IMG-20190602-WA0014\" data-description=\" \"><img loading=\"lazy\" decoding=\"async\" class=\"ngg-singlepic ngg-right alignnone\" src=\"https:\/\/www.dpsg-ulm.de\/wordpress\/wp-content\/gallery\/spatzenweiher\/thumbs\/thumbs_IMG-20190602-WA0014.jpg\" alt=\"IMG-20190602-WA0014\" width=\"240\" height=\"160\"><\/a><\/h2>\r\n<p>Wie im letzten Jahr sorgte unser Stamm beim &#8222;Abenteuerland&#8220; Gottesdienst<br>mit mehreren Spielstationen bei den kleinsten Besuchern f\u00fcr eine spannende Kurzweil. In diesem Jahr zeichnete die Jungpfadfinderstufe sich f\u00fcr die Durchf\u00fchrung und Stationsbetreuung verantwortlich.<\/p>\r\n<h2>72-Stunden Aktionshomepage<\/h2>\r\n<div style=\"width: 250px\" class=\"wp-caption alignleft\"><a class=\"ngg-fancybox\" title=\"Stoppi und Biene - die Maskottchen der 72-Stunden Aktion \" href=\"https:\/\/www.dpsg-ulm.de\/wordpress\/wp-content\/gallery\/spatzenweiher\/171109_Stoppi_und_Biene_grau.jpg\" target=\"_blank\" rel=\"noopener noreferrer\" data-image-id=\"349\" data-src=\"https:\/\/www.dpsg-ulm.de\/wordpress\/wp-content\/gallery\/spatzenweiher\/171109_Stoppi_und_Biene_grau.jpg\" data-thumbnail=\"https:\/\/www.dpsg-ulm.de\/wordpress\/wp-content\/gallery\/spatzenweiher\/thumbs\/thumbs_171109_Stoppi_und_Biene_grau.jpg\" data-title=\" \" data-description=\"Stoppi und Biene - die Maskottchen der 72-Stunden Aktion \"><img loading=\"lazy\" decoding=\"async\" class=\"ngg-singlepic ngg-left\" src=\"https:\/\/www.dpsg-ulm.de\/wordpress\/wp-content\/gallery\/spatzenweiher\/thumbs\/thumbs_171109_Stoppi_und_Biene_grau.jpg\" alt=\" \" width=\"240\" height=\"160\"><\/a><p class=\"wp-caption-text\">Stoppi und Biene &#8211; die Maskottchen der 72-Stunden Aktion c BDKJ Bundesverbad<\/p><\/div>\r\n<p>&nbsp;<\/p>\r\n<p>Wer sich gefragt hat, wo&nbsp; Berichte zur 72-Stunden Aktion geblieben sind, den m\u00f6chten wir gerne auf unsere 72-Stunden Aktionshomepage verweisen. Nach mehreren Tagen -teilweise auch N\u00e4chten-des Programmierens ging diese p\u00fcnktlich zur Aktion online. Hier finden sich Tagesberichte, Fotos ind die Projektbeschreibungen beider von unserem Stamm teilnehmenden Aktionsgruppen. Den Link findet ihr entweder \u00fcber der oberen Men\u00fcleiste -neben unserem Stammeslogo-oder direkt \u00fcber 72stunden.dpsg-ulm.de. Ein Blick lohnt immer wieder-denn auch im Nachgang der Aktion werden dort Fotos, Texte und andere Dinge ver\u00f6ffentlicht.<\/p>\r\n<h2>Georgslauf am 28. April 2019 im Maienwald<br>-ABGESAGT-<\/h2>\r\n<div style=\"width: 250px\" class=\"wp-caption alignright\"><a class=\"ngg-fancybox\" title=\" Maienw\u00e4ldle bei Ulm-S\u00f6flingen\" href=\"https:\/\/www.dpsg-ulm.de\/wordpress\/wp-content\/gallery\/georgslauf-2018\/DSC_0968.jpg\" target=\"_blank\" rel=\"noopener noreferrer\" data-image-id=\"294\" data-src=\"https:\/\/www.dpsg-ulm.de\/wordpress\/wp-content\/gallery\/georgslauf-2018\/DSC_0968.jpg\" data-thumbnail=\"https:\/\/www.dpsg-ulm.de\/wordpress\/wp-content\/gallery\/georgslauf-2018\/thumbs\/thumbs_DSC_0968.jpg\" data-title=\"DSC_0968\" data-description=\" \"><img loading=\"lazy\" decoding=\"async\" class=\"ngg-singlepic ngg-right\" src=\"https:\/\/www.dpsg-ulm.de\/wordpress\/wp-content\/gallery\/georgslauf-2018\/thumbs\/thumbs_DSC_0968.jpg\" alt=\"DSC_0968\" width=\"240\" height=\"160\"><\/a><p class=\"wp-caption-text\">Maienw\u00e4ldle bei Ulm-S\u00f6flingen Foto: Adrian Balint<\/p><\/div>\r\n<p>Leider musste der diesj\u00e4hrige Georgslauf mangels Anmeldungen und auf Grund der unsicheren Wetterlage abgesagt werden. Bei allen, die sich auf einen sch\u00f6nen Nachmittag\/Abend im Maienwald gefreut hatten, entschuldigen wir uns und hoffen im n\u00e4chsten Jahr diese Aktion nachzuholen.<\/p>\r\n<p>Der heilige Georg besiegte einst den Drachen, der ein ganzes Dort vernichtete. Da wir unseren Schutzpatronen jedes Jahr ehren, findet am <strong>28. April 2019 ab 13:00 Uhr<\/strong> im <a href=\"https:\/\/goo.gl\/maps\/EeJFGZupwcJkqfXJ6\" target=\"_blank\" rel=\"noopener noreferrer\">Maienwald in Ulm-S\u00f6flingen<\/a> unser traditioneller Georgslauf mit anschlie\u00dfendem Grillen statt &#8211; ausgerichtet von den Jungpfadfindern, den Siegern aus dem letzten Jahr. <br><br>Wir w\u00fcrden uns \u00fcber viele Teilnehmer freuen. Die genauen Infos k\u00f6nnt ihr der Einladung entnehmen, die in unserer <a href=\"http:\/\/www.dpsg-ulm.de\/wordpress\/downloads\/\">Download-Ecke<\/a> zu finden ist.<\/p>\r\n<p>Machen wir uns auf die Spuren des Drachent\u00f6ters!<\/p>\r\n<h2><br>Osterfeuer und Osternacht am 20. April 2019<\/h2>\r\n<div style=\"width: 250px\" class=\"wp-caption alignleft\"><a class=\"ngg-fancybox\" title=\" \" href=\"https:\/\/www.dpsg-ulm.de\/wordpress\/wp-content\/gallery\/osterfeuer-2018\/DSC_0940.JPG\" data-image-id=\"323\" data-src=\"https:\/\/www.dpsg-ulm.de\/wordpress\/wp-content\/gallery\/osterfeuer-2018\/DSC_0940.JPG\" data-thumbnail=\"https:\/\/www.dpsg-ulm.de\/wordpress\/wp-content\/gallery\/osterfeuer-2018\/thumbs\/thumbs_DSC_0940.JPG\" data-title=\"Zelte_in_Westernohe_bei_Nacht\" data-description=\" \"><img loading=\"lazy\" decoding=\"async\" class=\"ngg-singlepic ngg-none\" src=\"https:\/\/www.dpsg-ulm.de\/wordpress\/wp-content\/gallery\/osterfeuer-2018\/thumbs\/thumbs_DSC_0940.JPG\" alt=\"logo-72-stunden-aktion-datum-\" width=\"240\" height=\"160\"><\/a><p class=\"wp-caption-text\">Osterfeuer 2018 Foto: Adrian Balint<\/p><\/div>\r\n<p>Auch in diesem Jahr lassen wir die Tradition unseres Osterfeuers aufleben und werden den Platz vor St. Georg erhellen und erw\u00e4rmen. Ab ca. 18:45 Uhr sind wir vor Ort und werden an die Besucher der Osternacht, die um 20:00 Uhr startet, unsere selbstgemachten Osterkerzen verkaufen. Der Erl\u00f6s flie\u00dft in unser diesj\u00e4hriges Sommerlager in Tschechien.<\/p>\r\n<p>Wir freuen uns auf euch!<\/p>\r\n<p>&nbsp;<\/p>\r\n<h2>Mal wieder ein Update&#8230;<\/h2>\r\n<h2><!-- \/wp:post-content -->\r\n\r\n<!-- wp:imagely\/nextgen-gallery \/-->\r\n\r\n<!-- wp:paragraph --><\/h2>\r\n<p>Die vergangenen beiden Wochen hinterlie\u00dfen 2 arbeitsreiche Sonntage, denn am Sonntag, dem 17.M\u00e4rz 2019 fand unsere diesj\u00e4hrige Stammesversammlung und am Sonntag, dem 24. M\u00e4rz 2019 die Versammlung des F\u00f6rdervereins statt. <br><br>Beide Vorstandsteams wurden dabei entlastet. Gro\u00dfe Freude konnte unserem Stamm durch die Wiederwahl von Andreas &#8222;Andy&#8220; Schairer zu Teil werden, der nun f\u00fcr weitere 3 Jahre an der Spitze von &#8222;St-Ex&#8220; steht. Herzlichen Gl\u00fcckwunsch und Gottes Segen sowie Gut Pfad, lieber Andy! Sch\u00f6n, dass du bei uns bist!<\/p>\r\n<h2><!-- wp:imagely\/nextgen-gallery --><\/h2>\r\n<div style=\"width: 250px\" class=\"wp-caption alignright\"><a class=\"ngg-fancybox\" title=\" \" href=\"https:\/\/www.dpsg-ulm.de\/wordpress\/wp-content\/gallery\/spatzenweiher\/logo-72-stunden-aktion-datum-gruen.jpg\" data-image-id=\"323\" data-src=\"https:\/\/www.dpsg-ulm.de\/wordpress\/wp-content\/gallery\/spatzenweiher\/logo-72-stunden-aktion-datum-gruen.jpg\" data-thumbnail=\"https:\/\/www.dpsg-ulm.de\/wordpress\/wp-content\/gallery\/spatzenweiher\/thumbs\/thumbs_logo-72-stunden-aktion-datum-gruen.jpg\" data-title=\"Zelte_in_Westernohe_bei_Nacht\" data-description=\" \"><img loading=\"lazy\" decoding=\"async\" class=\"ngg-singlepic ngg-none\" src=\"https:\/\/www.dpsg-ulm.de\/wordpress\/wp-content\/gallery\/spatzenweiher\/thumbs\/thumbs_logo-72-stunden-aktion-datum-gruen.jpg\" alt=\"logo-72-stunden-aktion-datum-gruen\" width=\"240\" height=\"160\"><\/a><p class=\"wp-caption-text\">c BDKJ Bundesstelle<\/p><\/div>\r\n<p>&nbsp;<\/p>\r\n<h2><!-- \/wp:imagely\/nextgen-gallery --><\/h2>\r\n<p>Bereits jetzt werfen mehrere Gro\u00dfereignisse ihre Schatten voraus: Neben dem Lager in Tschechien (dessen Handout des stattgefundenen Elternabends es ab sofort in unserer <a href=\"https:\/\/www.dpsg-ulm.de\/wordpress\/downloads\/\">Download-Ecke<\/a> gibt), weisen wir auf unsere Teilnahme bei &#8222;<a href=\"https:\/\/www.72stunden.de\/\" target=\"_blank\" rel=\"noreferrer noopener\" aria-label=\"72 Stunden (\u00f6ffnet in neuem Tab)\">72 Stunden<\/a>&#8220; der gro\u00dfen Sozialaktion des<a href=\"https:\/\/www.bdkj.info\/\" target=\"_blank\" rel=\"noreferrer noopener\" aria-label=\" BDKJ (Bund der katholischen Jugend) (\u00f6ffnet in neuem Tab)\"> BDKJ (Bund der katholischen Jugend)<\/a> hin. Nach l\u00e4ngerer Pause beteiligen sich unsere Jungpfadfinder- und Pfadfinderstufe wieder aktiv mit eigenen Projekten und versuchen -ganz im Sinne von Lord Baden-Powell- &#8222;die Welt ein St\u00fcckchen besser zu hinterlassen, als wir sie vorgefunden haben&#8220;:. Christian, unser Stammesvorstand f\u00fcr \u00d6ffentlichkeitsarbeit wird \u00fcber unseren <a href=\"https:\/\/www.instagram.com\/dpsgstexulm\" target=\"_blank\" rel=\"noreferrer noopener\" aria-label=\"Instagram (\u00f6ffnet in neuem Tab)\">Instagram<\/a>-und <a href=\"https:\/\/www.facebook.com\/Pfadfinder.Ulm\/\" target=\"_blank\" rel=\"noreferrer noopener\" aria-label=\"Facebook (\u00f6ffnet in neuem Tab)\">Facebook<\/a>-Account die Aktion f\u00fcr euch begleiten. Habt ihr uns eigentlich schon abonniert?<br><br>Ganz aktuell gibt es noch <strong>3 wichtige Termine<\/strong> zu verk\u00fcnden:<br><br>Der urspr\u00fcnglich geplante Arbeitseinsatz an unserem Zeltplatz in Burtenbach ; besser bekannt als &#8222;Fr\u00fchlingserwachen am Spatzenweiher&#8220; wurde zu Gunsten einer anderen wichtigen Aktion auf <strong>Samstag, den 4. Mai 2019<\/strong> verschoben! Statt dessen werden wir am <strong>Samstag, den 6.April 2019 <\/strong>und -je nach Bedarf- auch am <strong>Sonntag, den 7. April 2019<\/strong> eine Bastelaktion f\u00fcr Osterkerzen einschieben. Der Verkaufserl\u00f6s wird unserem Sommerlager in Tschechien zu Gute kommen. Wer uns beim Gestalten unserer Kerzen unterst\u00fctzen kann und m\u00f6chte, ist herzlich ins Fort Albeck eingeladen!<br><br>Am <strong>Samstag, den 11. Mai 2019<\/strong> findet unser traditioneller Reparaturtag statt. Auch hier freuen uns \u00fcber jede helfende Hand!<\/p>\r\n<h2><!-- \/wp:paragraph -->\r\n\r\n<!-- wp:heading --><\/h2>\r\n<h2>Leiterwochenende in \u00d6sterreich 14.-17. Februar 2019<\/h2>\r\n<h2><!-- \/wp:heading -->\r\n\r\n<!-- wp:paragraph --><\/h2>\r\n<p>In alter &#8222;St-Ex&#8220; Tradition verbrachte die Leiterrunde unseres Stammes die erste gemeinsame Unternehmung des Jahres im wundersch\u00f6nen Ober\u00f6sterreich. In der &#8222;Fuchsbergh\u00fctte&#8220; bezogen wir ein gem\u00fctliches Domizil; mit einem warmen Highlight &#8211; einem echten Kachelofen!<br><br>Neben Schneewanderung, Skifahren und guter schw\u00e4bischer Hausmannskost, gab uns Cedric, Leiter der Pfadfinderstufe, uns einen Einblick in die unterschiedlichen Erziehungsstile sowie in die Methodik des Feedbacks. Diese Lehreinheit wird uns sicherlich bei der Gestaltung unserer k\u00fcnftigen Gruppenstunden eine hilfreiche Unterst\u00fctzung sein.<br><br>Erste aktive Planungen in Sachen des Sommerlagers in Tschechien-welches unter dem Motto &#8222;Harry Potter&#8220; steht- wurden ebenfalls gemacht. Soviel sei verraten: es wird ein gro\u00dfartiges Erlebnis!<br><br>Am Sonntag fuhren wir m\u00fcde, aber zufrieden zur\u00fcck<br><br>Einige Fotos finden sich in der <a href=\"https:\/\/www.dpsg-ulm.de\/wordpress\/fotos-2019\/\">Galerie<\/a>; au\u00dferdem gibt es dieses Mal sogar einige <a href=\"https:\/\/www.dpsg-ulm.de\/wordpress\/videos-vom-leiterwochenende-in-oesterreich-14-17-februar-2019\/\">multimediale Eindr\u00fccke<\/a>..<\/p>\r\n<h2><!-- \/wp:paragraph -->\r\n\r\n<!-- wp:heading --><\/h2>\r\n<h2>Safe the Date! Elternabend zum Sommerlager in Tschechien<\/h2>\r\n<h2><!-- \/wp:heading -->\r\n\r\n<!-- wp:paragraph --><\/h2>\r\n<p>Am <strong>Dienstag, den 13. Februar 2019 um 19:00 Uhr findet im Fort Albeck<\/strong> ein Elternabend zu unserem Sommerlager in Tschechien statt. Damit im Vorfeld wichtige Informationen gegeben und Fragen gekl\u00e4rt werden k\u00f6nnen w\u00e4re es w\u00fcnschenswert, wenn m\u00f6glichst viele von unseen Eltern dazukommen k\u00f6nnten! Die Ausschreibung dazu findet ihr demn\u00e4chst in unserer <a href=\"https:\/\/www.dpsg-ulm.de\/wordpress\/downloads\/\">Download-Ecke<\/a>.<\/p>\r\n<h2><!-- \/wp:paragraph -->\r\n\r\n<!-- wp:paragraph --><\/h2>\r\n<p>&nbsp;<\/p>\r\n<h2><!-- \/wp:paragraph -->\r\n\r\n<!-- wp:paragraph --><\/h2>\r\n<p>&nbsp;<\/p>\r\n<h2><!-- \/wp:paragraph -->\r\n\r\n<!-- wp:heading --><\/h2>\r\n<h2>Auf ein gutes neues Pfadijahr!<\/h2>\r\n<h2><!-- \/wp:heading -->\r\n\r\n<!-- wp:imagely\/nextgen-gallery --><\/h2>\r\n<div style=\"width: 250px\" class=\"wp-caption alignright\"><a class=\"ngg-fancybox\" title=\" \" href=\"https:\/\/www.dpsg-ulm.de\/wordpress\/wp-content\/gallery\/spatzenweiher\/Zelte_in_Westernohe_bei_Nacht.jpg\" data-image-id=\"323\" data-src=\"https:\/\/www.dpsg-ulm.de\/wordpress\/wp-content\/gallery\/spatzenweiher\/Zelte_in_Westernohe_bei_Nacht.jpg\" data-thumbnail=\"https:\/\/www.dpsg-ulm.de\/wordpress\/wp-content\/gallery\/spatzenweiher\/thumbs\/thumbs_Zelte_in_Westernohe_bei_Nacht.jpg\" data-title=\"Zelte_in_Westernohe_bei_Nacht\" data-description=\" \"><img loading=\"lazy\" decoding=\"async\" class=\"ngg-singlepic ngg-none\" src=\"https:\/\/www.dpsg-ulm.de\/wordpress\/wp-content\/gallery\/spatzenweiher\/thumbs\/thumbs_Zelte_in_Westernohe_bei_Nacht.jpg\" alt=\"Zelte_in_Westernohe_bei_Nacht\" width=\"240\" height=\"160\"><\/a><p class=\"wp-caption-text\">Foto: Holger Ackermann | DPSG<\/p><\/div>\r\n<h2><!-- \/wp:imagely\/nextgen-gallery -->\r\n\r\n<!-- wp:paragraph --><\/h2>\r\n<p><br>Wir hoffen, ihr seid alle froh und gl\u00fccklich in 2019 gestartet! Auch dieses Jahr h\u00e4lt einige Highlights f\u00fcr euch bereit. Das Gr\u00f6\u00dfte wird sicherlich das diesj\u00e4hrige Sommerlager -gemeinsam mit unserem tschechischen Partnerstamm vom 27. Juli &#8211; 03.August 2018 sein. Freut ihr euch schon darauf? Die offizielle Anmeldung sowie weitere Informationen erscheinen demn\u00e4chst in unserer Downloadecke. Ein Tip jedoch an euch vorab: \u00dcberpr\u00fcft schon jetzt einmal euren Impfstatus -insbesondere auf Tetanus sowie FSME. Tschechien gilt als Hochrisikogebiet<\/p>\r\n<h2><!-- \/wp:paragraph -->\r\n\r\n<!-- wp:paragraph --><\/h2>\r\n<p>Aproppos Downloads: Unsere aktualisierte Handreichung \u00fcber den Spatzenweiher findet ihr schon jetzt in unserer <a href=\"https:\/\/www.dpsg-ulm.de\/wordpress\/downloads\/\">Downloadecke<\/a>. F\u00fcr alle, die unseren Weiher mieten wollen oder dies schon getan haben, werden diese Informationen eine sinnhafte Unterst\u00fctzung sein!<\/p>\r\n<h2><!-- \/wp:paragraph -->\r\n\r\n<!-- wp:paragraph --><\/h2>\r\n<p>Falls ihr 2018 und die vergangenen Jahre nochmal Revue passieren lassen wollt, bietet euch unser \u00fcberarbeitetes <a href=\"https:\/\/www.dpsg-ulm.de\/wordpress\/archiv\/\">Archiv<\/a> jetzt Gelegenheit dazu &#8211; checkt es doch mal aus!<\/p>\r\n<p style=\"text-align: right;\"><a href=\"#top\">-zum Seitenanfang-<\/a><\/p>\r\n<p>&nbsp;<\/p>\r\n<h2 id=\"2018\"><a class=\"ngg-fancybox\" title=\" \" href=\"https:\/\/www.dpsg-ulm.de\/wordpress\/wp-content\/gallery\/spatzenweiher\/friedenslicht_logo.jpg\" rel=\"\" data-image-id=\"322\" data-src=\"https:\/\/www.dpsg-ulm.de\/wordpress\/wp-content\/gallery\/spatzenweiher\/friedenslicht_logo.jpg\" data-thumbnail=\"https:\/\/www.dpsg-ulm.de\/wordpress\/wp-content\/gallery\/spatzenweiher\/thumbs\/thumbs_friedenslicht_logo.jpg\" data-title=\"friedenslicht_logo\" data-description=\" \"><img decoding=\"async\" class=\"ngg-singlepic ngg-left alignright\" src=\"https:\/\/www.dpsg-ulm.de\/wordpress\/wp-content\/gallery\/spatzenweiher\/thumbs\/thumbs_friedenslicht_logo.jpg\" alt=\"friedenslicht_logo\"><\/a>Friedenslicht 2018 &#8211; Frieden braucht Vielfalt!<\/h2>\r\n<p>Das Friedenslicht 2018 steht unter dem Motto &#8222;Frieden braucht Vielfalt&#8220; .<br>Wir werden das Friedenslicht am 16.12. am Bahnhof in Ulm in Empfang nehmen. Dazu treffen wir uns um 8.30 Uhr vor dem Ulmer Hauptbahnhof. Danach werden wir uns auf den Weg nach St. Georg machen, dort fr\u00fchst\u00fccken und das Licht nach dem Gottesdienst verteilen. Kluft nicht vergessen <span class=\"_47e3 _5mfr\" title=\"\u201ewink\u201c-Emoticon\"><img loading=\"lazy\" decoding=\"async\" class=\"img\" role=\"presentation\" src=\"https:\/\/static.xx.fbcdn.net\/images\/emoji.php\/v9\/tb0\/1.5\/16\/1f609.png\" alt=\"\" width=\"16\" height=\"16\"><\/span><\/p>\r\n<p>Unter <a href=\"http:\/\/www.dpsg-ulm.de\/wordpress\/downloads\/\">download.dpsg-ulm.de<\/a> stellen wir euch zudem ein Postkartenmotiv zur Verf\u00fcgung, welches ihr gerne f\u00fcr eure ganz pers\u00f6nlichen Friedensgr\u00fc\u00dfe verwendet k\u00f6nnt.<\/p>\r\n<h2>Unser Stammesaufn\u00e4her ist verf\u00fcgbar!<\/h2>\r\n<p>Nachdem viele St\u00e4mme der DPSG \u00fcber einen eigenen Stammesaufn\u00e4her verf\u00fcgen, k\u00f6nnen wir nun auch endlich mit einem <a class=\"ngg-fancybox\" title=\" \" href=\"https:\/\/www.dpsg-ulm.de\/wordpress\/wp-content\/gallery\/spatzenweiher\/20181001_225109.jpg\" rel=\"\" data-image-id=\"320\" data-src=\"https:\/\/www.dpsg-ulm.de\/wordpress\/wp-content\/gallery\/spatzenweiher\/20181001_225109.jpg\" data-thumbnail=\"https:\/\/www.dpsg-ulm.de\/wordpress\/wp-content\/gallery\/spatzenweiher\/thumbs\/thumbs_20181001_225109.jpg\" data-title=\"20181001_225109\" data-description=\" \"><img decoding=\"async\" class=\"ngg-singlepic ngg-none alignright\" src=\"https:\/\/www.dpsg-ulm.de\/wordpress\/wp-content\/gallery\/spatzenweiher\/thumbs\/thumbs_20181001_225109.jpg\" alt=\"20181001_225109\"><\/a>solchen aufwarten! Der 7 cm breite runde Aufn\u00e4her kann ab sofort bei eurem Stufenleiter zum Preis von 2,00 \u20ac erworben werden. Alternativ schickt eine Mail mit Namen und Stufe an vorstand@dpsg-ulm.de; wir reichen eure Bestellung gerne weiter!<\/p>\r\n<h2>Neu: St-Ex jetzt auch bei Instagram!<a href=\"http:\/\/instagram.com\/dpsgstexulm\" target=\"_blank\" rel=\"noopener noreferrer\"><img loading=\"lazy\" decoding=\"async\" class=\"wp-image-3018 size-thumbnail alignleft\" src=\"http:\/\/www.dpsg-ulm.de\/wordpress\/wp-content\/uploads\/2018\/11\/glyph-logo_May2016-150x150.png\" alt=\"\" width=\"150\" height=\"150\" srcset=\"https:\/\/www.dpsg-ulm.de\/wordpress\/wp-content\/uploads\/2018\/11\/glyph-logo_May2016-150x150.png 150w, https:\/\/www.dpsg-ulm.de\/wordpress\/wp-content\/uploads\/2018\/11\/glyph-logo_May2016-300x300.png 300w, https:\/\/www.dpsg-ulm.de\/wordpress\/wp-content\/uploads\/2018\/11\/glyph-logo_May2016-348x348.png 348w, https:\/\/www.dpsg-ulm.de\/wordpress\/wp-content\/uploads\/2018\/11\/glyph-logo_May2016.png 504w\" sizes=\"auto, (max-width: 150px) 100vw, 150px\" \/><\/a><\/h2>\r\n<p>Na, habt ihr auch einen Instagram-Account? Dann folgt uns doch auch gerne unter: <a href=\"https:\/\/www.instagram.com\/dpsgstexulm\/\" target=\"_blank\" rel=\"noopener noreferrer\">https:\/\/www.instagram.com\/dpsgstexulm\/<\/a><\/p>\r\n<p>Mit diesem zus\u00e4tzlichen Kanal werden wir noch zeitnaher \u00fcber unsere Aktivit\u00e4ten berichten.<\/p>\r\n<p>Auf der Sidebar ist der Feed bereits eingebunden; einfach auf &#8222;Folgen&#8220; klicken!<\/p>\r\n<h2>Die Zeltlagersaison ist vorbei&#8230; oder???<\/h2>\r\n<p>Nachdem nun auch in Ulm der Winter eingebrochen ist wissen wir alle, dass die Zeltlagersaison nun endg\u00fcltig vorbei ist. Endg\u00fcltig? Nicht ganz; denn unsere Jupfis wollen es doch noch einmal wissen: Vom <strong>31.10.-02.11.2018<\/strong> zeltet unsere blaue Stufe in und ums Fort. Ob den Kobolden die Ohren dabei abgefroren sind, wird berichtet.<\/p>\r\n<p>Am <strong>02.11.<\/strong> findet direkt im Anschluss an das Halloweenlager der Jungpfadfinder auch die Einweihung unserer neuen K\u00fcche im Fort Albeck statt. Die Pfadistufe l\u00e4d alle Mitglieder, Freunde und F\u00f6rderer des Stamms zu selbstgebackener Pizza und Getr\u00e4nken ein. Anschlie\u00dfend kann bei einem Filmabend der Abend entspannt ausklingen. N\u00e4here Infos findet ihr auch in der Ausschreibung unter <a href=\"http:\/\/download.dpsg-ulm.de\">download.dpsg-ulm.de<\/a><\/p>\r\n<p>Aber auch den vergangenen Sommer \u00fcber erlebten wir einige Highlights. Das sicherich gr\u00f6\u00dfte war die Teilnahme bei &#8222;<a href=\"http:\/\/www.einfach-pfadfinden.info\" target=\"_blank\" rel=\"noopener noreferrer\">Einfach Pfadfinden! Eat.Scout.Sleep.Repeat.<\/a>&#8222;; dem Di\u00f6zesanlager unseres Di\u00f6zesanverbandes Rottenburg-Stuttgart. \u00dcber 1500 Teilnehmer erlebten in der Jugendsiedlung Hochland in K\u00f6nigsdorf (Bayern) 10 Tage voller pfadfinderischer Identit\u00e4t. Ein kleiner Eindruck wird in diesem Video vermittelt:<\/p>\r\n<p><iframe loading=\"lazy\" title=\"Di\u00f6zesanlager 2018 - Einfach Pfadfinden! - Der Auftakt und Lagerimpressionen\" width=\"500\" height=\"281\" src=\"https:\/\/www.youtube.com\/embed\/aJEow0kgCmI?feature=oembed\" frameborder=\"0\" allow=\"accelerometer; autoplay; clipboard-write; encrypted-media; gyroscope; picture-in-picture; web-share\" referrerpolicy=\"strict-origin-when-cross-origin\" allowfullscreen><\/iframe><\/p>\r\n<h2>Abenteuerlandgottesdienst mit Spielstra\u00dfe am 08.07.2018 ab 10 Uhr<\/h2>\r\n<p>Auch wir sind beim Abenteuerlandgottesdienst mit unserer Spielstra\u00dfe vertreten! Kommt gerne vorbei &#8211; wir freuen uns auf euch! <span class=\"_47e3 _5mfr\" title=\"\u201esmile\u201c-Emoticon\"><img loading=\"lazy\" decoding=\"async\" class=\"img\" role=\"presentation\" src=\"https:\/\/static.xx.fbcdn.net\/images\/emoji.php\/v9\/fa5\/1.5\/16\/1f642.png?_nc_eui2=AeEmdVG8jWswTzR9jsH0k36Q-IyYq1wgAnDMaJO6_AZtvtjizWhz4YzucydQ2ebO2Ocdw5mac0p0sUEJXvhuZH_K1dmVB_8s6G1YitEze1u_Yg\" alt=\"\" width=\"16\" height=\"16\"><a class=\"ngg-fancybox\" title=\" \" href=\"https:\/\/www.dpsg-ulm.de\/wordpress\/wp-content\/gallery\/spatzenweiher\/36229630_1705189126195296_9164709402136018944_n.jpg\" rel=\"\" data-image-id=\"319\" data-src=\"https:\/\/www.dpsg-ulm.de\/wordpress\/wp-content\/gallery\/spatzenweiher\/36229630_1705189126195296_9164709402136018944_n.jpg\" data-thumbnail=\"https:\/\/www.dpsg-ulm.de\/wordpress\/wp-content\/gallery\/spatzenweiher\/thumbs\/thumbs_36229630_1705189126195296_9164709402136018944_n.jpg\" data-title=\"36229630_1705189126195296_9164709402136018944_n\" data-description=\" \"><img decoding=\"async\" class=\"ngg-singlepic ngg-none alignright\" src=\"https:\/\/www.dpsg-ulm.de\/wordpress\/wp-content\/gallery\/spatzenweiher\/thumbs\/thumbs_36229630_1705189126195296_9164709402136018944_n.jpg\" alt=\"36229630_1705189126195296_9164709402136018944_n\"><\/a><\/span><\/p>\r\n<h2>Neues Datenschutzgesetz-auch bei uns ein Thema!<\/h2>\r\n<p>Zum 24.Mai 2018 trat das <a href=\"https:\/\/www.erzbistum-hamburg.de\/_amtsblatt\/2018\/20181.pdf#page=2\">Gesetz \u00fcber den kirchlichen Datenschutz (KDG)<\/a> in Kraft. Dieses \u00c4quevalent zur europ\u00e4ischen Datenschutz-Grundverordnung (DSGVO) ist auch f\u00fcr uns als katholischer Kinder-und Jugendverband g\u00fcltig. F\u00fcr euch bedeutet dies, dass alle eure Daten, die wir von euch erheben, noch strikterer Sicherung unterliegen und ihr jederzeit bei uns die von euch gespeicherten Daten erfragen k\u00f6nnt.<\/p>\r\n<p>Bitte beachtet weiter, dass wir von euch zuk\u00fcnftig bei <strong>jeder Veranstaltung<\/strong> auf der wir oder die Presse fotografiert oder filmt von euch und euren Eltern eine schriftliche Einverst\u00e4ndniserkl\u00e4rung ben\u00f6tigen. Eine Vorlage dazu stellen wir unter <a href=\"http:\/\/www.dpsg-ulm.de\/wordpress\/downloads\/\">download.dpsg-ulm.de<\/a> zur Verf\u00fcgung. Diese gibt ihr ausgef\u00fcllt eurem Leitungsteam ab oder schickt sie an vorstand@dpsg-ulm.de.<\/p>\r\n<p>Bei Fragen oder Anmerkungen wendet euch unter datenschutz@dpsg-ulm.de gerne an uns! &nbsp;<\/p>\r\n<h2>Patrozinum und Georgslauf 2018<\/h2>\r\n<p>Jede Menge &#8222;St-Ex&#8220; Pfadfinder sammelten sich am Sonntag, den 22.April bei gutem Wetter vor St.Georg, um dem Schutzpatron sowohl unserer Pfarrei, als auch unserem Verband in einem Gottesdienst, den wir mitgestalteten, zu gedenken und danken.<\/p>\r\n<p>Nach den Feierlichkeiten und einem leckeren gemeinsamen Mittagsessen im Gemeindehaus brachen wir ins S\u00f6flinger &#8222;Maienw\u00e4ldle&#8220; auf, in dem unter Regie der Pfadfinderstufe unser Georgslauf startete. An 8 Stationen warteten knifflige und spannende Aufgaben, die von 2 W\u00f6lfings-und 1 Jungpfadfindergruppe gel\u00f6st werden mussten. Sieger des Laufs wurden die Jungpfadfinder, die den Pokal in Form der DPSG-Lilie aus Blech stolz entgegen nahmen.<\/p>\r\n<p>In der Galerie gibt es einige <a href=\"http:\/\/www.dpsg-ulm.de\/wordpress\/fotos-2018\/nggallery\/fotos-2018\/Georgslauf-2018\">Fotos<\/a>. Wer zudem einen akustisch-optischen Eindruck sucht, sollte hier klicken!<\/p>\r\n<p>&nbsp;<\/p>\r\n<p><iframe loading=\"lazy\" src=\"https:\/\/www.youtube.com\/embed\/U_bvd9pys-w\" width=\"560\" height=\"315\" frameborder=\"0\" allowfullscreen=\"allowfullscreen\"><\/iframe><\/p>\r\n<p>&nbsp;<\/p>\r\n<h2>Osterfeuer 2018<\/h2>\r\n<p>Eine fast totgesagte Tradition lie\u00df unsere W\u00f6lflingsmeute in der diesj\u00e4hrigen Osternacht am Samstag, dem 31.03.2018 wieder aufleben. Das Osterfeuer, an dem traditionell die Osterkerze entz\u00fcndet wird, loderte unter Anwesenheit der Gottesdienstbesucher und der W\u00f6lflinge, die sichtlich Freude an dem selbst entz\u00fcndeten Feuer hatten. im Eingangsbereich Sankt Georgs. Kurat Dr. Estler bedankte sich bei uns und erinnerte daran, dass die Freude \u00fcber die Auferstehung Jesu wie ein Feuer die Nacht erhellt.<\/p>\r\nngg_shortcode_0_placeholder\r\n<h2>&nbsp;<\/h2>\r\n<h2>Stammesversammlung am 04.03.2018<\/h2>\r\n<p>Unsere diesj\u00e4hrige Stammesversammlung fand am <strong>Sonntag, den 04.03.2018 um 15:00 Uhr<\/strong> im Fort Albeck statt.<\/p>\r\n<p>Nach der Entlastung des Vorstands sowie der Kasse wurde <strong>Christian Pubanz<\/strong> auf den vakanten Posten des zweiten Stammesvorstands gew\u00e4hlt. Mit Christians Wahl ist unser Vorstand nunmehr wieder komplettiert, dem Wir Gottes Segen und allzeit &#8222;Gut Pfad&#8220;w\u00fcnschen.<\/p>\r\n<p><a class=\"ngg-fancybox\" title=\" \" href=\"https:\/\/www.dpsg-ulm.de\/wordpress\/wp-content\/gallery\/stammesversammlung-2018\/20180304_150543.jpg\" data-image-id=\"282\" data-src=\"http:\/\/www.dpsg-ulm.de\/wordpress\/wp-content\/gallery\/stammesversammlung-2018\/20180304_150543.jpg\" data-thumbnail=\"http:\/\/www.dpsg-ulm.de\/wordpress\/wp-content\/gallery\/stammesversammlung-2018\/thumbs\/thumbs_20180304_150543.jpg\" data-title=\"20180304_150543\" data-description=\" \"><img loading=\"lazy\" decoding=\"async\" class=\"ngg-singlepic ngg-none alignleft\" src=\"http:\/\/www.dpsg-ulm.de\/wordpress\/wp-content\/gallery\/stammesversammlung-2018\/thumbs\/thumbs_20180304_150543.jpg\" alt=\"20180304_150543\" width=\"240\" height=\"160\"><\/a><a class=\"ngg-fancybox\" title=\" \" href=\"https:\/\/www.dpsg-ulm.de\/wordpress\/wp-content\/gallery\/stammesversammlung-2018\/20180304_150512.jpg\" data-image-id=\"283\" data-src=\"http:\/\/www.dpsg-ulm.de\/wordpress\/wp-content\/gallery\/stammesversammlung-2018\/20180304_150512.jpg\" data-thumbnail=\"http:\/\/www.dpsg-ulm.de\/wordpress\/wp-content\/gallery\/stammesversammlung-2018\/thumbs\/thumbs_20180304_150512.jpg\" data-title=\"20180304_150512\" data-description=\" \"><img loading=\"lazy\" decoding=\"async\" class=\"ngg-singlepic ngg-none alignnone\" src=\"http:\/\/www.dpsg-ulm.de\/wordpress\/wp-content\/gallery\/stammesversammlung-2018\/thumbs\/thumbs_20180304_150512.jpg\" alt=\"20180304_150512\" width=\"240\" height=\"160\"><\/a><\/p>\r\n<h2>&nbsp;<\/h2>\r\n<h2>Leiterwochenende in Tr\u00fcbbach<img loading=\"lazy\" decoding=\"async\" class=\"ngg-singlepic ngg-right alignright\" src=\"http:\/\/www.dpsg-ulm.de\/wordpress\/wp-content\/gallery\/leiterwochenende-truebbach-2018\/thumbs\/thumbs_DSC_0853.jpg\" alt=\"\" width=\"240\" height=\"160\"><\/h2>\r\n<p>Das Leiterwochenende ist die erste Aktion des Jahres in unserem Stamm und ist ausschlie\u00dflich den Leitern vorbehalten. Das Wochenende haben wir gemeinsam in Tr\u00fcbbach in der Schweiz verbracht. Neben den Besprechungen, wie es in unserem Stamm mit so mancher Sache weiter gehen soll, haben wir ein Nachmittag im Skigebiet Pizol um die Wette gerodelt. Es hat granatenm\u00e4\u00dfig Spa\u00df gemacht, auch wenn der eine oder andere blaue Fleck als Andenken mit nach Hause musste.<\/p>\r\n<p>Einen <a href=\"http:\/\/www.dpsg-ulm.de\/wordpress\/fotos-2018\/nggallery\/fotos-2018\/Leiterwochenende-Tr%C3%BCbbach-2018\">Eindruck<\/a> gibt es in der Galerie!<\/p>\r\n<h2>Alles neu macht der Januar (&#8230;oder so \u00e4hnlich&#8230;)<\/h2>\r\n<p>Das neue Jahr ist nun schon fast einen Monat alt; Zeit also, einige Neuigkeiten unseres Stammes zu vermelden.<\/p>\r\n<p>F\u00fcr alle, die verwundert \u00fcber die leere Startseite sind; keinen Grund zur Panik! Aus Gr\u00fcnden der \u00dcbersichtlichkeit sind alle Beitr\u00e4ge aus 2017 ins Archiv gewandert. Hier k\u00f6nnen diese und alle weiteren &#8222;alten&#8220; Beitr\u00e4ge nochmals angesehen werden. Das Arcbiv findet ihr unter &#8222;Aktuelles&#8211;\u203a Archiv im oberen Men\u00fc.<\/p>\r\n<p>Das neue Jahr wirft seine Schatten voraus. Mehrere Highlights warten in 2018: zb. <a href=\"http:\/\/www.einfach-pfadfinden.info\" target=\"_blank\" rel=\"noopener noreferrer\">&#8222;Einfach Pfadfinden&#8220;das Di\u00f6zesanlager der Di\u00f6zese Rottenburg-Stuttgart<\/a> (30.07.-09.08.2018) oder unser Pfingstlager (18.-21.05.2018). Sobald es hier belastbare Infos gibt, werden diese an dieser Stelle, sowie auf unserer Facebook-Seite ver\u00f6ffentlicht.<\/p>\r\n<p>F\u00fcr eure Planung bieten wir jedoch hier schonmal den ultimativen &#8222;Saint-Ex&#8220; Jahreskalender mit den wichtigsten Aktionen an. Einfach downloaden-Ausdrucken und Aufh\u00e4ngen!<\/p>\r\n<ul>\r\n<li><a href=\"http:\/\/www.dpsg-ulm.de\/wordpress\/wp-content\/uploads\/2018\/01\/DPSG_Ulm-mit-Schrift.und-StEx-Lilie.jpg\"><img loading=\"lazy\" decoding=\"async\" class=\"alignright wp-image-2720 size-medium\" src=\"http:\/\/www.dpsg-ulm.de\/wordpress\/wp-content\/uploads\/2018\/01\/DPSG_Ulm-mit-Schrift.und-StEx-Lilie-300x193.jpg\" alt=\"\" width=\"300\" height=\"193\" srcset=\"https:\/\/www.dpsg-ulm.de\/wordpress\/wp-content\/uploads\/2018\/01\/DPSG_Ulm-mit-Schrift.und-StEx-Lilie-300x193.jpg 300w, https:\/\/www.dpsg-ulm.de\/wordpress\/wp-content\/uploads\/2018\/01\/DPSG_Ulm-mit-Schrift.und-StEx-Lilie.jpg 621w\" sizes=\"auto, (max-width: 300px) 100vw, 300px\" \/><\/a><a href=\"http:\/\/www.dpsg-ulm.de\/wordpress\/wp-content\/uploads\/2018\/01\/StExUlm_Kalender-2018_20171125.pdf\" target=\"_blank\" rel=\"noopener noreferrer\">St-Ex Jahreskalender 2018, PDF, ca. 800 kb<\/a><\/li>\r\n<\/ul>\r\n<p>Eine weitere Neuerung gibt es in Sachen unseres \u00e4u\u00dferen Erscheinungsbildes: Ab sofort treten wir -neben der &#8222;St-Ex Lilie&#8220; von &#8222;mawa&#8220;-unserem Stammesgr\u00fcnder, mit einem zus\u00e4tzlichen Stammeslogo auf:<\/p>\r\n<p>Das zus\u00e4tzliche Logo greift das Coporate Design der Bundesebene auf und verbindet unter der Silhouette des M\u00fcnsterturms Tradition und eigene Stammesidentit\u00e4t sowie Moderne in Form des DPSG-Schriftzugs. Das &#8222;neue&#8220; Logo soll das bisherige nicht ersetzen, jedoch im Hinblick auf die Weiterentwicklung unseres Verbandes dieser Rechnung tragen.<\/p>\r\n<p style=\"text-align: right;\"><a href=\"#top\">-zum Seitenanfang-<\/a><\/p>\r\n<h2>&nbsp;<\/h2>\r\n<h2 id=\"2017\"><img loading=\"lazy\" decoding=\"async\" class=\"size-full wp-image-2717 alignright\" src=\"http:\/\/www.dpsg-ulm.de\/wordpress\/wp-content\/uploads\/2017\/12\/Lilie-mit-Weihnachtsmuetze.png\" alt=\"\" width=\"240\" height=\"201\"><\/h2>\r\n<h2>Frohe Weihnachten und ein gutes neues Jahr!<\/h2>\r\n<p>Wir w\u00fcnschen allen Stammesmitgliedern, Freunden, G\u00f6nnern und &#8222;Mitpfadfindern&#8220; ein frohes Weihnachtsfest und ein gl\u00fcckliches, gesundes neues Jahr!<\/p>\r\n<p>&nbsp;<\/p>\r\n<h2>Aussendung des Friedenslicht 2017<a href=\"http:\/\/www.dpsg-ulm.de\/wordpress\/wp-content\/uploads\/2017\/12\/FriedenslichtPlakat2017.jpg\"><img loading=\"lazy\" decoding=\"async\" class=\"wp-image-2693 size-medium alignleft\" src=\"http:\/\/www.dpsg-ulm.de\/wordpress\/wp-content\/uploads\/2017\/12\/FriedenslichtPlakat2017-300x212.jpg\" alt=\"\" width=\"300\" height=\"212\" srcset=\"https:\/\/www.dpsg-ulm.de\/wordpress\/wp-content\/uploads\/2017\/12\/FriedenslichtPlakat2017-300x212.jpg 300w, https:\/\/www.dpsg-ulm.de\/wordpress\/wp-content\/uploads\/2017\/12\/FriedenslichtPlakat2017-768x543.jpg 768w, https:\/\/www.dpsg-ulm.de\/wordpress\/wp-content\/uploads\/2017\/12\/FriedenslichtPlakat2017-1024x724.jpg 1024w, https:\/\/www.dpsg-ulm.de\/wordpress\/wp-content\/uploads\/2017\/12\/FriedenslichtPlakat2017-750x530.jpg 750w\" sizes=\"auto, (max-width: 300px) 100vw, 300px\" \/><\/a><\/h2>\r\n<p>Unter dem Motto &#8222;<strong>Auf dem Weg zum Frieden<\/strong>&#8220; findet die diesj\u00e4hrige Aussendung des Friedenslicht am<strong> Sonntag, dem 17. Dezember 2017<\/strong> statt.<\/p>\r\n<p>Am Sonntag um 8.30 Uhr trafen wir uns am Ulmer Hauptbahnhof, um das Friedenslicht in Empfang zu nehmen. Nach einem leckeren Fr\u00fchst\u00fcck wurde die heilige Flamme im Adventsgottesdienst in St. Georg ausgeteilt.<\/p>\r\n<p>Einige Bilder k\u00f6nnen hier <a href=\"http:\/\/www.dpsg-ulm.de\/wordpress\/fotos\/fotos-2017\/nggallery\/2017\/Friedenslicht-2017\">angesehen<\/a> werden!<\/p>\r\n<div class=\"text_exposed_show\">\r\n<p>&nbsp;<\/p>\r\n<\/div>\r\n<h2>Scheck\u00fcbergabe bei den &#8222;St-Ex&#8220; W\u00f6lflingen<\/h2>\r\n<p>Wie berichtet, kann sich unser Stamm \u00fcber 500 \u20ac f\u00fcr die Beschaffung neuer Zelte durch die Aktion &#8222;Scheine f\u00fcr Vereine&#8220; von Donau3FM freuen. W\u00e4hrend einer Meutenstunde der W\u00f6lflinge besuchte ein Donau3FM Reporter das Fort Albeck, um gemeinsam mit der unterst\u00fctzenden Sparkasse Ulm, den \u00fcberraschten Kindern den symbolischen Scheck zu \u00fcberreichen.<\/p>\r\n<p>Nat\u00fcrlich wurde dieser Besuch dokumentiert und kann hier angesehen werden. Viel Spa\u00df dabei!<\/p>\r\n<p><iframe loading=\"lazy\" title=\"Das Zeltlager der Kids von DPSG Saint Exupery Ulm kann stattfinden!\" width=\"500\" height=\"281\" src=\"https:\/\/www.youtube.com\/embed\/cryWF43DlRM?feature=oembed\" frameborder=\"0\" allow=\"accelerometer; autoplay; clipboard-write; encrypted-media; gyroscope; picture-in-picture; web-share\" referrerpolicy=\"strict-origin-when-cross-origin\" allowfullscreen><\/iframe><\/p>\r\n<h2>Baumpflanzung am Spatzenweiher<a class=\"ngg-fancybox\" title=\" \" href=\"http:\/\/www.dpsg-ulm.de\/wordpress\/wp-content\/gallery\/baumpflanzung-weiher-2017\/20171104_100738.jpg\" rel=\"\" data-image-id=\"264\" data-src=\"http:\/\/www.dpsg-ulm.de\/wordpress\/wp-content\/gallery\/baumpflanzung-weiher-2017\/20171104_100738.jpg\" data-thumbnail=\"http:\/\/www.dpsg-ulm.de\/wordpress\/wp-content\/gallery\/baumpflanzung-weiher-2017\/thumbs\/thumbs_20171104_100738.jpg\" data-title=\"20171104_100738\" data-description=\" \"><img decoding=\"async\" class=\"ngg-singlepic ngg-none alignright\" src=\"http:\/\/www.dpsg-ulm.de\/wordpress\/wp-content\/gallery\/baumpflanzung-weiher-2017\/thumbs\/thumbs_20171104_100738.jpg\" alt=\"20171104_100738\"><\/a><\/h2>\r\n<p>Dank einer gro\u00dfz\u00fcgigen Spende des J\u00e4gervereins, als Ausgleich der Wildsch\u00e4den im Revier rund um unseren &#8222;Spatzenweiher&#8220;, wurden am Samstag, den 04.11.2017 4 sehr sch\u00f6n gewachsene Hochst\u00e4mme von Trauerweiden und 50 sehr gute h\u00f6here und kr\u00e4ftige Stauden verschiedener Str\u00e4ucher an unserem Stammeszeltplatz gepflanzt. Gemeinsam mit der tatkr\u00e4ftigen Unterst\u00fctzung u.a. des Ersten B\u00fcrgermeisters der Marktgemeine Burtenbach, Herrn Roland Kempfle und den Mitgliedern des J\u00e4gervereins, fanden die Baumspenden Einzug in die gr\u00fcne Silhouette und werden im kommenden Sommer sicherlich wohltuende K\u00fchle spenden.<\/p>\r\n<p>Wir danken allen an dieser Aktion beteiligten Personen sehr herzlich!<\/p>\r\n<p>Fotos finden sich in unserer <a href=\"http:\/\/www.dpsg-ulm.de\/wordpress\/fotos\/fotos-2017\/nggallery\/2017\/Baumpflanzung-Weiher-2017\">Galerie<\/a>.<\/p>\r\n<h2>500 \u20ac f\u00fcr unseren Stamm bei &#8222;Scheine f\u00fcr Vereine&#8220;<\/h2>\r\n<p>Bei der Aktion &#8222;Scheine f\u00fcr Vereine&#8220; von <a href=\"http:\/\/www.donau3fm.de\/\" target=\"_blank\" rel=\"noopener noreferrer\">Donau3FM<\/a> konnten wir uns nach dem Aufruf, einigen Hinweisen darauf und dem rechtzeitigen Anruf unseres Vorstands Andreas Schairer in der Sendung- \u00fcber zus\u00e4tzliche 500 Euro f\u00fcr unsere Stammeskasse freuen. Der Gewinn wird in unsere Zeltausstattung investiert.<\/p>\r\n<p>Danke an alle die mitgefiebert und uns \u00fcber den Aufruf im Donau3FM-Programm informiert haben. Und nicht zuletzt: Danke an Donau3FM!<\/p>\r\n<p>Wer den entscheidenden Moment verpasst hat, kann diesen sich hier nochmal in Ruhe anh\u00f6ren!<\/p>\r\n<audio class=\"wp-audio-shortcode\" id=\"audio-2664-1\" preload=\"none\" style=\"width: 100%;\" controls=\"controls\"><source type=\"audio\/mpeg\" src=\"http:\/\/www.dpsg-ulm.de\/wordpress\/wp-content\/uploads\/2013\/06\/donau3fm_SFV_gewonnen_24102017_bearbeitet.mp3?_=1\" \/><a href=\"http:\/\/www.dpsg-ulm.de\/wordpress\/wp-content\/uploads\/2013\/06\/donau3fm_SFV_gewonnen_24102017_bearbeitet.mp3\">http:\/\/www.dpsg-ulm.de\/wordpress\/wp-content\/uploads\/2013\/06\/donau3fm_SFV_gewonnen_24102017_bearbeitet.mp3<\/a><\/audio>\r\n<p>(Rechte f\u00fcr diesen Mitschnitt liegen bei Donau3FM)<\/p>\r\n<h2><a class=\"ngg-fancybox\" title=\" \" href=\"http:\/\/www.dpsg-ulm.de\/wordpress\/wp-content\/gallery\/winterfest-am-weiher-2017\/IMG-20171008-WA0001.jpg\" rel=\"\" data-image-id=\"258\" data-src=\"http:\/\/www.dpsg-ulm.de\/wordpress\/wp-content\/gallery\/winterfest-am-weiher-2017\/IMG-20171008-WA0001.jpg\" data-thumbnail=\"http:\/\/www.dpsg-ulm.de\/wordpress\/wp-content\/gallery\/winterfest-am-weiher-2017\/thumbs\/thumbs_IMG-20171008-WA0001.jpg\" data-title=\"IMG-20171008-WA0001\" data-description=\" \"><img decoding=\"async\" class=\"ngg-singlepic ngg-none alignright\" src=\"http:\/\/www.dpsg-ulm.de\/wordpress\/wp-content\/gallery\/winterfest-am-weiher-2017\/thumbs\/thumbs_IMG-20171008-WA0001.jpg\" alt=\"IMG-20171008-WA0001\"><\/a>Arbeitseinsatz (&#8222;Winterfest&#8220;) am Spatzenweiher<\/h2>\r\n<p>Auch in diesem Jahr wurde im Rahmen unseres &#8222;Winterfests am Spatzenweiher&#8220; unser Stammeszeltplatz winterfest gemacht. Zeit, um zu \u00fcberpr\u00fcfen, was w\u00e4hrend der Nutzung im Sommer an Reparaturen angefallen ist und Platz, um schon geplante Arbeiten auszuf\u00fchren. Einige Bilder finden sich in der <a href=\"http:\/\/www.dpsg-ulm.de\/wordpress\/fotos\/fotos-2017\/nggallery\/2017\/Winterfest-am-Weiher-2017\">Galerie<\/a>.<\/p>\r\n<p>Unser Zeltplatz verabschiedet sich damit in die Wintersaison und freut sich schon darauf, im Sommer wieder Gruppen begr\u00fc\u00dfen zu d\u00fcrfen-vielleicht eure? \ud83d\ude09<\/p>\r\n<p>Informationen zur Buchung und den Konditionen findet ihr im oberen Men\u00fc!<\/p>\r\n<h2>Unser Stamm beim Rechbergwegfest<a class=\"ngg-fancybox\" title=\" \" href=\"http:\/\/www.dpsg-ulm.de\/wordpress\/wp-content\/gallery\/spielstrasse-am-rechbergwegfest-2017\/IMG_3232-1.JPG\" rel=\"\" data-image-id=\"252\" data-src=\"http:\/\/www.dpsg-ulm.de\/wordpress\/wp-content\/gallery\/spielstrasse-am-rechbergwegfest-2017\/IMG_3232-1.JPG\" data-thumbnail=\"http:\/\/www.dpsg-ulm.de\/wordpress\/wp-content\/gallery\/spielstrasse-am-rechbergwegfest-2017\/thumbs\/thumbs_IMG_3232-1.JPG\" data-title=\"IMG_3232\" data-description=\" \"><img decoding=\"async\" class=\"ngg-singlepic ngg-none alignleft\" src=\"http:\/\/www.dpsg-ulm.de\/wordpress\/wp-content\/gallery\/spielstrasse-am-rechbergwegfest-2017\/thumbs\/thumbs_IMG_3232-1.JPG\" alt=\"IMG_3232\"><\/a><\/h2>\r\n<p>Wir waren auch beim diesj\u00e4hrigen Rechbergwegfest am <strong>Freitag, den 22.09.2017<\/strong> wieder mit unserer Spielstrasse vertreten. Im Garten der Kindertagesst\u00e4tte &#8222;<span class=\"st\">Pezzettino&#8220;&nbsp; boten unsere Spielstationen jede Menge Spa\u00df und Spannung. Wer einen kompletten Laufzettel vorweisen konnte erhielt einen (Gummi-)b\u00e4rigen Preis. Die ebenfalls aufgebaute Jurte mit Lagerfeuer vermittelteten den kleinen Besuchen pfadfinderisches Leben. Das leckere Stockbrot am Ende war schnell aufgegessen.<\/span><\/p>\r\n<p><a href=\"http:\/\/www.dpsg-ulm.de\/wordpress\/fotos\/fotos-2017\/nggallery\/2017\/Spielstra%C3%9Fe-am-Rechbergwegfest-2017\">Fotos<\/a> finden sich in der Galerie.<\/p>\r\n<h2>Fotos vom <a href=\"http:\/\/www.dpsg-ulm.de\/wordpress\/fotos\/fotos-2017\/nggallery\/2017\/Sommerlager-der-Pfadistufe-2017\">Sommerlager 2017 der Pfadfinderstufe<\/a><\/h2>\r\nngg_shortcode_1_placeholder\r\n<h2>&nbsp;<\/h2>\r\n<h2>Nabada 2017<\/h2>\r\n<p>Auch am Schw\u00f6rmontag 2017 nahmen wir beim traditionellen &#8222;Nabada&#8220; (=hinunterbaden) auf der Donau teil. Mit einem selbstgebauten Flo\u00df und -teilweise-auch in der Donau direkt-ging es vom Donauufer vor der Innenstadt bis zur Friedrichsau hinunter.<\/p>\r\n<h2><img loading=\"lazy\" decoding=\"async\" class=\"alignnone wp-image-2501 size-large\" src=\"http:\/\/www.dpsg-ulm.de\/wordpress\/wp-content\/uploads\/2017\/07\/IMG_9070-1024x768.jpg\" alt=\"\" width=\"640\" height=\"480\"><\/h2>\r\n<h2><img loading=\"lazy\" decoding=\"async\" class=\"alignnone wp-image-2500 size-large\" src=\"http:\/\/www.dpsg-ulm.de\/wordpress\/wp-content\/uploads\/2017\/07\/IMG_9069-1024x768.jpg\" alt=\"\" width=\"640\" height=\"480\"><br>(Fotos: Simon Berlec)<\/h2>\r\n<h2>Pfingstlager &#8222;Indianer am Spatzenweiher&#8220;<\/h2>\r\n<h2><img loading=\"lazy\" decoding=\"async\" class=\"alignright wp-image-2341 size-medium\" src=\"http:\/\/www.dpsg-ulm.de\/wordpress\/wp-content\/uploads\/ngg_featured\/DSCN0858-1-300x225.jpg\" alt=\"\" width=\"300\" height=\"225\" srcset=\"https:\/\/www.dpsg-ulm.de\/wordpress\/wp-content\/uploads\/ngg_featured\/DSCN0858-1-300x225.jpg 300w, https:\/\/www.dpsg-ulm.de\/wordpress\/wp-content\/uploads\/ngg_featured\/DSCN0858-1-768x576.jpg 768w, https:\/\/www.dpsg-ulm.de\/wordpress\/wp-content\/uploads\/ngg_featured\/DSCN0858-1.JPG 1024w\" sizes=\"auto, (max-width: 300px) 100vw, 300px\" \/><\/h2>\r\n<p>Vom 02.-05.Juni 2017 verwandelte sich unser Zeltplatz am Spatzenweiher in eine Indianerpr\u00e4rie. Alle Stufen f\u00fchlten dem Leben der Indianer nach. Pfeil und Bogen wurden geschnitzt, Kleider wurden gen\u00e4ht und am Lagerfeuer gab es spannende Indianergeschichten zu h\u00f6ren. Die K\u00fcche versorgte die hungrigen Indianer mit leckeren Speisen, wie &#8222;\u00c4pfel der Erde mit Biberschw\u00e4nzen&#8220; (\u00fcbersetzt: W\u00fcrstchen mit Kartoffelsalat)<\/p>\r\n<p>Ein weiterer H\u00f6hepunkt war der Gottesdienst mit unserem Kuraten, Dr. Estler, f\u00fcr den dies der erste &#8222;Einsatz&#8220; war. W\u00e4hrend des Gottesdienstes gab es auch die Versprechensfeier f\u00fcr neue W\u00f6flinge, Jungpfadfinder, Pfadfiinder und Rover.<\/p>\r\n<p>Wir danken herzlich dem Orgateam des Lagers und freuen uns schon auf das n\u00e4chste Jahr.<\/p>\r\n<p>Hier geht es zum <a href=\"http:\/\/www.dpsg-ulm.de\/wordpress\/fotos\/fotos-2017\/nggallery\/2017\/Pfingstlager-Indianer-2017\">Fotoalbum<\/a>.<\/p>\r\n<p>&nbsp;<\/p>\r\n<h2>Pfarrer Dr.Michael Estler zum Stammeskuraten gew\u00e4hlt<\/h2>\r\n<p>Mit einer komfortablen Mehrheit von 13 Stimmen-bei einer Enthaltung-wurde der Pfarrer der Seelsorgeeinheit St. Georg und St. Michael zu den Wengen, Herr Dr. Michael Estler, zum neuen Stammeskuraten gew\u00e4hlt. Somit ist auch der Vorstand -gemeinsam mit Andreas Schairer-wieder zu zwei Dritteln besetzt. Auf Grund der hohen Arbeitsbelastung von Pfr. Dr. Estler wird Pastoralassistent Niels Materne ebenfalls in die Arbeit eingebunden sein.<\/p>\r\n<p>Wir w\u00fcnschen beiden allzeit &#8222;Gut Pfad&#8220;, Gottes Segen und begr\u00fc\u00dfen sie herzlich!<\/p>\r\n<p>Fotos k\u00f6nnen <a href=\"http:\/\/www.dpsg-ulm.de\/wordpress\/fotos\/fotos-2017\/nggallery\/2017\/Kuratenwahl-Dr_Estler\">hier angeschaut<\/a> werden.<\/p>\r\n<p><img loading=\"lazy\" decoding=\"async\" class=\"alignnone size-large wp-image-1930\" src=\"http:\/\/www.dpsg-ulm.de\/wordpress\/wp-content\/uploads\/2013\/06\/20170422_173513-1024x576.jpg\" alt=\"\" width=\"640\" height=\"360\" srcset=\"https:\/\/www.dpsg-ulm.de\/wordpress\/wp-content\/uploads\/2013\/06\/20170422_173513-1024x576.jpg 1024w, https:\/\/www.dpsg-ulm.de\/wordpress\/wp-content\/uploads\/2013\/06\/20170422_173513-300x169.jpg 300w, https:\/\/www.dpsg-ulm.de\/wordpress\/wp-content\/uploads\/2013\/06\/20170422_173513-768x432.jpg 768w\" sizes=\"auto, (max-width: 640px) 100vw, 640px\" \/><br>Stammesvorsitzender Andreas Schairer gratuliert Pfr. Dr. Estler zur Wahl<\/p>\r\n<h2>Au\u00dferordendliche Stammesversammlung am 22. April 2017-anschlie\u00dfend Gottesdienst<\/h2>\r\n<p>Wegen der Wahl unseres zuk\u00fcnftigen Stammeskuraten, Herrn Dr. Michael Estler, ist f\u00fcr <strong>Samstag, den 22.April 2017<\/strong> eine <strong>au\u00dferordendliche Stammesversammlung<\/strong> einberufen worden. Diese findet um <strong>17:00 Uhr im Fort Albeck<\/strong> statt.&nbsp;<\/p>\r\n<p>Anschlie\u00dfend findet um <strong>19:00 Uhr in St. Georg<\/strong> ein &#8222;Georgsgottesdienst&#8220; statt, welchen unser Stamm mitgestaltet.<\/p>\r\n<h2>Stammesversammlung am 12. Februar 2017<\/h2>\r\n<p>Unsere diesj\u00e4hrige Stammesversammlung findet am <strong>Sonntag, den 12. Februar 2017 um 15:00 Uhr im Fort Albeck<\/strong> statt.<\/p>\r\n<p style=\"text-align: right;\"><a href=\"#top\">-zum Seitenanfang-<\/a><\/p>\r\n<h2 id=\"2016\">TIK 2016 &#8211; Die Mafia treibt ihr Unwesen<\/h2>\r\n<p>Traditionell fand vom 27.-30.12.2016 das diesj\u00e4hrige TIK (Trupp in Klausur) der Pfadistufe statt. Auf einer urigen H\u00fctte bei M\u00f6nsheim bildeten diverse Mafiafamilien neue Schurken aus.<\/p>\r\n<p>Dabei galt es den M\u00f6rder in einem Rollenspiel Dingfest zu machen, die Waffen von verfeindeten Familien bei Dunkelheit zu erobern, es wurden Werbe-Videos f\u00fcr neue Mitglieder gedreht und beim Mafia-Cluedo wurde der Sinn f\u00fcrs Kombinieren gesch\u00e4rft.<\/p>\r\n<p>Des Weiteren gab es auch Diskussionen zum kommenden Sommerlager, eine Bauernhofbesichtigung und nicht zu vergessen ein Besuch im Schwimmbad.<\/p>\r\nngg_shortcode_2_placeholder\r\n<p><a href=\"http:\/\/www.dpsg-ulm.de\/wordpress\/index.php\/nggallery\/fotos-2016\/Trupp-in-Klausur-2016?page_id=1681\">Zur Galerie von Trupp in Klausur 2016<\/a><\/p>\r\n<h2>Friedenslicht 2016<\/h2>\r\n<p>Wir sind dieses Jahr wieder beim Friedenslicht dabei. Das diesj\u00e4hrige Motto: Frieden: gef\u00e4llt mir! Um genau <strong>8.51 Uhr<\/strong> sollte der ICE mit dem Licht an Bord in Ulm einrollen. Wir treffen uns um <strong>8.30 Uhr<\/strong> vor dem Bahnhof. Danach laufen wir zu St. Georg und verkaufen das Licht nachdem wir ausgiebig gefr\u00fchst\u00fcckt haben <span class=\"_47e3 _5mfr\" title=\"\u201esmile\u201c-Emoticon\"><img loading=\"lazy\" decoding=\"async\" class=\"img\" src=\"https:\/\/www.facebook.com\/images\/emoji.php\/v6\/f4c\/1\/16\/1f642.png\" alt=\"\" width=\"16\" height=\"16\"><\/span> Kluft nicht vergessen!<\/p>\r\n<p><a href=\"http:\/\/www.dpsg-ulm.de\/wordpress\/index.php\/nggallery\/fotos-2016\/Friedenslicht-2016?page_id=1681\">Fotos von der Friedenslichtaktion gibt es hier! <\/a><\/p>\r\n<p><a href=\"http:\/\/www.dpsg-ulm.de\/wordpress\/wp-content\/uploads\/2013\/06\/Frieden-gefaellt-mir_FL_2016-1.jpg\"><img loading=\"lazy\" decoding=\"async\" class=\"alignnone size-medium wp-image-1718\" src=\"http:\/\/www.dpsg-ulm.de\/wordpress\/wp-content\/uploads\/2013\/06\/Frieden-gefaellt-mir_FL_2016-1-300x253.jpg\" alt=\"frieden-gefaellt-mir_fl_2016\" width=\"300\" height=\"253\" srcset=\"https:\/\/www.dpsg-ulm.de\/wordpress\/wp-content\/uploads\/2013\/06\/Frieden-gefaellt-mir_FL_2016-1-300x253.jpg 300w, https:\/\/www.dpsg-ulm.de\/wordpress\/wp-content\/uploads\/2013\/06\/Frieden-gefaellt-mir_FL_2016-1-768x648.jpg 768w, https:\/\/www.dpsg-ulm.de\/wordpress\/wp-content\/uploads\/2013\/06\/Frieden-gefaellt-mir_FL_2016-1.jpg 873w\" sizes=\"auto, (max-width: 300px) 100vw, 300px\" \/><\/a><\/p>\r\n<h2>Rock am Fort<\/h2>\r\n<p>Anl\u00e4sslich des Stammjubil\u00e4ums fand am 22. Oktober 2016 in Fort Albeck unser Jubil\u00e4umskonzert &#8222;Rock am Fort&#8220; statt. Mit von der Partie waren Banana Republic, Woomera und Red-Eye Stone aus Ulm, sowie mit- der sicherlich weitesten Anreise-DevilMayCare aus W\u00fcrzburg. Ca.50 Besucher hatten bei freiem Eintritt vor der B\u00fchne und im Vorraum des Forts viel Spa\u00df<\/p>\r\n<p>Danke an alle Beteiligten, ihr wart super!<br><img loading=\"lazy\" decoding=\"async\" class=\"alignnone wp-image-1719\" src=\"http:\/\/www.dpsg-ulm.de\/wordpress\/wp-content\/uploads\/2013\/06\/dmk-Rock-im-Fort-1-300x225.jpg\" alt=\"dmk-rock-im-fort\" width=\"388\" height=\"291\" srcset=\"https:\/\/www.dpsg-ulm.de\/wordpress\/wp-content\/uploads\/2013\/06\/dmk-Rock-im-Fort-1-300x225.jpg 300w, https:\/\/www.dpsg-ulm.de\/wordpress\/wp-content\/uploads\/2013\/06\/dmk-Rock-im-Fort-1-768x576.jpg 768w, https:\/\/www.dpsg-ulm.de\/wordpress\/wp-content\/uploads\/2013\/06\/dmk-Rock-im-Fort-1-1024x768.jpg 1024w, https:\/\/www.dpsg-ulm.de\/wordpress\/wp-content\/uploads\/2013\/06\/dmk-Rock-im-Fort-1.jpg 2048w\" sizes=\"auto, (max-width: 388px) 100vw, 388px\" \/><br>DevilMayCare in Aktion<br>(Foto: Andreas Schairer)<\/p>\r\n<h2>Nabada<\/h2>\r\n<p>Wir haben wieder mit unserem Flo\u00df beim Nabada mitgemacht. Ihr seht uns links im Bild. Das Wasser der Donau war mit ca. 15 Grad nicht gerade warm <i class=\"_lew\" title=\"\u201ewink\u201c-Emoticon\"><i class=\"_4-k1 img sp_fM-mz8spZ1b sx_7f72ac\"><\/i><span class=\"_4mcd\">\ud83d\ude09<\/span><\/i><\/p>\r\n<p><a href=\"http:\/\/www.dpsg-ulm.de\/wordpress\/wp-content\/uploads\/2013\/06\/2391783_w955h800q80v8011_Nabada52-1.jpg\"><img loading=\"lazy\" decoding=\"async\" class=\"alignnone size-full wp-image-1686\" src=\"http:\/\/www.dpsg-ulm.de\/wordpress\/wp-content\/uploads\/2013\/06\/2391783_w955h800q80v8011_Nabada52-1.jpg\" alt=\"2391783_w955h800q80v8011_Nabada52\" width=\"955\" height=\"694\" srcset=\"https:\/\/www.dpsg-ulm.de\/wordpress\/wp-content\/uploads\/2013\/06\/2391783_w955h800q80v8011_Nabada52-1.jpg 955w, https:\/\/www.dpsg-ulm.de\/wordpress\/wp-content\/uploads\/2013\/06\/2391783_w955h800q80v8011_Nabada52-1-300x218.jpg 300w, https:\/\/www.dpsg-ulm.de\/wordpress\/wp-content\/uploads\/2013\/06\/2391783_w955h800q80v8011_Nabada52-1-768x558.jpg 768w\" sizes=\"auto, (max-width: 955px) 100vw, 955px\" \/><\/a><\/p>\r\n<p>Foto: Matthias Kessler von der S\u00fcdwestpresse Ulm<\/p>\r\n<p><a href=\"http:\/\/www.dpsg-ulm.de\/wordpress\/wp-content\/uploads\/2013\/06\/Donau-18-07-2016-Nr23_HQ-1.jpg\"><img loading=\"lazy\" decoding=\"async\" class=\"alignnone size-large wp-image-1687\" src=\"http:\/\/www.dpsg-ulm.de\/wordpress\/wp-content\/uploads\/2013\/06\/Donau-18-07-2016-Nr23_HQ-1-1024x682.jpg\" alt=\"Donau-18-07-2016-Nr23_HQ\" width=\"640\" height=\"426\" srcset=\"https:\/\/www.dpsg-ulm.de\/wordpress\/wp-content\/uploads\/2013\/06\/Donau-18-07-2016-Nr23_HQ-1-1024x682.jpg 1024w, https:\/\/www.dpsg-ulm.de\/wordpress\/wp-content\/uploads\/2013\/06\/Donau-18-07-2016-Nr23_HQ-1-300x200.jpg 300w, https:\/\/www.dpsg-ulm.de\/wordpress\/wp-content\/uploads\/2013\/06\/Donau-18-07-2016-Nr23_HQ-1-768x512.jpg 768w, https:\/\/www.dpsg-ulm.de\/wordpress\/wp-content\/uploads\/2013\/06\/Donau-18-07-2016-Nr23_HQ-1.jpg 1600w\" sizes=\"auto, (max-width: 640px) 100vw, 640px\" \/><\/a><\/p>\r\n<p>Foto: Thorsten Nilson von Team-Ulm.de<\/p>\r\n<h2>Pfingstlager der Jupfis<\/h2>\r\n<div id=\"js_v\" class=\"_5pbx userContent\" data-ft=\"{&quot;tn&quot;:&quot;K&quot;}\">\r\n<p>Unsere Jupfis haben ihr Pfingstlager im bzw. hinter dem Fort verbracht. Die Wettervorhersage hatte uns einen Strich durch die Rechnung gemacht das Lager am Spatzenweiher stattfinden zu lassen. Bei unserer geplanten Alpakawanderung hatten wir aber trockenenes Wetter, sie war ein voller Erfolg.<\/p>\r\n<div class=\"_5wpt\">&nbsp;<\/div>\r\n<\/div>\r\n<div class=\"_3x-2\"><a href=\"http:\/\/www.dpsg-ulm.de\/wordpress\/wp-content\/uploads\/2013\/06\/13220763_1021144607962981_5957215406345528876_o-1.jpg\"><img loading=\"lazy\" decoding=\"async\" class=\"alignnone size-large wp-image-1690\" src=\"http:\/\/www.dpsg-ulm.de\/wordpress\/wp-content\/uploads\/2013\/06\/13220763_1021144607962981_5957215406345528876_o-1-1024x768.jpg\" alt=\"13220763_1021144607962981_5957215406345528876_o\" width=\"640\" height=\"480\" srcset=\"https:\/\/www.dpsg-ulm.de\/wordpress\/wp-content\/uploads\/2013\/06\/13220763_1021144607962981_5957215406345528876_o-1-1024x768.jpg 1024w, https:\/\/www.dpsg-ulm.de\/wordpress\/wp-content\/uploads\/2013\/06\/13220763_1021144607962981_5957215406345528876_o-1-300x225.jpg 300w, https:\/\/www.dpsg-ulm.de\/wordpress\/wp-content\/uploads\/2013\/06\/13220763_1021144607962981_5957215406345528876_o-1-768x576.jpg 768w, https:\/\/www.dpsg-ulm.de\/wordpress\/wp-content\/uploads\/2013\/06\/13220763_1021144607962981_5957215406345528876_o-1.jpg 2048w\" sizes=\"auto, (max-width: 640px) 100vw, 640px\" \/><\/a> <a href=\"http:\/\/www.dpsg-ulm.de\/wordpress\/wp-content\/uploads\/2013\/06\/13220756_1021144557962986_4750924147900061307_o-1.jpg\"><img loading=\"lazy\" decoding=\"async\" class=\"alignnone size-large wp-image-1689\" src=\"http:\/\/www.dpsg-ulm.de\/wordpress\/wp-content\/uploads\/2013\/06\/13220756_1021144557962986_4750924147900061307_o-1-1024x768.jpg\" alt=\"13220756_1021144557962986_4750924147900061307_o\" width=\"640\" height=\"480\" srcset=\"https:\/\/www.dpsg-ulm.de\/wordpress\/wp-content\/uploads\/2013\/06\/13220756_1021144557962986_4750924147900061307_o-1-1024x768.jpg 1024w, https:\/\/www.dpsg-ulm.de\/wordpress\/wp-content\/uploads\/2013\/06\/13220756_1021144557962986_4750924147900061307_o-1-300x225.jpg 300w, https:\/\/www.dpsg-ulm.de\/wordpress\/wp-content\/uploads\/2013\/06\/13220756_1021144557962986_4750924147900061307_o-1-768x576.jpg 768w, https:\/\/www.dpsg-ulm.de\/wordpress\/wp-content\/uploads\/2013\/06\/13220756_1021144557962986_4750924147900061307_o-1.jpg 2048w\" sizes=\"auto, (max-width: 640px) 100vw, 640px\" \/><\/a><\/div>\r\n<h2>&nbsp;<\/h2>\r\n<h2>Tulpenverkauf<\/h2>\r\n<p>Die Pfadistufe verkaufte wieder Tulpen vor dem B\u00fcchsenstadel in Ulm. Der Erl\u00f6s kam ihrem Pfingstlager in Tschechien zugute.<\/p>\r\n<p><a href=\"http:\/\/www.dpsg-ulm.de\/wordpress\/wp-content\/uploads\/2013\/06\/13076890_1011632792247496_6842717130454472385_n-1.jpg\"><img loading=\"lazy\" decoding=\"async\" class=\"alignnone wp-image-1706\" src=\"http:\/\/www.dpsg-ulm.de\/wordpress\/wp-content\/uploads\/2013\/06\/13076890_1011632792247496_6842717130454472385_n-1.jpg\" alt=\"13076890_1011632792247496_6842717130454472385_n\" width=\"359\" height=\"479\" srcset=\"https:\/\/www.dpsg-ulm.de\/wordpress\/wp-content\/uploads\/2013\/06\/13076890_1011632792247496_6842717130454472385_n-1.jpg 720w, https:\/\/www.dpsg-ulm.de\/wordpress\/wp-content\/uploads\/2013\/06\/13076890_1011632792247496_6842717130454472385_n-1-225x300.jpg 225w\" sizes=\"auto, (max-width: 359px) 100vw, 359px\" \/><\/a><\/p>\r\n<h2>Osterfeuer &amp; Osterkerzenverkauf<\/h2>\r\n<p>Auch dieses Jahr haben wir wieder das Osterfeuer am Karsamstag vor der St. Georgskirche entfacht. Gleichzeitig wurden die Osterkerzen verkauft die die Pfadistufe die Wochen davor gebastelt hat<\/p>\r\n<p><a href=\"http:\/\/www.dpsg-ulm.de\/wordpress\/wp-content\/uploads\/2013\/06\/12042723_988801021197340_6268454231592698990_n-1.jpg\"><img loading=\"lazy\" decoding=\"async\" class=\"alignnone wp-image-1709\" src=\"http:\/\/www.dpsg-ulm.de\/wordpress\/wp-content\/uploads\/2013\/06\/12042723_988801021197340_6268454231592698990_n-1.jpg\" alt=\"12042723_988801021197340_6268454231592698990_n\" width=\"444\" height=\"592\" srcset=\"https:\/\/www.dpsg-ulm.de\/wordpress\/wp-content\/uploads\/2013\/06\/12042723_988801021197340_6268454231592698990_n-1.jpg 720w, https:\/\/www.dpsg-ulm.de\/wordpress\/wp-content\/uploads\/2013\/06\/12042723_988801021197340_6268454231592698990_n-1-225x300.jpg 225w\" sizes=\"auto, (max-width: 444px) 100vw, 444px\" \/><\/a><\/p>\r\n<h2>&nbsp;<\/h2>\r\n<h2>Stammesversammlung am 28.02.2016<\/h2>\r\n<p>Wir laden Euch herzlich ein zu unserer Stammesversammlung und freuen uns auf ein zahlreiches Kommen!<\/p>\r\n<p style=\"text-align: right;\"><a href=\"#top\">-zum Seitenanfang-<\/a><\/p>\r\n<h2 id=\"2015\">Friedenslicht am 13.12.2015<\/h2>\r\n<p>Am vergangenen Sonntag haben wir wieder das Friedenslicht am Ulmer Hauptbahnhof abgeholt.<\/p>\r\n<p>Es wurde an an Jesus\u00b4Geburtsgrotte in Bethlehem entz\u00fcndet und per Flugzeug und Bahn in die L\u00e4nder gebracht.<\/p>\r\n<p>Hier noch genauere Infos zum Friedenslicht:<\/p>\r\n<div class=\"text_exposed_show\">\r\n<p><em>&#8222;Auch in diesem Jahr verteilen deutsche Pfadfinderinnen und Pfadfinder wieder das Friedenslicht aus Bethlehem. Die diesj\u00e4hrige Friedenslichtaktion erfolgt unter dem Motto: \u201eHoffnung schenken \u2013 Frieden finden\u201c. Wir wollen mit der Weitergabe des Lichts ein Zeichen f\u00fcr Gastfreundschaft und f\u00fcr Menschen auf der Flucht setzen. Gerade in diesen Tagen ist der Fokus auf den interreligi\u00f6sen Dialog ein wichtiges Signal f\u00fcr die Menschen im Heiligen Land. Das Friedenslicht aus der Geburtsgrotte Jesu Christi in Betlehem steht dabei f\u00fcr unsere Hoffnung auf Frieden, welche die Menschen christlichen, j\u00fcdischen und muslimischen Glaubens verbindet. <\/em><br><em>Die Aktion Friedenslicht gibt es seit 1986. Sie wurde vom \u00d6sterreichischen Rundfunk (ORF) ins Leben gerufen. Jedes Jahr entz\u00fcndet ein Kind das Friedenslicht an der Flamme der Geburtsgrotte Christi in Betlehem, worauf es durch eine Lichtstafette in ganz Europa ausgesendet wird. <\/em><br><em>Das Friedenslicht kommt am 13.12.15 zum Gottesdienst um 10.30 Uhr nach St.Georg. Wer m\u00f6chte kann eine Kerze oder Laterne mitbringen um das Licht mitzunehmen oder vor dem Gottesdienst geeignete Dauerbrenner erwerben. F\u00fcr alle die das Licht nicht bis Weihnachten brennen lassen k\u00f6nnen oder es fr\u00fchzeitig erlischt, wird es am 20.12.15 nach dem Gottesdienst vor dem Gemeindehaus in St. Georg nochmals verteilt.&#8220;<\/em><\/p>\r\n<\/div>\r\n<p><a href=\"http:\/\/www.dpsg-ulm.de\/wordpress\/wp-content\/uploads\/2013\/06\/IMG_5448-1.jpg\"><img loading=\"lazy\" decoding=\"async\" class=\"wp-image-1663 size-large aligncenter\" src=\"http:\/\/www.dpsg-ulm.de\/wordpress\/wp-content\/uploads\/2013\/06\/IMG_5448-1-1024x768.jpg\" alt=\"IMG_5448\" width=\"640\" height=\"480\" srcset=\"https:\/\/www.dpsg-ulm.de\/wordpress\/wp-content\/uploads\/2013\/06\/IMG_5448-1-1024x768.jpg 1024w, https:\/\/www.dpsg-ulm.de\/wordpress\/wp-content\/uploads\/2013\/06\/IMG_5448-1-300x225.jpg 300w, https:\/\/www.dpsg-ulm.de\/wordpress\/wp-content\/uploads\/2013\/06\/IMG_5448-1-768x576.jpg 768w, https:\/\/www.dpsg-ulm.de\/wordpress\/wp-content\/uploads\/2013\/06\/IMG_5448-1.jpg 2000w\" sizes=\"auto, (max-width: 640px) 100vw, 640px\" \/><\/a><\/p>\r\n<h2>JOTA JOTI 2015<\/h2>\r\n<p>Erweiteretes Logbuch zum ausf\u00fcllen f\u00fcr unser Spiel gibt es hier: <a href=\"http:\/\/www.dpsg-ulm.de\/wordpress\/wp-content\/uploads\/2013\/06\/ELogBuch-1.odt\">ELogBuch<\/a>.<\/p>\r\n<h2>Spielstra\u00dfe beim Rechbergwegfest 2015<\/h2>\r\n<p>Wie jedes Jahr waren wir beim Fest im Rechbergweg wieder mit unserer Spielstra\u00dfe pr\u00e4sent.<br>Vielen Dank an alle Leiter und Pfadis, die sich engagiert haben!<br><p>no images were found<\/p><\/p>\r\n<h2>Sommerlager W\u00f6lflinge 2015<\/h2>\r\n<p>Die W\u00f6flinge waren dieses Sommerlager in den Bergen und haben die Gipfel in der Umgebung der Gunzesrieder S\u00e4ge erklommen. Wir sind t\u00e4glich 10-15 km gelaufen und haben 600-800 H\u00f6henmeter \u00fcberwinden m\u00fcssen, was die Kinder sehr gut gemeistert haben. Sie hatten danach noch immer genug Energie zum Herumtoben um unsere tolle H\u00fctte.<\/p>\r\n<p>Zu Hause waren wir auf dem alten H\u00f6fle, einer Selbstversorgerh\u00fctte DAV Sektion Neu-Ulm. Am Ankunftstag haben wir uns erstmal in der H\u00fctte eingerichtet und ein bisschen die Umgebung erkundet.<\/p>\r\n<p>Am Samstag haben wir gleich mit einer leichten Tour zum Ofterschwanger Horn (1406m) angefangen. Auf dem Weg haben wir mehr K\u00fche als Ochsen \u00e4\u00e4h Wanderer getroffen.<\/p>\r\n<p><img loading=\"lazy\" decoding=\"async\" class=\"ngg-singlepic ngg-center aligncenter\" src=\"http:\/\/www.dpsg-ulm.de\/wordpress\/wp-content\/gallery\/slwoe2015\/SL2015_2015-08-01-12-46-27_019.JPG\" alt=\"SL2015_2015-08-01 12-46-27_019\" width=\"478\" height=\"319\"><\/p>\r\n<p>Am zweiten Tag haben wir die Talseite gewechselt und sind dann durch wundersch\u00f6ne W\u00e4lder, die wie Zauberw\u00e4lder aussahen und T\u00e4ler zum B\u00e4renkopf (1463m) gewandert. Wir haben zwar die Feen nicht getroffen, aber auch sonst keinen Menschen.<\/p>\r\n<p><img loading=\"lazy\" decoding=\"async\" class=\"ngg-singlepic ngg-none aligncenter\" src=\"http:\/\/www.dpsg-ulm.de\/wordpress\/wp-content\/gallery\/slwoe2015\/SL2015_2015-08-02-11-06-29_037.JPG\" alt=\"SL2015_2015-08-02 11-06-29_037\" width=\"564\" height=\"376\"><\/p>\r\n<p>Am dritten Tag haben wir uns eine Pause geg\u00f6nnt und einen Ausflug zum Alpsee gemacht, wo sich alle Hitzk\u00f6pfe unter uns richtig gut abk\u00fchlen konnten.Am vierten Tag haben sind wir eine besondere Route rauf zum Steineberg (1660m) gewandert, die sich als sehr spannend und idyllisch erwiesen hat.<\/p>\r\n<p><img loading=\"lazy\" decoding=\"async\" class=\"ngg-singlepic ngg-none aligncenter\" src=\"http:\/\/www.dpsg-ulm.de\/wordpress\/wp-content\/gallery\/slwoe2015\/SL2015_2015-08-04-12-19-49_122.JPG\" alt=\"SL2015_2015-08-04 12-19-49_122\" width=\"543\" height=\"362\"><\/p>\r\n<p>Am f\u00fcnften Tag haben wir den naheliegenden Tobel erkundet und eine Runde in dem eiskalten Wasser gebadet. Da gab&#8217;s eine Runde Canonying f\u00fcr Minis &#8211; die ganz besonders harten (oder mit Neoprenanzug gut ausger\u00fcsteten) haben sich von Felsen aus ins Wasser geworfen.<\/p>\r\n<p>Wir hatten eine wundersch\u00f6ne Zeit in den Bergen mit richtig gutem Essen und wundersch\u00f6nen Abenden am Lagerfeuer.<\/p>\r\n<h2>Hike der Jungpfadfinder<\/h2>\r\n<p>Die Jungpfadfinder waren auch hiken. Mit dem Zug sind wir nach Heidenheim gefahren und am ersten Tag nach Giengen gelaufen. In Giengen statteten wir dem Steiff Museum einen Besuch ab. Weiter ging es dann Richtung Hermaringen wo wir auch am Abend unsere Dreiecksplanen zu einem Zelt zusammenkn\u00f6pften und dort in der N\u00e4he einer Burgruine schliefen. Am n\u00e4chsten Tag liefen wir \u00fcber die Charlottenh\u00f6hle (die leider zu hatte) durchs Lonetal zum Arch\u00e4opark Vogelherd in Niederstotzingen. Da erholten wir uns von dem anstrengenden Weg und informierten uns dort u.a. \u00fcber die Eiszeit mit mehreren Mitmachstationen wie Speerwerfen. Die letzte Etappe an diesem Tag ging nach Asselfingen wo wir unsere zweite Nacht verbrachten.<\/p>\r\n<p>Nach einer erholsamen Nacht machten wir uns auf in Richtung Langenau. Nach einer l\u00e4ngeren Mittagspause in Langenau liefen wir zu unserem Tagesziel in Elchingen wo wir am See des Fischereivereins Elchingen e.V. \u00fcbernachten durften.<\/p>\r\n<p>Am letzten Tag unseres Hikes ging es von Elchingen zur\u00fcck zum Fort Albeck. Mit ca. 63 Kilometern in 3,5 Tagen kann man von einer ordentlichen Leistung sprechen!<\/p>\r\n<p><a href=\"http:\/\/www.dpsg-ulm.de\/wordpress\/?page_id=1148\" target=\"_blank\" rel=\"noopener noreferrer\">Bilder vom Hike findet ihr in der Galerie<\/a><\/p>\r\n<p><a href=\"http:\/\/www.dpsg-ulm.de\/wordpress\/wp-content\/uploads\/2013\/06\/Route-Sommerlager-e1441740035998-1.jpg\"><img loading=\"lazy\" decoding=\"async\" class=\"alignnone wp-image-1573\" src=\"http:\/\/www.dpsg-ulm.de\/wordpress\/wp-content\/uploads\/2013\/06\/Route-Sommerlager-e1441740035998-1.jpg\" alt=\"Route Sommerlager\" width=\"565\" height=\"491\"><\/a><\/p>\r\n<h2>&nbsp;<\/h2>\r\n<h2>Sommerlager der Pfadistufe<\/h2>\r\n<p>Der Pfaditrupp unseres Stammes war diesen Sommer zwei Wochen hiken im Bayerischen Wald.<\/p>\r\n<p>Nach der Anreise mit der Bahn, ging die Strecke von Bayerisch Eisenstein durchs sch\u00f6ne Tal des schwarzen Regen zur Glas-Stadt Zwiesel. Dort hatten die Pfadis die Tagesaufgabe: \u201eVersucht Euch bei einem Glasbl\u00e4ser im Glasblasen\u201c. Wir kamen leider ein paar Minuten zu sp\u00e4t, der Ofen ist kurz vor unserer Ankunft abgeschaltet worden\u2026<\/p>\r\n<p>Die Strecke f\u00fchrte uns weiter ins St\u00e4dtchen Regen. Hier hatten wir einen Ruhetag geplant. Gl\u00fccklicherweise bekamen wir einen super Lagerplatz beim \u00f6rtlichen Sportverein, bei dem wir uns und unsere Klamotten waschen konnten. Neben dem Waschen stand am Ruhetag noch die Mitarbeit im Kindergarten, sowie eine Freibadbesuch an.<\/p>\r\n<p>Nun verlie\u00dfen wir den Fluss und es ging \u00fcber March und Patersdorf nach Viechtach. In Viechtach stiegen wir dann relativ spontan auf Kanus um, mit denen wir die n\u00e4chsten zwei Tage bis nach Cham fuhren. Dort war wieder ein Ruhetag eingeplant. Neben dem W\u00e4sche waschen machten wir eine kleine Stadtralley und suchten den \u00e4ltesten Bewohner der Stadt (heutige Tagesaufgabe). Der \u00e4lteste Einwohnerin von Cham war 102 Jahre alt, aber leider war sie nicht zu hause. Die Tagesaufgabe galt trotzdem als bestanden.<\/p>\r\n<p>Da die Sonne mit ihrer ganzen Kraft vom Himmel brannte beschlossen wir die Route etwas zu \u00e4ndern. So folgten wir dem Pandurensteig durch h\u00fcgeliges aber daf\u00fcr bewaldetes Terrain in Richtung norden. So erreichten wir nach zwei weiteren Tagen unser Ziel Waldm\u00fcnchen. In diesen zwei Wochen haben wir viel Spa\u00df gehabt und viele neue Erfahrungen gemacht. Daran k\u00f6nnen auch die unz\u00e4hligen Blasen und M\u00fcckenstiche nichts \u00e4ndern.<\/p>\r\n<p><a href=\"http:\/\/www.dpsg-ulm.de\/wordpress\/wp-content\/uploads\/2013\/06\/IMG_6426-1.jpg\"><img loading=\"lazy\" decoding=\"async\" class=\" wp-image-1550 aligncenter\" src=\"http:\/\/www.dpsg-ulm.de\/wordpress\/wp-content\/uploads\/2013\/06\/IMG_6426-1-1024x768.jpg\" alt=\"IMG_6426\" width=\"697\" height=\"523\" srcset=\"https:\/\/www.dpsg-ulm.de\/wordpress\/wp-content\/uploads\/2013\/06\/IMG_6426-1-1024x768.jpg 1024w, https:\/\/www.dpsg-ulm.de\/wordpress\/wp-content\/uploads\/2013\/06\/IMG_6426-1-300x225.jpg 300w, https:\/\/www.dpsg-ulm.de\/wordpress\/wp-content\/uploads\/2013\/06\/IMG_6426-1-768x576.jpg 768w\" sizes=\"auto, (max-width: 697px) 100vw, 697px\" \/><\/a><\/p>\r\n<p><a href=\"http:\/\/www.dpsg-ulm.de\/wordpress\/?page_id=1148\" target=\"_blank\" rel=\"noopener noreferrer\">Weitere Bilder findet ihr in der Galerie<\/a><\/p>\r\n<p>&nbsp;<\/p>\r\n<h2>Sommerlager<\/h2>\r\n<p>Wir w\u00fcnschen allen unseren Pfadis viel Spa\u00df und gutes Wetter bei ihren Sommerunternehmen:<br>Die W\u00f6lflinge fahren f\u00fcr ein paar Tage auf eine H\u00fctte im Allg\u00e4u.<br>Die Jupfis machen ein kleines Hike von Heidenheim nach Ulm zur\u00fcck.<br>Die Pfadfinderstufe macht ebenfalls ein Hike, es geht in den Bayerischen Wald.<br>Und was macht die Roverstufe? Ja, auch ein Hike. Bei ihnen startet er in Oberstdorf, das Ziel ist noch ungewiss.<\/p>\r\n<h2>W\u00f6lflinge am Pfuhler Baggersee<\/h2>\r\n<p>Bei dem hei\u00dfen Sommer haben die W\u00f6lflinge die Truppstunde beim Pfuhler Baggersee verbracht.<\/p>\r\n<p><a href=\"http:\/\/www.dpsg-ulm.de\/wordpress\/wp-content\/uploads\/2013\/06\/bagersee-1.jpg\"><img loading=\"lazy\" decoding=\"async\" class=\"alignleft wp-image-1516\" src=\"http:\/\/www.dpsg-ulm.de\/wordpress\/wp-content\/uploads\/2013\/06\/bagersee-1.jpg\" alt=\"bagersee\" width=\"602\" height=\"483\" srcset=\"https:\/\/www.dpsg-ulm.de\/wordpress\/wp-content\/uploads\/2013\/06\/bagersee-1.jpg 2257w, https:\/\/www.dpsg-ulm.de\/wordpress\/wp-content\/uploads\/2013\/06\/bagersee-1-300x241.jpg 300w, https:\/\/www.dpsg-ulm.de\/wordpress\/wp-content\/uploads\/2013\/06\/bagersee-1-768x616.jpg 768w, https:\/\/www.dpsg-ulm.de\/wordpress\/wp-content\/uploads\/2013\/06\/bagersee-1-1024x822.jpg 1024w\" sizes=\"auto, (max-width: 602px) 100vw, 602px\" \/><\/a><\/p>\r\n<h4>&nbsp;<\/h4>\r\n<h2>&nbsp;<\/h2>\r\n<h2>&nbsp;<\/h2>\r\n<h2>Fronleichnam 2015<\/h2>\r\n<h4>Auch dieses Jahr haben wir Pfadfinder wieder die Altar\u00fcberdachung f\u00fcr den Fronleichnamsgottesdienst auf dem Weinhof aufgebaut und Nachtwache gehalten.<\/h4>\r\n<p><img loading=\"lazy\" decoding=\"async\" class=\"ngg-singlepic ngg-center alignleft\" src=\"http:\/\/www.dpsg-ulm.de\/wordpress\/wp-content\/gallery\/fronleichnam-2015\/IMAG0144.jpg\" alt=\"IMAG0144\" width=\"602\" height=\"341\"><\/p>\r\n<h2>Stammeslager 2015: Asterix und Obelix &#8211; Gallien in Gefahr<\/h2>\r\n<h4><a href=\"http:\/\/www.dpsg-ulm.de\/wordpress\/?page_id=1148\">Die Fotos vom Stammeslager sind online.<\/a><\/h4>\r\n<p><p>no images were found<\/p><\/p>\r\n<h2>Stammesversammlung<\/h2>\r\n<p>Am 1. M\u00e4rz fand wieder die allj\u00e4hrliche Stammesversammlung statt. Anfangs wurde der Film der Jupfistufe &#8222;Tatort&#8220; gezeigt um so einen lockeren Einstieg in die Versammlung zu bekommen. Nach Berichten des Vorstandes, der einzelnen Stufen, der Kassenf\u00fchrerin, den Kassenpr\u00fcfern und des Heimwartes, stand die j\u00e4hrliche Wahl der Kassenpr\u00fcfer an. Neben einigen Anw\u00e4rtern wurden jedoch wieder Stefan und Donk gew\u00e4hlt und diese nahmen die Wahl auch an.<\/p>\r\n<p>Vielen lieben Dank an alle die beteiligt waren und an alle die soviel Engagement in diese ehrenamtliche Jugendarbeit stecken.<\/p>\r\n<p>Der Vorstand Simon Berlec und Andreas Schairer mit Vikar Uwe Stier<\/p>\r\n<p><a href=\"http:\/\/www.dpsg-ulm.de\/wordpress\/wp-content\/uploads\/2013\/06\/20150301_150720-1.jpg\"><img loading=\"lazy\" decoding=\"async\" class=\"alignnone wp-image-1285 size-full\" src=\"http:\/\/www.dpsg-ulm.de\/wordpress\/wp-content\/uploads\/2013\/06\/20150301_150720-1.jpg\" alt=\"20150301_150720\" width=\"1000\" height=\"750\" srcset=\"https:\/\/www.dpsg-ulm.de\/wordpress\/wp-content\/uploads\/2013\/06\/20150301_150720-1.jpg 1000w, https:\/\/www.dpsg-ulm.de\/wordpress\/wp-content\/uploads\/2013\/06\/20150301_150720-1-300x225.jpg 300w, https:\/\/www.dpsg-ulm.de\/wordpress\/wp-content\/uploads\/2013\/06\/20150301_150720-1-768x576.jpg 768w\" sizes=\"auto, (max-width: 1000px) 100vw, 1000px\" \/><\/a><\/p>\r\n<hr>\r\n<h2><img loading=\"lazy\" decoding=\"async\" class=\"alignnone wp-image-1284 size-full\" src=\"http:\/\/www.dpsg-ulm.de\/wordpress\/wp-content\/uploads\/2013\/06\/20150301_150649-1.jpg\" alt=\"20150301_150649\" width=\"1000\" height=\"750\" srcset=\"https:\/\/www.dpsg-ulm.de\/wordpress\/wp-content\/uploads\/2013\/06\/20150301_150649-1.jpg 1000w, https:\/\/www.dpsg-ulm.de\/wordpress\/wp-content\/uploads\/2013\/06\/20150301_150649-1-300x225.jpg 300w, https:\/\/www.dpsg-ulm.de\/wordpress\/wp-content\/uploads\/2013\/06\/20150301_150649-1-768x576.jpg 768w\" sizes=\"auto, (max-width: 1000px) 100vw, 1000px\" \/><\/h2>\r\n<hr>\r\n<h2>W\u00f6lflingsfasching<\/h2>\r\n<p><a href=\"http:\/\/www.dpsg-ulm.de\/wordpress\/wp-content\/uploads\/2013\/06\/W\u00f6lflingsfasching-1.jpg\"><img loading=\"lazy\" decoding=\"async\" class=\"alignleft size-full wp-image-1199\" src=\"http:\/\/www.dpsg-ulm.de\/wordpress\/wp-content\/uploads\/2013\/06\/W\u00f6lflingsfasching-1.jpg\" alt=\"W\u00f6lflingsfasching\" width=\"2487\" height=\"1363\" srcset=\"https:\/\/www.dpsg-ulm.de\/wordpress\/wp-content\/uploads\/2013\/06\/W\u00f6lflingsfasching-1.jpg 2487w, https:\/\/www.dpsg-ulm.de\/wordpress\/wp-content\/uploads\/2013\/06\/W\u00f6lflingsfasching-1-300x164.jpg 300w, https:\/\/www.dpsg-ulm.de\/wordpress\/wp-content\/uploads\/2013\/06\/W\u00f6lflingsfasching-1-768x421.jpg 768w, https:\/\/www.dpsg-ulm.de\/wordpress\/wp-content\/uploads\/2013\/06\/W\u00f6lflingsfasching-1-1024x561.jpg 1024w\" sizes=\"auto, (max-width: 2487px) 100vw, 2487px\" \/><\/a>Was der Schrank im Fort so alles hergibt \ud83d\ude09<\/p>\r\n<h2>TIK &#8211; Trupp in Klausur 2015<\/h2>\r\n<p>Auf einer urigen H\u00fctte in der Schweiz fand vom 2.-5.1.2015 das diesj\u00e4hrige TiK (Trupp in Klausur) der Pfadistufe statt. Dieses Jahr war viel Internationalit\u00e4t zu sp\u00fcren, denn wir veranstalteten die \u201e1. Olympischen Pfadi-Winterspiele\u201c. Nat\u00fcrlich mit olympischer Fackel, Nationalhymnen, Siegerehrungen und was sonst noch alles dazugeh\u00f6rt.<br>F\u00fcr diese Spiele haben sich drei L\u00e4nder qualifiziert: Indien, Irland und Liechtenstein.<br>Neben den vielen Disziplinen wie beispielsweise \u201eBaumstammweitwurf\u201c, \u201eFang den Kiesel\u201c oder \u201eSchneeballschlacht\u201c, wurde auch der Speiseplan den drei vertretenen Nationen angepasst. So gab es Indisches allerlei mit Curry und Reis, Irish Stew und K\u00e4sefondue zum essen. Am Ende eines gelungen Unternehmens konnte das Irische Team in Summe die meisten Goldmedaillen f\u00fcr sich verbuchen.<\/p>\r\n<p style=\"text-align: right;\"><a href=\"#top\">-zum Seitenanfang<\/a><\/p>\r\n<p><p>no images were found<\/p><\/p>\r\n<h2 id=\"2014\">Friedenslicht 2014<\/h2>\r\n<p>Am Sonntag 14.12.2014 holten wir wieder das Friedenslicht in unsere Gemeinde. Diesmal sollte aber nicht alles nach Plan laufen: Punkt 8.30 trafen wir uns am Ulmer Hauptbahnhof um das Friedenslicht, das mit dem ICE aus M\u00fcnchen um 8.48 Uhr in Ulm ankommen sollte, zu holen. Der Zug fuhr dann auch p\u00fcnktlich an Gleis 1 ein, nach dem Halt ging auch die \u00fcbliche Sucherei los in welchem Wagen die Pfadfinder mit der Laterne wohl sind. Als dann aber klar war dass keine Klufttr\u00e4ger mit Kerze an Bord waren, war die Entt\u00e4uschung schon sp\u00fcrbar. War alles umsonst?<\/p>\r\n<p>Nein, um 9.50 Uhr fuhr noch ein ICE in Ulm ein, diesmal auch mit Sucherei, aber mit Licht. Schnell wurde das Licht verteilt und mit den wenigen Gruppen die noch da waren ein Gruppenbild gemacht.<\/p>\r\n<p>Nach dem R\u00fcckmarsch zu St. Georg und dem Gottesdienst in den wir das Licht brachten, verkauften wir vor dem Gemeindehaus noch Kerzen mit der heiligen Flamme.<\/p>\r\n<p>Wer noch keine hat: am <strong>21.12.2014<\/strong>, den vierten Advent, verkaufen wir nochmals am gleichen Ort um <strong>11.3o Uhr<\/strong> die restlichen Kerzen.<\/p>\r\n<p>&nbsp;<\/p>\r\n<p><a href=\"http:\/\/www.dpsg-ulm.de\/wordpress\/wp-content\/uploads\/2013\/06\/IMG_1547-1.jpg\"><img loading=\"lazy\" decoding=\"async\" class=\"alignnone wp-image-1125 size-large\" src=\"http:\/\/www.dpsg-ulm.de\/wordpress\/wp-content\/uploads\/2013\/06\/IMG_1547-1-1024x682.jpg\" alt=\"IMG_1547\" width=\"640\" height=\"426\" srcset=\"https:\/\/www.dpsg-ulm.de\/wordpress\/wp-content\/uploads\/2013\/06\/IMG_1547-1-1024x682.jpg 1024w, https:\/\/www.dpsg-ulm.de\/wordpress\/wp-content\/uploads\/2013\/06\/IMG_1547-1-300x200.jpg 300w, https:\/\/www.dpsg-ulm.de\/wordpress\/wp-content\/uploads\/2013\/06\/IMG_1547-1-768x512.jpg 768w, https:\/\/www.dpsg-ulm.de\/wordpress\/wp-content\/uploads\/2013\/06\/IMG_1547-1.jpg 2000w\" sizes=\"auto, (max-width: 640px) 100vw, 640px\" \/><\/a><\/p>\r\n<p>&nbsp;<\/p>\r\n<h2>&nbsp;<\/h2>\r\n<h2>&nbsp;<\/h2>\r\n<h2>Unser Stamm auf Facebook<\/h2>\r\n<p>Schaut doch mal auf unserer Facebookseite vor<a href=\"https:\/\/www.facebook.com\/Pfadfinder.Ulm\" target=\"_blank\" rel=\"noopener noreferrer\"><img loading=\"lazy\" decoding=\"async\" class=\"alignleft\" src=\"http:\/\/www.dpsg-ulm.de\/wordpress\/wp-content\/gallery\/logos\/thumbs\/thumbs_facebook_link.jpg\" alt=\"facebook_link\" width=\"100\" height=\"75\"> <\/a><\/p>\r\n<p><a href=\"https:\/\/www.facebook.com\/Pfadfinder.Ulm\" target=\"_blank\" rel=\"noopener noreferrer\">https:\/\/www.facebook.com\/Pfadfinder.Ulm<\/a><\/p>\r\n<hr>\r\n<h2>Jota \/ Joti 2014<\/h2>\r\n<p>Gerade hat das Jota \/ Joti 2014 (<strong>J<\/strong>amboree <strong>o<\/strong>n <strong>t<\/strong>he <strong>a<\/strong>ir\/ <strong>J<\/strong>amboree <strong>o<\/strong>n <strong>t<\/strong>he <strong>i<\/strong>nternet) begonnen. Zusammen mit dem BdP Stamm Einhorn chatten und funken wir bis Sonntag mit anderen Pfadfindern der ganzen Welt.<\/p>\r\n<p>Einige Eindr\u00fccke findet ihr hier bereits.<\/p>\r\n<p><p>no images were found<\/p><br>[fb_count]\r\n<hr>\r\n<h1>Putztag<\/h1>\r\n<p>Am Putztag vergangenen Samstag wurde dank der flei\u00dfigen Helfer einiges aufger\u00e4umt im Fort. Somit sehen der Truppraum 1, die K\u00fcche und der Keller wieder top aus.<\/p>\r\n<p>Zeitgleich wurden im Truppraum 2 die Computer f\u00fcr das anstehende Jota\/Joti aufgebaut.<\/p>\r\n<p>Danke auch an die freiwilligen Helfer die l\u00e4nger geblieben sind!<\/p>\r\n<p><img loading=\"lazy\" decoding=\"async\" class=\"alignnone size-medium wp-image-957\" src=\"http:\/\/www.dpsg-ulm.de\/wordpress\/wp-content\/uploads\/2013\/06\/20141014_1939061-1-300x225.jpg\" alt=\"20141014_193906\" width=\"300\" height=\"225\" srcset=\"https:\/\/www.dpsg-ulm.de\/wordpress\/wp-content\/uploads\/2013\/06\/20141014_1939061-1-300x225.jpg 300w, https:\/\/www.dpsg-ulm.de\/wordpress\/wp-content\/uploads\/2013\/06\/20141014_1939061-1-768x576.jpg 768w, https:\/\/www.dpsg-ulm.de\/wordpress\/wp-content\/uploads\/2013\/06\/20141014_1939061-1-1024x768.jpg 1024w, https:\/\/www.dpsg-ulm.de\/wordpress\/wp-content\/uploads\/2013\/06\/20141014_1939061-1.jpg 2000w\" sizes=\"auto, (max-width: 300px) 100vw, 300px\" \/><img loading=\"lazy\" decoding=\"async\" class=\"alignnone size-medium wp-image-958\" src=\"http:\/\/www.dpsg-ulm.de\/wordpress\/wp-content\/uploads\/2013\/06\/20141014_1940071-1-300x225.jpg\" alt=\"20141014_194007\" width=\"300\" height=\"225\" srcset=\"https:\/\/www.dpsg-ulm.de\/wordpress\/wp-content\/uploads\/2013\/06\/20141014_1940071-1-300x225.jpg 300w, https:\/\/www.dpsg-ulm.de\/wordpress\/wp-content\/uploads\/2013\/06\/20141014_1940071-1-768x576.jpg 768w, https:\/\/www.dpsg-ulm.de\/wordpress\/wp-content\/uploads\/2013\/06\/20141014_1940071-1-1024x768.jpg 1024w, https:\/\/www.dpsg-ulm.de\/wordpress\/wp-content\/uploads\/2013\/06\/20141014_1940071-1.jpg 2000w\" sizes=\"auto, (max-width: 300px) 100vw, 300px\" \/><\/p>\r\n<hr>\r\n<h2>Oktoberhike der Pfadistufe<\/h2>\r\n<p>Am verl\u00e4ngerten Wochenede \u00fcber den Tag der Deutschen Einheit, beschloss der Pfaditrupp das sch\u00f6n angesagte Wetter zu nutzen und auf ein Hike zu gehen. Die Route verlief nach kurzer Zuganreise von Westerstetten durchs sch\u00f6ne Lonetal bis nach Giengen.<\/p>\r\n<p>Unterwegs trafen wir viele hilfsbereite Menschen, so konnten wir am ersten Schlafplatz bei Nerenstetten die sanit\u00e4ren Einrichtungen des \u00f6rtlichen Feuerwehr benutzen. Die zweite Nacht verbrachten wir im Rittergut in Stetten. Das kam auch wie gerufen, denn das Wetter war im Lonetal au\u00dfer am ersten Tag nicht wirklich so gut, wie es angesagt war. Zum Abschluss wurde noch die Charlottenh\u00f6hle bei H\u00fcrben besichtigt. Dies ist mit 532 m eine der l\u00e4ngsten H\u00f6hlen S\u00fcddeutschlands. Von Giengen ging es mit dem Zug dann wieder nach Hause.<\/p>\r\n<p>Fazit: 40 km, ein paar Blasen, durchwachsenes Wetter, aber sehr viele Erlebnisse und viel Spa\u00df.<\/p>\r\n<p><div class='ngg-tagcloud' id=\"gallery_d342ba25683962f09e9f096ddc857675\">\n\t\t\tNo images have been tagged.\n\t<\/div><\/p>\r\n[fb_count]\r\n<hr>\r\n<h2>Sommerlager<\/h2>\r\n<p>Pfadfinderstufe &#8211; Astgabel \u00b414 Har(t)zen im Wald<\/p>\r\n<p>Unser diesj\u00e4hriges Sommerlager verbrachten wir bei Wangen im Allg\u00e4u. Unser Plan war es, ein Baumhaus zu bauen, in dem wir die restlichen Tage schlafen konnten.<\/p>\r\n<p>Am Samstag den 2.August versammelten wir uns erstmal im Fort Albeck, um die Bretter, Stangen und Zeltmaterial f\u00fcr die 12 Tage einzuladen. Dann gings auch schon los zu unserem Lagerplatz. Dort angekommen bauten wir die notwendigsten Dinge auf. Am n\u00e4chsten Tag begannen wir auch schon mit dem Baumhausbau auf 4m H\u00f6he. Dabei sicherten wir uns durch unsere selbstgebastelten Sicherheitsgurte. Das Baumhaus war nach 3 \u00bd Tagen fertig.<\/p>\r\n<p><p>no images were found<\/p><\/p>\r\n<p>In der 3. Nacht im Baumhaus mussten wir leider feststellen, dass bei unserer Konstruktion Oberpfadfinder-Pfusch mit am Werk war, denn die H\u00e4lfte der Personen wurde nass. Nachdem wir mit dem Bau fertig waren, hatten wir noch Zeit, ein paar Sehensw\u00fcrdigkeiten wie den Eistobel anzuschauen. Am Ende kam man sagen, dass es ein sch\u00f6nes und lustiges, wenn auch etwas nasses Lager war.<\/p>\r\n<h2>Nabada 2014<\/h2>\r\n<p>Beim Nabada waren wir mit unserem Flo\u00df mitten im Geschehen.<\/p>\r\n<p><p>no images were found<\/p><\/p>\r\n<h2>Abenteuerl<wbr>andgottesd<wbr>ienst 01.06.2014<\/h2>\r\n<p>Wir sind wieder mit unserer Spielstra\u00dfe beim Abenteuerlandgottesdienst teil.<\/p>\r\n<p><a href=\"http:\/\/www.dpsg-ulm.de\/wordpress\/wp-content\/uploads\/2013\/06\/Abenteuerland-fuer-Email-1.gif\"><img loading=\"lazy\" decoding=\"async\" class=\"alignleft size-full wp-image-844\" src=\"http:\/\/www.dpsg-ulm.de\/wordpress\/wp-content\/uploads\/2013\/06\/Abenteuerland-fuer-Email-1.gif\" alt=\"Abenteuerland fuer Email\" width=\"1832\" height=\"868\"><\/a><\/p>\r\n<p>&nbsp;<\/p>\r\n<hr>\r\n<h2>Elternwanderung 2014<\/h2>\r\n<p>Traditionen muss man auch einmal wieder beleben. Genau aus diesem Grund wurde dieses Jahr in unserer Leiterrunde und auf der diesj\u00e4hrigen Stammesversammlung wieder eine Wanderung mit Eltern und G\u00e4sten geplant. Die An- und R\u00fcckfahrt ist mit dem Privatauto vorgesehen.Unser Ziel liegt bei Herbrechtingen. Es erwartet uns eines der landschaftlich gro\u00dfartigsten Flusst\u00e4ler auf der sonst wasserarmen Alb, das Eselsburger Tal.<\/p>\r\n<p>Treffpunkt ist am <strong>Sonntag, den 25.05.2014<\/strong> um 09:00 Uhr am Fort Albeck<\/p>\r\n<p>Ende ist am <strong>Sonntag, gegen 17:30 Uhr <\/strong>geplant.<\/p>\r\n<p><strong>Wichtig ist:<\/strong><\/p>\r\n<p>&#8211; Tagesvesper und Essen zum Grillen, Getr\u00e4nke u.\u00e4. sowie evtl. Essgeschirr (\u00d6ffentlicher Grillplatz)<br>&#8211; wetterangepasste Kleidung, evtl. zus\u00e4tzlich ein Regenschutz<\/p>\r\n<p>Anmeldung zu download gibt&#8217;s hier: <a href=\"http:\/\/www.dpsg-ulm.de\/wordpress\/wp-content\/uploads\/2014\/05\/Einladung_Eselsbguerger_Tal-1.pdf\">Einladung_Eselsbguerger_Tal<\/a><\/p>\r\n<hr>\r\n<h2>Georgslauf 2014<\/h2>\r\n<p>Die Fotos vom Georgslauf 2014 sind online<\/p>\r\n<p><p>no images were found<\/p><\/p>\r\n<p><a href=\"http:\/\/www.dpsg-ulm.de\/wordpress\/index.php\/nggallery\/2014\/georgslauf-2014?page_id=523\">Hier<\/a> gehts zum Album<\/p>\r\n<hr>\r\n<p><img loading=\"lazy\" decoding=\"async\" class=\"wp-image-789 alignnone\" src=\"http:\/\/www.dpsg-ulm.de\/wordpress\/wp-content\/uploads\/2013\/06\/JPG-1.jpg\" alt=\"JPG\" width=\"368\" height=\"144\" srcset=\"https:\/\/www.dpsg-ulm.de\/wordpress\/wp-content\/uploads\/2013\/06\/JPG-1.jpg 597w, https:\/\/www.dpsg-ulm.de\/wordpress\/wp-content\/uploads\/2013\/06\/JPG-1-300x118.jpg 300w\" sizes=\"auto, (max-width: 368px) 100vw, 368px\" \/><br>Wie jedes Jahr ist am 23. April Georgstag. Um dies geb\u00fchrend zu feiern, veranstaltet unser Stamm am darauffolgenden Wochenende einen Georgslauf im Kiesental bei Blaustein.<\/p>\r\n<p>Treffpunkt ist am Samstag 26.04.2014 um 9.00 Uhr am Fort Albeck.<br>Ende ist am Samstag Abend nach dem Grillen im Fort Albeck gegen 19.30 Uhr.<\/p>\r\n<p>Die Anmeldung k\u00f6nnt Ihr hier runterladen <a href=\"http:\/\/www.dpsg-ulm.de\/wordpress\/wp-content\/uploads\/2013\/06\/Einladung_Georgstag-2014_-1.pdf\" target=\"_blank\" rel=\"noopener noreferrer\">Einladung_Georgstag 2014<\/a><\/p>\r\n<hr>\r\n<h2>Osterkerzen<\/h2>\r\n<p>Die Pfadis haben wieder mit den Vorbereitungen f\u00fcr das Osterkerzenbasteln begonnen. Diesen und n\u00e4chsten Samstag wird wieder gebastelt&#8230;<\/p>\r\n<hr>\r\n<h2>Stammesvorstand wieder komplett<\/h2>\r\n<p>Mit der Wahl von Herrn Vikar Uwe Stier zum Stammeskuraten bei der Stammesversammlung am 16.03.2014 ist unser Stammesvorstand \u2013 neben Simon Berlec und Andreas Schairer als Stammesvorsitzenden &#8211; wieder vollst\u00e4ndig besetzt. Herr Stier tritt als Nachfolger von Pfr. Alfred V\u00f6gele, Pfr. Thomas Keller und Vikar Martin Jochen Wittschorek als vierter \u201cgeistlicher Leiter\u201c bei uns Pfadfindern an. Wir danken ihm recht herzlich f\u00fcr seine Bereitschaft dieses wichtige Amt zu bekleiden und w\u00fcnschen ihm und uns einen gemeinsamen Weg voller bleibender Spuren und Erfahrungen!<\/p>\r\n<p><p>no images were found<\/p><\/p>\r\n<hr>\r\n<h2>Stammesversammlung 2014<\/h2>\r\n<p>Am Sonntag 16. M\u00e4rz ist um 15 Uhr Stammesversammlung im Fort Albeck.<br>Die Pfadistufe pr\u00e4sentiert zwei Kurzfilme aus Ihrem Filmprojekt.<\/p>\r\n<hr>\r\n<h2>Trupp in Klausur 2014<\/h2>\r\n<p style=\"text-align: left;\">Die Pfadfinderstufe hat das Jahr 2014 mit dem allj\u00e4hrlichen TIK (\u201eTrupp in Klausur\u201c) begonnen. Vom 2.-5. Januar verbrachten wir vier gesellige Tage in einer einsamen H\u00fctte im Schwarzwald, ohne Licht und Strom, daf\u00fcr aber mit wunderbar dem k\u00fchlem Quellwasser des Dreschenbachs. <a title=\"TIK (\u201eTrupp in Klausur\u201c) 2014\" href=\"http:\/\/www.dpsg-ulm.de\/wordpress\/?page_id=552\">weiter<\/a><\/p>\r\n<p style=\"text-align: right;\"><a href=\"#top\">-zum Seitenanfang-<\/a><\/p>\r\n<p><p>no images were found<\/p><\/p>\r\n<hr>\r\n<h2 id=\"2013\">Friedenslicht 2013<\/h2>\r\n<p>Am Sonntag 15. Dezember 2013 haben wir das Friedenslicht am Bahnhof abgeholt und nach St. Georg gebracht.<\/p>\r\n<p><p>no images were found<\/p><\/p>\r\n<hr>\r\n<h2>Film\u2026.Film\u2026.Film\u2026.<\/h2>\r\n<p>Endlich k\u00f6nnen wir wieder einmal alte Filme zeigen! Diesmal allerdings ohne das gef\u00fcrchtete provisorische Kleben des zuf\u00e4llig jetzt gerissenen Films.<\/p>\r\n<p>Wir laden herzlich zur Vorf\u00fchrung alter Filme \u2013 diesmal aber von DVDs \u2013 ein.<\/p>\r\n<p><a title=\"Film\u2026.Film\u2026.Film\u2026.\" href=\"http:\/\/www.dpsg-ulm.de\/wordpress\/?page_id=491\">Weitere Infos<\/a><\/p>\r\n<hr>\r\n<h2>Neues vom Spatzenweiher<\/h2>\r\n<p>Am Spatzenweiher wurden 17 neue B\u00e4ume gepflanzt, bzw. kaputte B\u00e4ume ausgetauscht.<\/p>\r\n<p><p>no images were found<\/p><\/p>\r\n<div><hr><\/div>\r\n<h2>Filmprojekt in der Pfadistufe<\/h2>\r\n<p><img loading=\"lazy\" decoding=\"async\" class=\"ngg-singlepic ngg-left alignleft\" src=\"http:\/\/www.dpsg-ulm.de\/wordpress\/wp-content\/gallery\/1_fotos_fuer_seiten\/imag0022.jpg\" alt=\"imag0022\" width=\"244\" height=\"138\">Letzten Montag fiel mit dem Beginn der Dreharbeiten der Startschuss f\u00fcr das Filmprojekt der Pfadistufe.<br>Ziel ist es einen oder mehrere Kurzfilme in Form von Sketchen zu produzieren. Diese sollen dann an der Stammesversammlung im Februar gezeigt werden.<br>Um die Spannung aufrecht zu erhalten, wird nat\u00fcrlich noch nichts verraten&#8230;<\/p>\r\n<div><hr><\/div>\r\n<h2>Jupfi Herbstlager<\/h2>\r\n<p>Unter dem Motto &#8222;Himmlisch blau&#8220; verbrachten die Jungpfadfinder Ende Oktober 4 Tage am Spatzenweiher. Es wurden K\u00fcrbisgeister gebastelt, Drachen gebaut und eine spannende Nachtwanderung mit Fackeln durchgef\u00fchrt.<\/p>\r\n<p><p>no images were found<\/p><\/p>\r\n<hr>\r\n<h2>Wuchten am Weiher, die dritte&#8230;<\/h2>\r\n<p>Am vergangenen Samstag, 28.09.2013 fand die dritte Aufr\u00e4umaktion der Sturmsch\u00e4den vom August am Spatzenweiher statt. Mit zwei fast dauernd laufenden Kettens\u00e4gen und einigen motivierten Helfern wurde dieses Mal ein gutes St\u00fcck der Arbeit geschafft. Zwei Birken und eine gro\u00dfe Weide wurden in \u201ehandliche\u201c St\u00fccke (1m L\u00e4nge) zerlegt. Zudem konnte eine gro\u00dfe Menge Astwerk zerkleinert werden.<\/p>\r\n<p>Zum Einsatz kam auch unser neuer benzinbetriebener Freischneider. Damit ist es ein leichtes, die langsam zuwuchernden Wege wieder frei zu bekommen.<\/p>\r\n<hr>\r\n<h2>Plattfuss am Rhein 2013 &#8211; Sommerunternehmen der Pfadfinderstufe<\/h2>\r\n<p>Der diesj\u00e4hrige Pfadfindertrupp entschloss sich, eine zweiw\u00f6chige Fahrradtour in Mitteldeutschland zu machen. Mit zehn Fahrr\u00e4dern, Satteltaschen, pers\u00f6nlichem Gep\u00e4ck, K\u00fcchenmaterial und Zelten fuhren wir an der kompletten Lahn entlang. Ab Bad Laasphe fuhren wir \u00fcber Marburg Wetzlar, Limburg nach Lahnstein. An der Lahnm\u00fcndung beschlossen wir, den Rhein richtung S\u00fcden zu folgen. Dort fuhren wir unter anderem durch die Orte Boppard, Loreley, Bingen und Wiesbaden bis nach Worms.<br>Unterwegs machten wir noch einen Selbstverpflegungstag auf einem Bio-Bauernhof. F\u00fcr eine reichliche Mahlzeit am Abend, fingen wir H\u00fchner ein, putzen K\u00e4fige und kehrten den Hof.<\/p>\r\n<p>Wir freuen uns schon auf n\u00e4chstes Jahr.<\/p>\r\n<p><!-- default-view.php -->\n<div\n\tclass=\"ngg-galleryoverview default-view\n\t ngg-ajax-pagination-none\t\"\n\tid=\"ngg-gallery-503926da9fb7abe1f9a31b297f40f297-1\"\n\tdata-gallery-id=\"42\">\n\n\t\t<!-- Thumbnails -->\n\t\t\t\t<div id=\"ngg-image-0\" class=\"ngg-gallery-thumbnail-box\n\t\t\t\t\t\t\t\t\t\t\t\"\n\t\t\t>\n\t\t\t\t\t\t<div class=\"ngg-gallery-thumbnail\">\n\t\t\t<a href=\"https:\/\/www.dpsg-ulm.de\/wordpress\/wp-content\/gallery\/neues-von-den-jupfis\/Rucksack.png\"\n\t\t\t\ttitle=\" \"\n\t\t\t\tdata-src=\"https:\/\/www.dpsg-ulm.de\/wordpress\/wp-content\/gallery\/neues-von-den-jupfis\/Rucksack.png\"\n\t\t\t\tdata-thumbnail=\"https:\/\/www.dpsg-ulm.de\/wordpress\/wp-content\/gallery\/neues-von-den-jupfis\/thumbs\/thumbs_Rucksack.png\"\n\t\t\t\tdata-image-id=\"594\"\n\t\t\t\tdata-title=\" \"\n\t\t\t\tdata-description=\" \"\n\t\t\t\tdata-image-slug=\"\"\n\t\t\t\t\t\t\t\t\t\t\t\t\t\t\t\t\t\t\t\tclass=\"ngg-fancybox\" rel=\"503926da9fb7abe1f9a31b297f40f297\">\n\t\t\t\t\t\t\t\t<img\n\t\t\t\t\ttitle=\" \"\n\t\t\t\t\talt=\" \"\n\t\t\t\t\tsrc=\"https:\/\/www.dpsg-ulm.de\/wordpress\/wp-content\/gallery\/neues-von-den-jupfis\/thumbs\/thumbs_Rucksack.png\"\n\t\t\t\t\twidth=\"240\"\n\t\t\t\t\theight=\"160\"\n\t\t\t\t\tstyle=\"max-width:100%;\"\n\t\t\t\t\/>\n\t\t\t<\/a>\n\t\t<\/div>\n\t\t\t\t\t\t\t<\/div>\n\t\t\t\n\t\t\t\t<div id=\"ngg-image-1\" class=\"ngg-gallery-thumbnail-box\n\t\t\t\t\t\t\t\t\t\t\t\"\n\t\t\t>\n\t\t\t\t\t\t<div class=\"ngg-gallery-thumbnail\">\n\t\t\t<a href=\"https:\/\/www.dpsg-ulm.de\/wordpress\/wp-content\/gallery\/neues-von-den-jupfis\/IMG20231109173718.jpg\"\n\t\t\t\ttitle=\" \"\n\t\t\t\tdata-src=\"https:\/\/www.dpsg-ulm.de\/wordpress\/wp-content\/gallery\/neues-von-den-jupfis\/IMG20231109173718.jpg\"\n\t\t\t\tdata-thumbnail=\"https:\/\/www.dpsg-ulm.de\/wordpress\/wp-content\/gallery\/neues-von-den-jupfis\/thumbs\/thumbs_IMG20231109173718.jpg\"\n\t\t\t\tdata-image-id=\"595\"\n\t\t\t\tdata-title=\"IMG20231109173718\"\n\t\t\t\tdata-description=\" \"\n\t\t\t\tdata-image-slug=\"img20231109173718-2\"\n\t\t\t\t\t\t\t\t\t\t\t\t\t\t\t\t\t\t\t\tclass=\"ngg-fancybox\" rel=\"503926da9fb7abe1f9a31b297f40f297\">\n\t\t\t\t\t\t\t\t<img\n\t\t\t\t\ttitle=\"IMG20231109173718\"\n\t\t\t\t\talt=\"IMG20231109173718\"\n\t\t\t\t\tsrc=\"https:\/\/www.dpsg-ulm.de\/wordpress\/wp-content\/gallery\/neues-von-den-jupfis\/thumbs\/thumbs_IMG20231109173718.jpg\"\n\t\t\t\t\twidth=\"240\"\n\t\t\t\t\theight=\"160\"\n\t\t\t\t\tstyle=\"max-width:100%;\"\n\t\t\t\t\/>\n\t\t\t<\/a>\n\t\t<\/div>\n\t\t\t\t\t\t\t<\/div>\n\t\t\t\n\t\t\t\t<div id=\"ngg-image-2\" class=\"ngg-gallery-thumbnail-box\n\t\t\t\t\t\t\t\t\t\t\t\"\n\t\t\t>\n\t\t\t\t\t\t<div class=\"ngg-gallery-thumbnail\">\n\t\t\t<a href=\"https:\/\/www.dpsg-ulm.de\/wordpress\/wp-content\/gallery\/neues-von-den-jupfis\/IMG20231109172518.jpg\"\n\t\t\t\ttitle=\" \"\n\t\t\t\tdata-src=\"https:\/\/www.dpsg-ulm.de\/wordpress\/wp-content\/gallery\/neues-von-den-jupfis\/IMG20231109172518.jpg\"\n\t\t\t\tdata-thumbnail=\"https:\/\/www.dpsg-ulm.de\/wordpress\/wp-content\/gallery\/neues-von-den-jupfis\/thumbs\/thumbs_IMG20231109172518.jpg\"\n\t\t\t\tdata-image-id=\"596\"\n\t\t\t\tdata-title=\"IMG20231109172518\"\n\t\t\t\tdata-description=\" \"\n\t\t\t\tdata-image-slug=\"img20231109172518-2\"\n\t\t\t\t\t\t\t\t\t\t\t\t\t\t\t\t\t\t\t\tclass=\"ngg-fancybox\" rel=\"503926da9fb7abe1f9a31b297f40f297\">\n\t\t\t\t\t\t\t\t<img\n\t\t\t\t\ttitle=\"IMG20231109172518\"\n\t\t\t\t\talt=\"IMG20231109172518\"\n\t\t\t\t\tsrc=\"https:\/\/www.dpsg-ulm.de\/wordpress\/wp-content\/gallery\/neues-von-den-jupfis\/thumbs\/thumbs_IMG20231109172518.jpg\"\n\t\t\t\t\twidth=\"240\"\n\t\t\t\t\theight=\"160\"\n\t\t\t\t\tstyle=\"max-width:100%;\"\n\t\t\t\t\/>\n\t\t\t<\/a>\n\t\t<\/div>\n\t\t\t\t\t\t\t<\/div>\n\t\t\t\n\t\t\t\t<div id=\"ngg-image-3\" class=\"ngg-gallery-thumbnail-box\n\t\t\t\t\t\t\t\t\t\t\t\"\n\t\t\t>\n\t\t\t\t\t\t<div class=\"ngg-gallery-thumbnail\">\n\t\t\t<a href=\"https:\/\/www.dpsg-ulm.de\/wordpress\/wp-content\/gallery\/neues-von-den-jupfis\/IMG20231109172557.jpg\"\n\t\t\t\ttitle=\" \"\n\t\t\t\tdata-src=\"https:\/\/www.dpsg-ulm.de\/wordpress\/wp-content\/gallery\/neues-von-den-jupfis\/IMG20231109172557.jpg\"\n\t\t\t\tdata-thumbnail=\"https:\/\/www.dpsg-ulm.de\/wordpress\/wp-content\/gallery\/neues-von-den-jupfis\/thumbs\/thumbs_IMG20231109172557.jpg\"\n\t\t\t\tdata-image-id=\"597\"\n\t\t\t\tdata-title=\"IMG20231109172557\"\n\t\t\t\tdata-description=\" \"\n\t\t\t\tdata-image-slug=\"img20231109172557-2\"\n\t\t\t\t\t\t\t\t\t\t\t\t\t\t\t\t\t\t\t\tclass=\"ngg-fancybox\" rel=\"503926da9fb7abe1f9a31b297f40f297\">\n\t\t\t\t\t\t\t\t<img\n\t\t\t\t\ttitle=\"IMG20231109172557\"\n\t\t\t\t\talt=\"IMG20231109172557\"\n\t\t\t\t\tsrc=\"https:\/\/www.dpsg-ulm.de\/wordpress\/wp-content\/gallery\/neues-von-den-jupfis\/thumbs\/thumbs_IMG20231109172557.jpg\"\n\t\t\t\t\twidth=\"240\"\n\t\t\t\t\theight=\"160\"\n\t\t\t\t\tstyle=\"max-width:100%;\"\n\t\t\t\t\/>\n\t\t\t<\/a>\n\t\t<\/div>\n\t\t\t\t\t\t\t<\/div>\n\t\t\t\n\t\t\t\t<div id=\"ngg-image-4\" class=\"ngg-gallery-thumbnail-box\n\t\t\t\t\t\t\t\t\t\t\t\"\n\t\t\t>\n\t\t\t\t\t\t<div class=\"ngg-gallery-thumbnail\">\n\t\t\t<a href=\"https:\/\/www.dpsg-ulm.de\/wordpress\/wp-content\/gallery\/neues-von-den-jupfis\/IMG20231109173457.jpg\"\n\t\t\t\ttitle=\" \"\n\t\t\t\tdata-src=\"https:\/\/www.dpsg-ulm.de\/wordpress\/wp-content\/gallery\/neues-von-den-jupfis\/IMG20231109173457.jpg\"\n\t\t\t\tdata-thumbnail=\"https:\/\/www.dpsg-ulm.de\/wordpress\/wp-content\/gallery\/neues-von-den-jupfis\/thumbs\/thumbs_IMG20231109173457.jpg\"\n\t\t\t\tdata-image-id=\"598\"\n\t\t\t\tdata-title=\"IMG20231109173457\"\n\t\t\t\tdata-description=\" \"\n\t\t\t\tdata-image-slug=\"img20231109173457-2\"\n\t\t\t\t\t\t\t\t\t\t\t\t\t\t\t\t\t\t\t\tclass=\"ngg-fancybox\" rel=\"503926da9fb7abe1f9a31b297f40f297\">\n\t\t\t\t\t\t\t\t<img\n\t\t\t\t\ttitle=\"IMG20231109173457\"\n\t\t\t\t\talt=\"IMG20231109173457\"\n\t\t\t\t\tsrc=\"https:\/\/www.dpsg-ulm.de\/wordpress\/wp-content\/gallery\/neues-von-den-jupfis\/thumbs\/thumbs_IMG20231109173457.jpg\"\n\t\t\t\t\twidth=\"240\"\n\t\t\t\t\theight=\"160\"\n\t\t\t\t\tstyle=\"max-width:100%;\"\n\t\t\t\t\/>\n\t\t\t<\/a>\n\t\t<\/div>\n\t\t\t\t\t\t\t<\/div>\n\t\t\t\n\t\t\t\t<div id=\"ngg-image-5\" class=\"ngg-gallery-thumbnail-box\n\t\t\t\t\t\t\t\t\t\t\t\"\n\t\t\t>\n\t\t\t\t\t\t<div class=\"ngg-gallery-thumbnail\">\n\t\t\t<a href=\"https:\/\/www.dpsg-ulm.de\/wordpress\/wp-content\/gallery\/neues-von-den-jupfis\/IMG20231109172611.jpg\"\n\t\t\t\ttitle=\" \"\n\t\t\t\tdata-src=\"https:\/\/www.dpsg-ulm.de\/wordpress\/wp-content\/gallery\/neues-von-den-jupfis\/IMG20231109172611.jpg\"\n\t\t\t\tdata-thumbnail=\"https:\/\/www.dpsg-ulm.de\/wordpress\/wp-content\/gallery\/neues-von-den-jupfis\/thumbs\/thumbs_IMG20231109172611.jpg\"\n\t\t\t\tdata-image-id=\"599\"\n\t\t\t\tdata-title=\"IMG20231109172611\"\n\t\t\t\tdata-description=\" \"\n\t\t\t\tdata-image-slug=\"img20231109172611-2\"\n\t\t\t\t\t\t\t\t\t\t\t\t\t\t\t\t\t\t\t\tclass=\"ngg-fancybox\" rel=\"503926da9fb7abe1f9a31b297f40f297\">\n\t\t\t\t\t\t\t\t<img\n\t\t\t\t\ttitle=\"IMG20231109172611\"\n\t\t\t\t\talt=\"IMG20231109172611\"\n\t\t\t\t\tsrc=\"https:\/\/www.dpsg-ulm.de\/wordpress\/wp-content\/gallery\/neues-von-den-jupfis\/thumbs\/thumbs_IMG20231109172611.jpg\"\n\t\t\t\t\twidth=\"240\"\n\t\t\t\t\theight=\"160\"\n\t\t\t\t\tstyle=\"max-width:100%;\"\n\t\t\t\t\/>\n\t\t\t<\/a>\n\t\t<\/div>\n\t\t\t\t\t\t\t<\/div>\n\t\t\t\n\t\n\t<br style=\"clear: both\" \/>\n\n\t\n\t\t<!-- Pagination -->\n\t\t<div class='ngg-clear'><\/div>\t<\/div>\n<\/p>\r\n<hr>\r\n<h2>Spielstra\u00dfe beim Rechbergwegfest<\/h2>\r\n<p>Beim Fest im Rechbergweg waren wir mit einer Spielstra\u00dfe pr\u00e4sent.<\/p>\r\n<p>Vielen Dank an alle Leiter und Pfadis, die sich engagiert haben!<\/p>\r\n<hr>\r\n<h2>Nabada 2013<\/h2>\r\n<p>wie jedes Jahr haben wir beim NABADA mitgemacht.<\/p>\r\n<hr>\r\n<h2>Verabschiedung unseres Stammeskuraten Martin J. Wittschorek<\/h2>\r\n<p>Unser Stammeskurat wird nach zwei Jahren in Ulm zu neuen Ufern aufbrechen. Wie es die Regelung f\u00fcr Vikare in unserer Di\u00f6zese vorsieht wird Martin J. Wittschorek ab September seine 2. Vikarstelle antreten.<br>Vielen Dank f\u00fcr Dein Engagement bei uns im Stamm und alles Gute f\u00fcr die Zukunft!<\/p>\r\n<hr>\r\n<h2>Spielstra\u00dfe beim Karlsplatzfest<\/h2>\r\n<p><img loading=\"lazy\" decoding=\"async\" class=\"ngg-singlepic ngg-left\" src=\"http:\/\/www.dpsg-ulm.de\/wordpress\/wp-content\/gallery\/spielsrase-karlsplatzsfest-2013\/dsc04823.jpg\" alt=\"SONY DSC\" width=\"595\" height=\"135\"><\/p>\r\n<p><img loading=\"lazy\" decoding=\"async\" class=\"alignright\" src=\"http:\/\/www.dpsg-ulm.de\/wordpress\/wp-content\/uploads\/2013\/06\/LilieEx_small-1.gif\" alt=\"LilieEx_small\" width=\"104\" height=\"103\"><\/p>\r\n<p>Beim ersten Karlsplatzfest seit mehreren Jahren waren wir bei strahlendem Sonnenschein mit einer Spielstra\u00dfe pr\u00e4sent. \u00dcber 140 Kinder haben unsere Spielstationen durchlaufen und nat\u00fcrlich alle einen Preis bekommen. Insbesondere beim Brezelschnappen bildete sich eine immer l\u00e4nger werdende Schlange.<\/p>\r\n<p>Vielen Dank an alle Leiter und Pfadis, die sich engegiert haben!<\/p>\r\n<p><a href=\"http:\/\/www.dpsg-ulm.de\/wordpress\/?page_id=191&amp;album=4&amp;gallery=30\">Fotos gibt&#8217;s hier<\/a><\/p>\r\n<hr>\r\n<h2>72Stunden Aktion 2013<\/h2>\r\n<p>\u00dcber 40 flei\u00dfige Georgies von Minis, Pfadis, Choris &amp; Orffis waren bei der diesj\u00e4hrigen 72Stunden-Aktion des BDKJ&#8217;s dabei. Aufgabe war es, innerhalb von 72Stunden Spielzeuge zu sammeln, gegebenfalls zu reparieren und dann an bed\u00fcrftige Kinder oder Institutionen zu verschenken. Das Projekt entwickelte sich fast zu einem Selbstl\u00e4ufer und die Sammelstellen in der Platzgasse und an St. Georg wurden reichlich besucht. Dann wurde alles im Fort Albeck, wo alle gemeinsam die 4 Tage verbracht und gen\u00e4chtigt haben, gepr\u00fcft und sortiert. Mittlerweile erfreuen sich viele Kinder an dem Projekt, u.a. der Kinderpark Ulm, Zentrum guterhirte, ein Waisenhaus in Rum\u00e4nien und eine gro\u00dfe Ladung ging direkt in die \u00dcberschwemmungsgebiete und wurde vor Ort an bed\u00fcrftige Familien verteilt.<\/p>\r\nngg_shortcode_3_placeholder\r\n<hr>\r\n<h2>Bezirkslager 2013<\/h2>\r\n<p><a class=\"shutterset_\" href=\"http:\/\/www.dpsg-ulm.de\/wordpress\/wp-content\/gallery\/pfingstlager-2013\/20130601_141111.jpg\"><img loading=\"lazy\" decoding=\"async\" class=\"ngg-singlepic ngg-none alignleft\" src=\"http:\/\/www.dpsg-ulm.de\/wordpress\/wp-content\/gallery\/pfingstlager-2013\/thumbs\/thumbs_20130601_141111.jpg\" alt=\"20130601_141111\" width=\"100\" height=\"75\"><\/a>Unser Bezirk feiert dieses Jahr 60 j\u00e4hriges Jubil\u00e4um. Gemeinsam mit den anderen St\u00e4mmen veranstalten wir ein gro\u00dfes Bezirkslager unter dem Motto \u201eGo East\u201c bei uns am Spatzenweiher<\/p>\r\n<p><a href=\"http:\/\/www.dpsg-ulm.de\/wordpress\/?page_id=191&amp;album=4&amp;gallery=30\">Fotos gibts hier<\/a><\/p>\r\n<p style=\"text-align: right;\"><a href=\"#top\">-zum Seitenanfang-<\/a><\/p>\r\n<p>&nbsp;<\/p>","protected":false},"excerpt":{"rendered":"<p>2024 &#8211; 2023 &#8211; 2022 &#8211; 2021 &#8211; 2020 &#8211; 2019 &#8211; 2018 &#8211; 2017 &#8211; 2016 &#8211; 2015 &#8211; 2014 &#8211;2013 Stammesvesammlung 2024 Am Sonntag, dem 24. November 2024 fand unsere diesj\u00e4hrige Stammesversammlung statt. Neben der Entlastung unserer Vorst\u00e4nde sowie unserer Kasse wurde \u00fcber anstehende Projekte im kommenden Jahr sowie stattgefundene Aktionen und die&#8230;<\/p>\n","protected":false},"author":3,"featured_media":0,"parent":0,"menu_order":0,"comment_status":"closed","ping_status":"closed","template":"","meta":{"ngg_post_thumbnail":0,"footnotes":""},"class_list":["post-2664","page","type-page","status-publish","hentry"],"_links":{"self":[{"href":"https:\/\/www.dpsg-ulm.de\/wordpress\/wp-json\/wp\/v2\/pages\/2664","targetHints":{"allow":["GET"]}}],"collection":[{"href":"https:\/\/www.dpsg-ulm.de\/wordpress\/wp-json\/wp\/v2\/pages"}],"about":[{"href":"https:\/\/www.dpsg-ulm.de\/wordpress\/wp-json\/wp\/v2\/types\/page"}],"author":[{"embeddable":true,"href":"https:\/\/www.dpsg-ulm.de\/wordpress\/wp-json\/wp\/v2\/users\/3"}],"replies":[{"embeddable":true,"href":"https:\/\/www.dpsg-ulm.de\/wordpress\/wp-json\/wp\/v2\/comments?post=2664"}],"version-history":[{"count":23,"href":"https:\/\/www.dpsg-ulm.de\/wordpress\/wp-json\/wp\/v2\/pages\/2664\/revisions"}],"predecessor-version":[{"id":4699,"href":"https:\/\/www.dpsg-ulm.de\/wordpress\/wp-json\/wp\/v2\/pages\/2664\/revisions\/4699"}],"wp:attachment":[{"href":"https:\/\/www.dpsg-ulm.de\/wordpress\/wp-json\/wp\/v2\/media?parent=2664"}],"curies":[{"name":"wp","href":"https:\/\/api.w.org\/{rel}","templated":true}]}}