{"id":115,"date":"2013-06-26T20:40:44","date_gmt":"2013-06-26T18:40:44","guid":{"rendered":"http:\/\/www.dpsgulm.phibro.de\/wordpress\/?page_id=115"},"modified":"2026-04-07T20:40:57","modified_gmt":"2026-04-07T18:40:57","slug":"herzlich-willkommen-auf-unserer-hompage","status":"publish","type":"page","link":"https:\/\/www.dpsg-ulm.de\/wordpress\/","title":{"rendered":"Aktuelles"},"content":{"rendered":"<h2>Elternabend am 26. M\u00e4rz 2026<\/h2>\r\n<div style=\"width: 152px\" class=\"wp-caption alignright\"><a class=\"ngg-fancybox\" title=\"\" href=\"https:\/\/www.dpsg-ulm.de\/wordpress\/wp-content\/gallery\/spatzenweiher\/20181001_225109.jpg\" target=\"_blank\" rel=\"noopener\" data-image-id=\"345\" data-src=\"https:\/\/www.dpsg-ulm.de\/wordpress\/wp-content\/gallery\/spatzenweiher\/20181001_225109.jpg\" data-thumbnail=\"https:\/\/www.dpsg-ulm.de\/wordpress\/wp-content\/gallery\/spatzenweiher\/thumbs\/thumbs_20181001_225109.jpg\" data-title=\"20181001_225109\" data-description=\" \"><img loading=\"lazy\" decoding=\"async\" class=\"ngg-singlepic ngg-none\" src=\"https:\/\/www.dpsg-ulm.de\/wordpress\/wp-content\/gallery\/spatzenweiher\/20181001_225109.jpg\" alt=\"Auf dem Bild ist ein Aufn\u00e4her des Stammeslogo zu sehen\" width=\"142\" height=\"252\"><\/a><p class=\"wp-caption-text\">Foto: Christian Pubanz | DPSG Stamm Saint-Exup\u00e9ry Ulm<\/p><\/div>\r\n\r\nSowohl f\u00fcr Eltern, deren Kinder neu im Stamm, als auch f\u00fcr diejenigen die bereits l\u00e4nger dabei sind, findet am <strong>Donnerstag, den 26. M\u00e4rz 2026 um 18:00 Uhr<\/strong> ein Elternabend im Fort Albeck statt.&nbsp;\r\n\r\nIn unserer <a href=\"https:\/\/www.dpsg-ulm.de\/wordpress\/downloads\/\">Downloadecke<\/a> findet ihr die offizielle Einladung sowie eine schriftliche Zusammenfassung dazu.\r\n\r\n<br \/> \r\n<h2>In Gedenken<\/h2>\r\nV\u00f6llig unerwartet ist unser Freund Thomas \u201etommy\u201c Hartmann am 15. Januar 2026 verstorben.\r\n\r\nLest hier einen Nachruf:\r\n\r\n<div class='w3eden'><!-- WPDM Link Template: Default Template -->\n\n<div class=\"link-template-default card mb-2\">\n    <div class=\"card-body\">\n        <div class=\"media\">\n            <div class=\"mr-3 img-48\"><img decoding=\"async\" class=\"wpdm_icon\" alt=\"Icon\"   src=\"https:\/\/www.dpsg-ulm.de\/wordpress\/wp-content\/plugins\/download-manager\/assets\/file-type-icons\/pdf.png\" \/><\/div>\n            <div class=\"media-body\">\n                <h3 class=\"package-title\"><a href='https:\/\/www.dpsg-ulm.de\/wordpress\/download\/nachruf-auf-thomas-tommy-hartmann\/'>Nachruf auf Thomas \"tommy\" Hartmann<\/a><\/h3>\n                <div class=\"text-muted text-small\"><i class=\"fas fa-copy\"><\/i> 1 Datei(en) <i class=\"fas fa-hdd ml-3\"><\/i> 308.61 KB<\/div>\n            <\/div>\n            <div class=\"ml-3\">\n                <a class='wpdm-download-link download-on-click btn btn-primary ' rel='nofollow' href='#' data-downloadurl=\"https:\/\/www.dpsg-ulm.de\/wordpress\/download\/nachruf-auf-thomas-tommy-hartmann\/?wpdmdl=4777&refresh=69f369b670e251777559990\">Download<\/a>\n            <\/div>\n        <\/div>\n    <\/div>\n<\/div>\n\n<\/div>\r\n<br \/>\r\n<div style=\"width: 193px\" class=\"wp-caption alignleft\"><a class=\"ngg-fancybox\" title=\" \" href=\"https:\/\/www.dpsg-ulm.de\/wordpress\/wp-content\/gallery\/friedenslicht-2025\/friedenslicht_plakat_2025_Ein-Funke-Mut.png\" target=\"_blank\" rel=\"noopener\" data-image-id=\"681\" data-src=\"https:\/\/www.dpsg-ulm.de\/wordpress\/wp-content\/gallery\/friedenslicht-2025\/friedenslicht_plakat_2025_Ein-Funke-Mut.png\" data-thumbnail=\"https:\/\/www.dpsg-ulm.de\/wordpress\/wp-content\/gallery\/friedenslicht-2025\/thumbs\/thumbs_friedenslicht_plakat_2025_Ein-Funke-Mut.png\" data-title=\"friedenslicht_plakat_2025_Ein-Funke-Mut\" data-description=\" \"><img loading=\"lazy\" decoding=\"async\" class=\"ngg-singlepic ngg-none\" src=\"https:\/\/www.dpsg-ulm.de\/wordpress\/wp-content\/gallery\/friedenslicht-2025\/friedenslicht_plakat_2025_Ein-Funke-Mut.png\" alt=\"Das Plakat zur Aktion &quot;Friedenslicht aus Betlehem 2025&quot; zeigt das Logo der Aktion im linken oberen Bereich, daneben die Logos der teilnehmenden Verb\u00e4nde. Darnter sieht man vor einer aufgehenden Sonne viele Kinder mit Kerzen und, die sie gegenseitig anz\u00fcnden. Das Jahresmotto daneben. \" width=\"183\" height=\"258\"><\/a><p class=\"wp-caption-text\">Plakat: rdP<\/p><\/div>\r\n<h2><span style=\"font-family: georgia, palatino, serif;\">Friedenslicht 2025<\/span><\/h2>\r\n<p align=\"left\"><span style=\"font-family: georgia, palatino, serif; font-size: 12pt;\">Unter dem Motto \u201eEin Funke Mut\u201c setzt die Aktion \u201eFriedenslicht aus Bethlehem\u201c auch in diesem Jahr ein leuchtendes Zeichen der Verbundenheit.<\/span><\/p>\r\n<p align=\"left\"><span style=\"font-family: georgia, palatino, serif; font-size: 12pt;\">Die Aktion Friedenslicht gibt es seit 1986. Sie wurde vom \u00d6sterreichischen Rundfunk ins Leben gerufen. Jedes Jahr entz\u00fcndet ein Kind das Friedenslicht an der Flamme der Geburtsgrotte Christi in Betlehem, worauf es durch eine Lichtstafette in ganz Europa ausgesendet wird. <\/span><\/p>\r\n<p align=\"left\"><span style=\"font-family: georgia, palatino, serif; font-size: 12pt;\">Eine Delegation von Pfadfinder*innen aus Deutschland hat das Licht gestern bei der Aussendungsfeier im Linzer Mariendom in Empfang genommen und uns heute Morgen mit dem Zug gebracht.<\/span><\/p>\r\n<p align=\"left\"><span style=\"font-family: georgia, palatino, serif; font-size: 12pt;\">Dieses Symbol der Hoffnung und des Friedens m\u00f6chten wir Ihnen heute weitergeben. Ein Funke Mut \u2013 das kann der Anfang von etwas Gr\u00f6\u00dferem sein. Ein Funke Mut bedeutet, f\u00fcr den Frieden einzustehen, auch wenn der Weg dorthin schwer ist. Es hei\u00dft, hinzuschauen und zu handeln \u2013 mit kleinen Gesten, die Gro\u00dfes bewirken k\u00f6nnen.\r\nMut bedeutet auch, nicht allein zu bleiben, sondern andere mit dem Licht zu erreichen, das wir in uns tragen.<\/span><\/p>\r\n<p align=\"left\">In unserer <a href=\"https:\/\/www.dpsg-ulm.de\/wordpress\/fotos-2025\/\">Galerie<\/a> finden sich Fotos von der Aussendungsfeier in St. Georg am 2. Adventssonntag.&nbsp;<\/p>\r\n<br \/>\r\nMitgliederversammlung der Freunde und F\u00f6rderer am 16. November 2025\r\n\r\n<a href=\"https:\/\/www.dpsg-ulm.de\/wordpress\/wp-content\/uploads\/2013\/06\/ev_logo.jpg\" target=\"_blank\" rel=\"noopener\"><img loading=\"lazy\" decoding=\"async\" class=\"alignright wp-image-83\" src=\"https:\/\/www.dpsg-ulm.de\/wordpress\/wp-content\/uploads\/2013\/06\/ev_logo.jpg\" alt=\"Logo der Freunde und F\u00f6rderer des DPSG Stamm Saint-Exup\u00e9ry Ulm. Zu sehen ist das stilisierte M\u00fcnster von Ulm, davor die Lilie der DPSG. \" width=\"231\" height=\"140\"><\/a>\r\n\r\nDie diesj\u00e4hrige Mitgliederversammlung unseres F\u00f6rdervereins findet am\r\n\r\n<strong>Sonntag, dem 16. November 2025 um 14:00 Uhr im Fort Albeck <\/strong>statt.\r\nDie offizielle Einladung mit vorl\u00e4ufiger Tagesordnung ist in unserer <a href=\"https:\/\/www.dpsg-ulm.de\/wordpress\/downloads\/\">Downloadecke<\/a> abrufbar.\r\n\r\nWir freuen uns auf zahlreiches Erscheinen!\r\n<h2>Stammesversammlung am 23. November 2025<\/h2>\r\n<div style=\"width: 250px\" class=\"wp-caption alignleft\"><a class=\"ngg-fancybox\" title=\" \" href=\"https:\/\/www.dpsg-ulm.de\/wordpress\/wp-content\/gallery\/spatzenweiher\/Versammlung_Haende-Stimmkarten_CSchnaubelt.jpg\" target=\"_blank\" rel=\"noopener\" data-image-id=\"572\" data-src=\"https:\/\/www.dpsg-ulm.de\/wordpress\/wp-content\/gallery\/spatzenweiher\/Versammlung_Haende-Stimmkarten_CSchnaubelt.jpg\" data-thumbnail=\"https:\/\/www.dpsg-ulm.de\/wordpress\/wp-content\/gallery\/spatzenweiher\/thumbs\/thumbs_Versammlung_Haende-Stimmkarten_CSchnaubelt.jpg\" data-title=\" \" data-description=\" \"><img loading=\"lazy\" decoding=\"async\" class=\"ngg-singlepic ngg-right\" src=\"https:\/\/www.dpsg-ulm.de\/wordpress\/wp-content\/gallery\/spatzenweiher\/thumbs\/thumbs_Versammlung_Haende-Stimmkarten_CSchnaubelt.jpg\" alt=\"Auf dem Bild werden gelbe Abstimmungskarten mit dem DPSG Logo hochgehoben, dahinter unscharf das Banner der DPSG (rotes Kreuz auf wei\u00dfen Grund, oben links die DPSG-Lilie in blau) \" width=\"240\" height=\"160\"><\/a><p class=\"wp-caption-text\">Foto: Christian Schnaubelt | DPSG<\/p><\/div>\r\n\r\nDie diesj\u00e4hrige Stammesversammlung finder am\r\n\r\n<strong>Sonntag, dem 23. November 2025 um 15:00 Uhr im Fort Albeck <\/strong>statt.\r\nDie offizielle Einladung mit vorl\u00e4ufiger Tagesordnung ist in unserer <a href=\"https:\/\/www.dpsg-ulm.de\/wordpress\/downloads\/\">Downloadecke<\/a> abrufbar.\r\n\r\nWir freuen uns auf zahlreiches Erscheinen!\r\n<br \/>\r\n<h2>Auf ins neue Pfadijahr!<\/h2>\r\nWir hoffen, ihr hattet alle einen sch\u00f6nen Sommer, konntet euch vom Schulalltag erholen und die Seele inklusiv Beine baumeln lassen.\r\n\r\nMit Beginn des neuen Schuljahres starten auch wir wieder durch; viele Aktionen warten auf euch! Insbesondere in 2026 wirft ein Gro\u00dfereignis seine Schatten voraus, denn genau 1976 &#8211; vor 50 Jahren &#8211; gr\u00fcndete Manfred Wacker (\u201emawa\u201c, 1932 \u2013 2012) &#8211; unseren Stamm. Das wird gefeiert!\r\n\r\nAlle Termine k\u00f6nnt ihr unserem &#8222;Scoutnet-Kalender&#8220; entnehmen; zus\u00e4tzlich findet ihr eine praktische Zusammenfassung zum Ausdrucken in unserer <a href=\"https:\/\/www.dpsg-ulm.de\/wordpress\/downloads\/\">Download-Ecke<\/a>.&nbsp;\r\n\r\n<br \/>\r\n\r\n<div style=\"width: 122px\" class=\"wp-caption alignleft\"><a class=\"ngg-fancybox\" title=\" \" href=\"https:\/\/www.dpsg-ulm.de\/wordpress\/wp-content\/gallery\/scoutland_yard-2025\/1000003489.jpg\" target=\"_blank\" rel=\"noopener\" data-image-id=\"656\" data-src=\"https:\/\/www.dpsg-ulm.de\/wordpress\/wp-content\/gallery\/scoutland_yard-2025\/1000003489.jpg\" data-thumbnail=\"https:\/\/www.dpsg-ulm.de\/wordpress\/wp-content\/gallery\/scoutland_yard-2025\/thumbs\/thumbs_1000003489.jpg\" data-title=\"1000003489\" data-description=\" \"><img loading=\"lazy\" decoding=\"async\" class=\"ngg-singlepic ngg-none\" src=\"https:\/\/www.dpsg-ulm.de\/wordpress\/wp-content\/gallery\/scoutland_yard-2025\/1000003489.jpg\" alt=\"\" width=\"112\" height=\"199\"><\/a><p class=\"wp-caption-text\">Foto: Simon Berlec | DPSG Stamm Saint-Exup\u00e9ry Ulm<\/p><\/div>\r\n<h2 style=\"text-align: left;\" align=\"center\">Scoutland Yard &#8211; oder das R\u00e4tsel um &#8222;Mr.X&#8220;&nbsp;<\/h2>\r\n<p style=\"text-align: left;\" align=\"center\">Das diesj\u00e4hrige Stammeslager an Pfingsten stand unter dem Motto &#8222;Scoutland Yard&#8220;.\r\nUnser sch\u00f6ner Spatzenweiher wurde zum Schauplatz \u00fcbler Erpressung und Sabotage.\r\nDer ber\u00fcchtigte Mr. X drohte, die geplante Versprechensfeier platzen zu lassen, indem er (oder sie?) ank\u00fcndigte, die Abzeichen und Smores zu stehlen.\r\nRund 20 unerschrockene und gewiefte Detektive nahmen den Fall und die Verfolgung auf.\r\nIhre Detektivausbildung bereitete sie auf die Entwicklung eines &#8222;siebten Sinns&#8220;, das Entziffern verschiedener Geheimschriften, das Entsch\u00e4rfen von Bomben, die Kunst des Observierens und Verh\u00f6rens vor.\r\nDurch die herausragende Zusammenarbeit von Scoutland Yard gelang es schlie\u00dflich, Mr. X zu entlarven und somit das Fest zu retten.\r\nZum Abk\u00fchlen der rauchenden K\u00f6pfe lud der Weiher zwischendurch immer wieder zum Baden und Bootfahren ein.\r\nWir freuen uns, dass auch dieses Jahr einige neue Kinder ihr Pfadfinder-Versprechen abgelegt haben. Als besonderes Highlight gab es sogar ein Leiterversprechen.<\/p>\r\n<p style=\"text-align: left;\" align=\"center\">F\u00fcr die W\u00f6lflingsleitung: Silvia Heu<\/p>\r\n<p style=\"text-align: left;\" align=\"center\">Ausgew\u00e4hlte Fotos vom Lager findet iht in der <a href=\"https:\/\/www.dpsg-ulm.de\/wordpress\/fotos-2025\/\">Galerie<\/a>!<\/p>\r\n\r\n<h2 style=\"text-align: left;\" align=\"center\">Pfingstlager 2025<\/h2>\r\nUnser diesj\u00e4hriges Stammeslager in der Zeit vom <strong>07. bis 11. Juni 2025 (f\u00fcr die W\u00f6lflingsstufe)<\/strong> bzw. <strong>14. Juni 2025 (f\u00fcr die Jungpfadfinderstufe)<\/strong> steht unter dem Motto\r\n\u201e<strong>Scoutland Yard<\/strong>\u201c!\r\n\r\nGemeinsam st\u00fcrzen wir uns in einen Kriminalfall, ermitteln wie richtige Detektive und\r\nverfolgen jede Spur, um den Fall zu l\u00f6sen. Details gibt es nat\u00fcrlich nur mit der n\u00f6tigen\r\nSicherheitsfreigabe in unserem Hauptquartier.\r\n\r\nDie Anmeldung steht ab Sofort in unserer <a href=\"https:\/\/www.dpsg-ulm.de\/wordpress\/downloads\/\">Downloadecke<\/a> bereit.\r\n\r\n<br \/><br \/>\r\nOsterfeuer 2025\r\n\r\nSo, hier ist nun endlich der erste Eintrag in 2025. Bedingt durch viele interne Absprachen und Krankheitsausf\u00e4llen lie\u00df die Homepage mit Neuigkeiten etwas warten.\r\n\r\nDoch wir starten direkt mit einem Video durch &#8211; denn vergangenen Samstag (19. April 2025) fand die allj\u00e4hrliche Entz\u00fcndung und Segnung des Osterfeuers statt. Pfarrer Dr. Michael Estler zelebrierte dieses besinnliche Ereignis in bew\u00e4hrter Tradition.\r\n<br \/>\r\n<iframe loading=\"lazy\" title=\"YouTube video player\" src=\"https:\/\/www.youtube.com\/embed\/j_eAa0vLKuI?si=crv_q-8ZaSoKrUVL\" width=\"560\" height=\"315\" frameborder=\"0\" allowfullscreen=\"allowfullscreen\"><\/iframe>\r\n&nbsp;\r\n\r\n&nbsp;\r\n\r\n&nbsp;\r\n\r\n<!-- \/wp:post-content -->","protected":false},"excerpt":{"rendered":"<p>Elternabend am 26. M\u00e4rz 2026 Sowohl f\u00fcr Eltern, deren Kinder neu im Stamm, als auch f\u00fcr diejenigen die bereits l\u00e4nger dabei sind, findet am Donnerstag, den 26. M\u00e4rz 2026 um 18:00 Uhr ein Elternabend im Fort Albeck statt.&nbsp; In unserer Downloadecke findet ihr die offizielle Einladung sowie eine schriftliche Zusammenfassung dazu. In Gedenken V\u00f6llig unerwartet&#8230;<\/p>\n","protected":false},"author":3,"featured_media":237,"parent":0,"menu_order":0,"comment_status":"closed","ping_status":"closed","template":"","meta":{"ngg_post_thumbnail":0,"footnotes":""},"class_list":["post-115","page","type-page","status-publish","has-post-thumbnail","hentry"],"_links":{"self":[{"href":"https:\/\/www.dpsg-ulm.de\/wordpress\/wp-json\/wp\/v2\/pages\/115","targetHints":{"allow":["GET"]}}],"collection":[{"href":"https:\/\/www.dpsg-ulm.de\/wordpress\/wp-json\/wp\/v2\/pages"}],"about":[{"href":"https:\/\/www.dpsg-ulm.de\/wordpress\/wp-json\/wp\/v2\/types\/page"}],"author":[{"embeddable":true,"href":"https:\/\/www.dpsg-ulm.de\/wordpress\/wp-json\/wp\/v2\/users\/3"}],"replies":[{"embeddable":true,"href":"https:\/\/www.dpsg-ulm.de\/wordpress\/wp-json\/wp\/v2\/comments?post=115"}],"version-history":[{"count":261,"href":"https:\/\/www.dpsg-ulm.de\/wordpress\/wp-json\/wp\/v2\/pages\/115\/revisions"}],"predecessor-version":[{"id":4792,"href":"https:\/\/www.dpsg-ulm.de\/wordpress\/wp-json\/wp\/v2\/pages\/115\/revisions\/4792"}],"wp:featuredmedia":[{"embeddable":true,"href":"https:\/\/www.dpsg-ulm.de\/wordpress\/wp-json\/wp\/v2\/media\/237"}],"wp:attachment":[{"href":"https:\/\/www.dpsg-ulm.de\/wordpress\/wp-json\/wp\/v2\/media?parent=115"}],"curies":[{"name":"wp","href":"https:\/\/api.w.org\/{rel}","templated":true}]}}